{"id":451,"date":"2012-01-24T13:52:26","date_gmt":"2012-01-24T12:52:26","guid":{"rendered":"http:\/\/capv2012.pedf.cuni.cz\/?page_id=16"},"modified":"2015-05-07T13:33:17","modified_gmt":"2015-05-07T11:33:17","slug":"metodologicky-seminar","status":"publish","type":"page","link":"https:\/\/pages.pedf.cuni.cz\/capv2012\/metodologicky-seminar\/","title":{"rendered":"Metodologick\u00fd semin\u00e1\u0159"},"content":{"rendered":"<p>V\u00e1\u017een\u00e9 kolegyn\u011b a kolegov\u00e9,<\/p>\n<p>stalo se ji\u017e tradic\u00ed, \u017ee na konferenc\u00edch \u010cAPV jsou po\u0159\u00e1d\u00e1ny metodologick\u00e9 semin\u00e1\u0159e.\u00a0 Zpravidla byly ozna\u010dov\u00e1ny za semin\u00e1\u0159e pro doktorandy. Pro XX. konferenci \u010cAPV jsme se rozhodli zam\u011b\u0159it metodologick\u00e9 semin\u00e1\u0159e na anal\u00fdzy dat (kvantitativn\u00ed i kvalitativn\u00ed),\u00a0 a to p\u0159edev\u0161\u00edm s\u00a0d\u016frazem na praktickou str\u00e1nku anal\u00fdz.\u00a0 Semin\u00e1\u0159e mohou b\u00fdt p\u0159\u00ednosn\u00e9 jak doktorand\u016fm, tak i ostatn\u00edm akademick\u00fdm a v\u011bdeck\u00fdm pracovn\u00edk\u016fm. Nejsou tedy vyhrazeny pouze pro z\u00e1jemce z\u00a0\u0159ad doktorand\u016f.<\/p>\n<p>Semin\u00e1\u0159e budou organizov\u00e1ny ve\u00a0dvou paraleln\u00edch bloc\u00edch 12. z\u00e1\u0159\u00ed 2012 od 9,00 do 12,30 hod. na PedF UK v\u00a0Praze (m\u00edsto bude up\u0159esn\u011bno). Ka\u017ed\u00fd se tedy m\u016f\u017ee z\u00fa\u010dastnit pouze jednoho z\u00a0nab\u00edzen\u00fdch semin\u00e1\u0159\u016f. <strong>Kvalitativn\u011b zam\u011b\u0159en\u00fd semin\u00e1\u0159<\/strong> povede <a href=\"http:\/\/capv2012.pedf.cuni.cz\/wp-content\/uploads\/2012\/02\/Miovsky_anotace_zari_1.pdf\" target=\"_blank\">M. Miovsk\u00fd (anotace)<\/a>, <strong>kvantitativn\u011b zam\u011b\u0159en\u00fd semin\u00e1\u0159<\/strong> je v\u011bnovan\u00fd pou\u017eit\u00ed faktorov\u00e9 anal\u00fdzy v\u00a0pedagogick\u00e9m v\u00fdzkumu a povedou jej spole\u010dn\u011b <a href=\"http:\/\/capv2012.pedf.cuni.cz\/wp-content\/uploads\/2012\/03\/CAPV_seminar_FA.pdf\">M. Chv\u00e1l, D. Greger a H. Vo\u0148kov\u00e1 (anotace)<\/a>. Kapacita kvantitativn\u011b zam\u011b\u0159en\u00e9ho semin\u00e1\u0159e je omezena na 20 \u00fa\u010dastn\u00edk\u016f a d\u016fraz bude kladen na praktick\u00e9 anal\u00fdzy s\u00a0vyu\u017eit\u00edm software SPSS.<\/p>\n<p><a href=\"http:\/\/capv2012.pedf.cuni.cz\/?page_id=84\">P\u0159ihla\u0161ov\u00e1n\u00ed na semin\u00e1\u0159 <\/a>je nez\u00e1visl\u00e9 na p\u0159ihl\u00e1\u0161ce na konferenci (lze se tak z\u00fa\u010dastnit i pouze metodologick\u00e9ho semin\u00e1\u0159e) a je zpoplatn\u011bno \u010d\u00e1stkou 400 K\u010d. V\u0161ichni \u00fa\u010dastn\u00edci semin\u00e1\u0159e z\u00edskaj\u00ed na z\u00e1v\u011br kurzu osv\u011bd\u010den\u00ed.<\/p>\n<p>Za p\u0159\u00edpravn\u00fd v\u00fdbor konference V\u00e1s zvu k\u00a0\u00fa\u010dasti na n\u011bkter\u00e9m ze semin\u00e1\u0159\u016f.<\/p>\n<p>David Greger<\/p>\n","protected":false},"excerpt":{"rendered":"<p>V\u00e1\u017een\u00e9 kolegyn\u011b a kolegov\u00e9, stalo se ji\u017e tradic\u00ed, \u017ee na konferenc\u00edch \u010cAPV jsou po\u0159\u00e1d\u00e1ny metodologick\u00e9 semin\u00e1\u0159e.\u00a0 Zpravidla byly ozna\u010dov\u00e1ny za semin\u00e1\u0159e pro doktorandy. Pro XX. konferenci \u010cAPV jsme se rozhodli zam\u011b\u0159it metodologick\u00e9 semin\u00e1\u0159e na anal\u00fdzy dat (kvantitativn\u00ed i kvalitativn\u00ed),\u00a0 a to p\u0159edev\u0161\u00edm s\u00a0d\u016frazem na praktickou str\u00e1nku anal\u00fdz.\u00a0 Semin\u00e1\u0159e mohou b\u00fdt p\u0159\u00ednosn\u00e9 jak doktorand\u016fm, tak i &hellip; <a href=\"https:\/\/pages.pedf.cuni.cz\/capv2012\/metodologicky-seminar\/\">Continue reading <span class=\"meta-nav\">&rarr;<\/span><\/a><\/p>\n","protected":false},"author":35,"featured_media":0,"parent":0,"menu_order":0,"comment_status":"closed","ping_status":"closed","template":"","meta":{"footnotes":""},"class_list":["post-451","page","type-page","status-publish","hentry"],"_links":{"self":[{"href":"https:\/\/pages.pedf.cuni.cz\/capv2012\/wp-json\/wp\/v2\/pages\/451","targetHints":{"allow":["GET"]}}],"collection":[{"href":"https:\/\/pages.pedf.cuni.cz\/capv2012\/wp-json\/wp\/v2\/pages"}],"about":[{"href":"https:\/\/pages.pedf.cuni.cz\/capv2012\/wp-json\/wp\/v2\/types\/page"}],"author":[{"embeddable":true,"href":"https:\/\/pages.pedf.cuni.cz\/capv2012\/wp-json\/wp\/v2\/users\/35"}],"replies":[{"embeddable":true,"href":"https:\/\/pages.pedf.cuni.cz\/capv2012\/wp-json\/wp\/v2\/comments?post=451"}],"version-history":[{"count":0,"href":"https:\/\/pages.pedf.cuni.cz\/capv2012\/wp-json\/wp\/v2\/pages\/451\/revisions"}],"wp:attachment":[{"href":"https:\/\/pages.pedf.cuni.cz\/capv2012\/wp-json\/wp\/v2\/media?parent=451"}],"curies":[{"name":"wp","href":"https:\/\/api.w.org\/{rel}","templated":true}]}}