{"id":1875,"date":"2021-03-12T10:19:15","date_gmt":"2021-03-12T09:19:15","guid":{"rendered":"http:\/\/pages.pedf.cuni.cz\/gramotnost\/?page_id=1875"},"modified":"2023-05-25T11:33:18","modified_gmt":"2023-05-25T09:33:18","slug":"archiv","status":"publish","type":"page","link":"https:\/\/pages.pedf.cuni.cz\/gramotnost\/archiv\/","title":{"rendered":"ARCHIV"},"content":{"rendered":"<p><span style=\"color: #339966\"><strong>3\/2022 <\/strong><\/span><br \/>\n<span style=\"color: #339966\"><strong>University Counseling \u2013\u2060 Current Challenges and Trends<\/strong><\/span><br \/>\n<em>Edito\u0159i: Anna Kucharsk\u00e1, Monika Kadrno\u017ekov\u00e1<\/em><br \/>\nCel\u00e9 \u010d\u00edslo naleznete<a href=\"https:\/\/pages.pedf.cuni.cz\/gramotnost\/files\/2023\/05\/Gramotnost_03_2022_FINAL.pdf\"><strong><span style=\"color: #339966\"> zde<\/span><\/strong><\/a><\/p>\n<p><span style=\"color: #339966\"><strong>2\/2022<\/strong><\/span><br \/>\n<em>Edito\u0159i: Anna Kucharsk\u00e1, Monika Kadrno\u017ekov\u00e1<\/em><br \/>\n<span style=\"color: #339966\"><span style=\"color: #333333\">Cel\u00e9 \u010d\u00edslo naleznete<\/span><a href=\"https:\/\/pages.pedf.cuni.cz\/gramotnost\/files\/2022\/11\/Gramotnost_02_2022_FINAL4.pdf\"><strong><span style=\"color: #339966\"> zde<\/span><\/strong><\/a><\/span><\/p>\n<p><strong><span style=\"color: #339966\">1\/2022<\/span> <\/strong><br \/>\n<em>Edito\u0159i: Anna Kucharsk\u00e1, Monika Kadrno\u017ekov\u00e1<\/em><br \/>\nCel\u00e9 \u010d\u00edslo naleznete <span style=\"color: #339966\"><strong><a style=\"color: #339966\" href=\"https:\/\/pages.pedf.cuni.cz\/gramotnost\/files\/2022\/07\/Gramotnost_01_2022_Komplet.pdf\">zde<\/a><\/strong><\/span><\/p>\n<p><span style=\"color: #339966\"><strong>3\/2021 <\/strong><\/span><br \/>\n<span style=\"color: #339966\"><strong>Pohybov\u00e1 gramotnost a vzd\u011bl\u00e1v\u00e1n\u00ed<\/strong><\/span><br \/>\n<em>Edito\u0159i: So\u0148a Jandov\u00e1, Hana Dvo\u0159\u00e1kov\u00e1, Petr Vl\u010dek, Lenka Vojt\u00edkov\u00e1<\/em><br \/>\nCel\u00e9 \u010d\u00edslo naleznete <span style=\"color: #339966\"><strong><a style=\"color: #339966\" href=\"https:\/\/pages.pedf.cuni.cz\/gramotnost\/files\/2021\/12\/Gramotnost_03_2021_FINAL.pdf\">zde<\/a><\/strong><\/span><\/p>\n<p><span style=\"color: #339966\"><strong>2\/2021 <\/strong><\/span><br \/>\n<span style=\"color: #339966\"><strong>Pohybov\u00e1 gramotnost a vzd\u011bl\u00e1v\u00e1n\u00ed<\/strong><\/span><br \/>\n<em>Edito\u0159i: So\u0148a Jandov\u00e1, Hana Dvo\u0159\u00e1kov\u00e1, Petr Vl\u010dek, Lenka Vojt\u00edkov\u00e1<\/em><br \/>\nCel\u00e9 \u010d\u00edslo naleznete <span style=\"color: #339966\"><a style=\"color: #339966\" href=\"https:\/\/pages.pedf.cuni.cz\/gramotnost\/files\/2021\/12\/Gramotnost_02_2021-1.pdf\"><strong>zde<\/strong><\/a><\/span><\/p>\n<p><strong><span style=\"color: #339966\">1\/2021<\/span>\u00a0<\/strong><br \/>\n<em>Edito\u0159i: Anna Kucharsk\u00e1, Monika Kadrno\u017ekov\u00e1<\/em><br \/>\nCel\u00e9 \u010d\u00edslo naleznete <span style=\"color: #339966\"><strong><a style=\"color: #339966\" href=\"https:\/\/pages.pedf.cuni.cz\/gramotnost\/files\/2022\/01\/Gramotnost_01_2021_FINAL.pdf\">zde<\/a><\/strong><\/span><\/p>\n<p><strong><span style=\"color: #339966\">3\/2020<\/span><\/strong><br \/>\n<span style=\"color: #339966\"><strong>Development of literacy in music education and visual culture across all levels of education<\/strong><\/span><br \/>\n<em>Edito\u0159i: Michal Ned\u011blka, Marie Fulkov\u00e1<\/em><br \/>\nCel\u00e9 \u010d\u00edslo naleznete <a href=\"https:\/\/pages.pedf.cuni.cz\/gramotnost\/files\/2021\/06\/Gramotnost_03_2020_FINAL-1.pdf\"><span style=\"color: #339966\"><strong>zde<\/strong><\/span><\/a><\/p>\n<p><span style=\"color: #339966\"><strong>2<\/strong><strong>\/2020<\/strong><\/span><br \/>\n<em>Edito\u0159i:\u00a0 Anna Kucharsk\u00e1, Kl\u00e1ra \u0160pa\u010dkov\u00e1<\/em><br \/>\nCel\u00e9 \u010d\u00edslo naleznete <a href=\"https:\/\/pages.pedf.cuni.cz\/gramotnost\/files\/2021\/03\/Gramotnost_02_2020_FINAL.pdf\"><span style=\"color: #339966\"><em><strong>zde<\/strong><\/em><\/span><\/a><\/p>\n<p><span style=\"color: #339966\"><strong>1<\/strong><strong>\/2020<\/strong><\/span><br \/>\n<em>Edito\u0159i:\u00a0 Anna Kucharsk\u00e1, Monika Kadrno\u017ekov\u00e1<\/em><br \/>\nCel\u00e9 \u010d\u00edslo naleznete<span style=\"color: #339966\"><strong> <a style=\"color: #339966\" href=\"https:\/\/pages.pedf.cuni.cz\/gramotnost\/files\/2020\/10\/Gramotnost_01_2020_FINAL.pdf\"><em>zde<\/em><\/a><\/strong><\/span><\/p>\n<p><span style=\"color: #339966\"><strong>3<\/strong><strong>\/2019<\/strong><\/span><br \/>\n<em>Edito\u0159i:\u00a0 Kl\u00e1ra \u0160pa\u010dkov\u00e1, Monika Kadrno\u017ekov\u00e1<\/em><br \/>\nCel\u00e9 \u010d\u00edslo naleznete <strong><em><a href=\"https:\/\/pages.pedf.cuni.cz\/gramotnost\/files\/2020\/08\/Gramotnost_03_2019-3.pdf\"><span style=\"color: #008000\"><span style=\"color: #339966\">zde<\/span><\/span><\/a><\/em><\/strong><\/p>\n<p><span style=\"color: #339966\"><strong>2\/2019<\/strong><em><br \/>\n<\/em><strong>\u010cten\u00e1\u0159sk\u00e1, matematick\u00e1 a p\u0159\u00edrodov\u011bdn\u00e1 pregramotnost v p\u0159ed\u0161koln\u00edm vzd\u011bl\u00e1v\u00e1n\u00ed<\/strong><\/span><em><br \/>\nEdito\u0159i:\u00a0 Eva Ryb\u00e1rov\u00e1 a Radka Wildov\u00e1<br \/>\nCel\u00e9 \u010d\u00edslo naleznete <\/em><a href=\"https:\/\/pages.pedf.cuni.cz\/gramotnost\/files\/2019\/10\/Gramotnost_02_2019_FINAL.pdf\"><strong><em><span style=\"color: #008000\"><span style=\"color: #339966\">zde<\/span><\/span><\/em><\/strong><\/a><\/p>\n<p><span style=\"color: #339966\"><strong>1\/2019<\/strong><em><br \/>\n<\/em><strong>\u0160koln\u00ed vzd\u011bl\u00e1v\u00e1n\u00ed, rodinn\u00e9 vlivy a jejich vztah ke gramotnosti<\/strong><\/span><em><br \/>\nEdito\u0159i:\u00a0 Pavla Presslerov\u00e1 a Hana Sot\u00e1kov\u00e1<br \/>\nCel\u00e9 \u010d\u00edslo naleznete <\/em><a href=\"https:\/\/pages.pedf.cuni.cz\/gramotnost\/files\/2019\/07\/Gramotnost_01_2019_FINAL2.pdf\"><strong><em><span style=\"color: #008000\"><span style=\"color: #339966\">zde<\/span><\/span><\/em><\/strong><\/a><\/p>\n<p><span style=\"color: #339966\"><strong>3<\/strong><strong>\/2018<\/strong><\/span><br \/>\n<em>Edito\u0159i:\u00a0 Kl\u00e1ra \u0160pa\u010dkov\u00e1<\/em><br \/>\nCel\u00e9 \u010d\u00edslo naleznete <strong><em><a href=\"https:\/\/pages.pedf.cuni.cz\/gramotnost\/files\/2019\/06\/Gramotnost_03_2018_FINAL2-1.pdf\"><span style=\"color: #008000\"><span style=\"color: #339966\">zde<\/span><\/span><\/a><\/em><\/strong><\/p>\n<p><span style=\"color: #339966\"><strong>2\/2018<\/strong><em><br \/>\n<\/em><strong>Rozvoj p\u0159\u00edrodov\u011bdn\u00e9, matematick\u00e9 a informa\u010dn\u00ed gramotnosti v podm\u00ednk\u00e1ch sou\u010dasn\u00e9ho \u0161kolstv\u00ed<\/strong><\/span><em><br \/>\nEdito\u0159i:\u00a0 Irena Bud\u00ednov\u00e1, Pavl\u00edna Maz\u00e1\u010dov\u00e1, Lenka Pavlasov\u00e1, Martin Rusek<br \/>\nCel\u00e9 \u010d\u00edslo naleznete <\/em><a href=\"https:\/\/pages.pedf.cuni.cz\/gramotnost\/files\/2019\/02\/Gramotnost_02_2018.pdf\"><strong><em><span style=\"color: #008000\"><span style=\"color: #339966\">zde<\/span><\/span><\/em><\/strong><\/a><\/p>\n<p><span style=\"color: #339966\"><strong>1<\/strong><strong>\/2018<\/strong><\/span><br \/>\n<em>Edito\u0159i:\u00a0 Anna Kucharsk\u00e1, Monika Kadrno\u017ekov\u00e1<\/em><br \/>\nCel\u00e9 \u010d\u00edslo naleznete <strong><em><a href=\"https:\/\/pages.pedf.cuni.cz\/gramotnost\/files\/2018\/11\/Gramotnost_01_2018_FINAL_el4.pdf\"><span style=\"color: #008000\"><span style=\"color: #339966\">zde<\/span><\/span><\/a><\/em><\/strong><\/p>\n<p><span style=\"color: #339966\"><strong>3\/2017<\/strong><\/span><br \/>\n<span style=\"color: #339966\"><strong>Special Issue call for abstracts \u201cRelationship of Spoken Language Skills and\u00a0 Literacy Acquisition\u201d<\/strong><\/span><br \/>\n<em>Edito\u0159i:\u00a0 Seidlov\u00e1 M\u00e1lkov\u00e1 Gabriela, \u0160pa\u010dkov\u00e1 Kl\u00e1ra<\/em><br \/>\nCel\u00e9 \u010d\u00edslo naleznete <strong><em><a href=\"https:\/\/pages.pedf.cuni.cz\/gramotnost\/files\/2018\/06\/Gramotnost_03_FINAL.pdf\"><span style=\"color: #008000\"><span style=\"color: #339966\">zde<\/span><\/span><\/a><\/em><\/strong><\/p>\n<p><span style=\"color: #339966\"><strong>2\/2017<\/strong><\/span><br \/>\n<em>Editor: Anna Kucharsk\u00e1<\/em><br \/>\nCel\u00e9 \u010d\u00edslo naleznete\u00a0 <a href=\"https:\/\/pages.pedf.cuni.cz\/gramotnost\/files\/2017\/05\/Gramotnost_pregramotnost_a_vzd%c4%9bl%c3%a1v%c3%a1n%c3%ad_2_2017.pdf\"><strong><em><span style=\"color: #008000\"><span style=\"color: #339966\">zde<\/span><\/span><\/em><\/strong><\/a><\/p>\n<p><span style=\"color: #339966\"><strong>1\/2017<\/strong><\/span><br \/>\n<span style=\"color: #339966\"><b>Po\u010d\u00e1te\u010dn\u00ed \u010cten\u00ed: \u010ctu a st\u00e1v\u00e1m se \u010dten\u00e1\u0159em (cesty propojen\u00ed v\u00fdzkumu a praxe)<\/b><\/span><br \/>\n<em>Edito\u0159i: Anna Kucharsk\u00e1, Radka Wildov\u00e1, Kl\u00e1ra \u0160pa\u010dkov\u00e1<\/em><br \/>\nCel\u00e9 \u010d\u00edslo naleznete<strong><em> <a href=\"https:\/\/pages.pedf.cuni.cz\/gramotnost\/files\/2017\/01\/Gramotnost_01_FINAL_komplet.pdf\"><span style=\"color: #008000\"><span style=\"color: #339966\">zde<\/span><\/span><\/a><\/em><\/strong><\/p>\n","protected":false},"excerpt":{"rendered":"<p>3\/2022 University Counseling \u2013\u2060 Current Challenges and Trends Edito\u0159i: Anna Kucharsk\u00e1, Monika Kadrno\u017ekov\u00e1 Cel\u00e9 \u010d\u00edslo naleznete zde 2\/2022 Edito\u0159i: Anna Kucharsk\u00e1, Monika Kadrno\u017ekov\u00e1 Cel\u00e9 \u010d\u00edslo naleznete zde 1\/2022 Edito\u0159i: Anna Kucharsk\u00e1, Monika Kadrno\u017ekov\u00e1 Cel\u00e9 \u010d\u00edslo naleznete zde 3\/2021 Pohybov\u00e1 gramotnost a vzd\u011bl\u00e1v\u00e1n\u00ed Edito\u0159i: So\u0148a Jandov\u00e1, Hana Dvo\u0159\u00e1kov\u00e1, Petr Vl\u010dek, Lenka Vojt\u00edkov\u00e1 Cel\u00e9 \u010d\u00edslo naleznete zde\u2026 <span class=\"read-more\"><a href=\"https:\/\/pages.pedf.cuni.cz\/gramotnost\/archiv\/\">Read More &raquo;<\/a><\/span><\/p>\n","protected":false},"author":1,"featured_media":0,"parent":0,"menu_order":0,"comment_status":"closed","ping_status":"closed","template":"","meta":{"footnotes":""},"class_list":["post-1875","page","type-page","status-publish","hentry"],"_links":{"self":[{"href":"https:\/\/pages.pedf.cuni.cz\/gramotnost\/wp-json\/wp\/v2\/pages\/1875","targetHints":{"allow":["GET"]}}],"collection":[{"href":"https:\/\/pages.pedf.cuni.cz\/gramotnost\/wp-json\/wp\/v2\/pages"}],"about":[{"href":"https:\/\/pages.pedf.cuni.cz\/gramotnost\/wp-json\/wp\/v2\/types\/page"}],"author":[{"embeddable":true,"href":"https:\/\/pages.pedf.cuni.cz\/gramotnost\/wp-json\/wp\/v2\/users\/1"}],"replies":[{"embeddable":true,"href":"https:\/\/pages.pedf.cuni.cz\/gramotnost\/wp-json\/wp\/v2\/comments?post=1875"}],"version-history":[{"count":27,"href":"https:\/\/pages.pedf.cuni.cz\/gramotnost\/wp-json\/wp\/v2\/pages\/1875\/revisions"}],"predecessor-version":[{"id":2961,"href":"https:\/\/pages.pedf.cuni.cz\/gramotnost\/wp-json\/wp\/v2\/pages\/1875\/revisions\/2961"}],"wp:attachment":[{"href":"https:\/\/pages.pedf.cuni.cz\/gramotnost\/wp-json\/wp\/v2\/media?parent=1875"}],"curies":[{"name":"wp","href":"https:\/\/api.w.org\/{rel}","templated":true}]}}