{"id":127,"date":"2015-03-06T17:09:18","date_gmt":"2015-03-06T16:09:18","guid":{"rendered":"http:\/\/pages.pedf.cuni.cz\/kddd\/?page_id=127"},"modified":"2021-02-02T10:29:40","modified_gmt":"2021-02-02T09:29:40","slug":"archiv","status":"publish","type":"page","link":"https:\/\/pages.pedf.cuni.cz\/kddd\/studenti\/volitelne-kurzy\/archiv\/","title":{"rendered":"Archiv"},"content":{"rendered":"<h3>Voliteln\u00e9 kurzy jsou zde archivov\u00e1ny od roku 2014. Star\u0161\u00ed p\u0159edn\u00e1\u0161ky naleznete ve sborn\u00edku Prvn\u00ed desetilet\u00ed\u00a0 Katedry d\u011bjin a d\u011bjepisu.<\/h3>\n<p>Nyn\u00ed jsou ve\u0161ker\u00e9 voliteln\u00e9 kurzy inzerov\u00e1ny pouze v SISu.<\/p>\n<h3><\/h3>\n<h2><span style=\"text-decoration: underline\"><strong>Letn\u00ed semestr 2019\/2020<\/strong><\/span><\/h2>\n<hr \/>\n<headtwo><div id=\"vypis\"><div class=\"nazev\"><a href=\"https:\/\/pages.pedf.cuni.cz\/kddd\/event\/ceska-slechta-v-ranem-novoveku\/\">\u010cesk\u00e1 \u0161lechta v ran\u00e9m novov\u011bku<\/a><\/div><\/headtwo><div class=\"typ\"><strong>Ur\u010deno pro: <\/strong>Bc.<\/div><div class=\"vedouci\"><strong>Vedouc\u00ed: <\/strong>J. M. Havl\u00edk<\/div><br><div class=\"sis_kod\"><strong>K\u00f3d SIS: <\/strong>OPBD2D137B<\/div><div class=\"sis_popis\"><strong>Popis SIS: <\/strong>V\u00fdb\u011brov\u00fd kurz II B<\/div><br><hr><headtwo><div id=\"vypis\"><div class=\"nazev\"><a href=\"https:\/\/pages.pedf.cuni.cz\/kddd\/event\/obrazy-starsich-ceskych-dejin-ve-filmu\/\">LS 2020: Obrazy star\u0161\u00edch \u010desk\u00fdch d\u011bjin ve filmu<\/a><\/div><\/headtwo><div class=\"typ\"><strong>Ur\u010deno pro: <\/strong>Bc.<\/div><div class=\"vedouci\"><strong>Vedouc\u00ed: <\/strong>H. Chalupov\u00e1<\/div><br><div class=\"sis_kod\"><strong>K\u00f3d SIS: <\/strong>OPBD2D121B<\/div><div class=\"sis_popis\"><strong>Popis SIS: <\/strong>V\u00fdb\u011brov\u00fd semin\u00e1\u0159 I D<\/div><br><hr><headtwo><div id=\"vypis\"><div class=\"nazev\"><a href=\"https:\/\/pages.pedf.cuni.cz\/kddd\/event\/film-ve-vyuce-dejepisu-ii-2\/\">Film ve v\u00fduce d\u011bjepisu II.<\/a><\/div><\/headtwo><div class=\"typ\"><strong>Ur\u010deno pro: <\/strong>NMgr.<\/div><div class=\"vedouci\"><strong>Vedouc\u00ed: <\/strong>J. Pinkas<\/div><br><div class=\"sis_kod\"><strong>K\u00f3d SIS: <\/strong>OPND2D117B<\/div><div class=\"sis_popis\"><strong>Popis SIS: <\/strong>Specializa\u010dn\u00ed didaktick\u00fd kurz II A <\/div><br><hr><headtwo><div id=\"vypis\"><div class=\"nazev\"><a href=\"https:\/\/pages.pedf.cuni.cz\/kddd\/event\/zlata-sedesata-2\/\">Zlat\u00e1 \u0161edes\u00e1t\u00e1.<\/a><\/div><\/headtwo><div class=\"typ\"><strong>Ur\u010deno pro: <\/strong>Bc.<\/div><div class=\"vedouci\"><strong>Vedouc\u00ed: <\/strong>P. Koura<\/div><br><div class=\"sis_kod\"><strong>K\u00f3d SIS: <\/strong>OPBD2D120B<\/div><div class=\"sis_popis\"><strong>Popis SIS: <\/strong>V\u00fdb\u011brov\u00fd semin\u00e1\u0159 I C<\/div><br><hr><headtwo><div id=\"vypis\"><div class=\"nazev\"><a href=\"https:\/\/pages.pedf.cuni.cz\/kddd\/event\/diskurzy-bible\/\">Diskurzy Bible<\/a><\/div><\/headtwo><div class=\"typ\"><strong>Ur\u010deno pro: <\/strong>Bc.<\/div><div class=\"vedouci\"><strong>Vedouc\u00ed: <\/strong>P. Sl\u00e1ma<\/div><br><div class=\"sis_kod\"><strong>K\u00f3d SIS: <\/strong>OPBD2D138B<\/div><div class=\"sis_popis\"><strong>Popis SIS: <\/strong>V\u00fdb\u011brov\u00fd kurz II C<\/div><br><hr><headtwo><div id=\"vypis\"><div class=\"nazev\"><a href=\"https:\/\/pages.pedf.cuni.cz\/kddd\/event\/velka-valka-krehky-mir\/\">Velk\u00e1 v\u00e1lka \u2013 k\u0159ehk\u00fd m\u00edr<\/a><\/div><\/headtwo><div class=\"typ\"><strong>Ur\u010deno pro: <\/strong>Bc.<\/div><div class=\"vedouci\"><strong>Vedouc\u00ed: <\/strong>J. Pokorn\u00fd<\/div><br><div class=\"sis_kod\"><strong>K\u00f3d SIS: <\/strong>OPBD2D119B<\/div><div class=\"sis_popis\"><strong>Popis SIS: <\/strong>V\u00fdb\u011brov\u00fd semin\u00e1\u0159 I B <\/div><br><hr><headtwo><div id=\"vypis\"><div class=\"nazev\"><a href=\"https:\/\/pages.pedf.cuni.cz\/kddd\/event\/ceskoslovenska-kulturni-levice-jeji-osobnosti-vyvoj-a-rozpory\/\">\u010ceskoslovensk\u00e1 kulturn\u00ed levice-jej\u00ed osobnosti, v\u00fdvoj a rozpory<\/a><\/div><\/headtwo><div class=\"typ\"><strong>Ur\u010deno pro: <\/strong>Bc.<\/div><div class=\"vedouci\"><strong>Vedouc\u00ed: <\/strong>V. \u010curda<\/div><br><div class=\"sis_kod\"><strong>K\u00f3d SIS: <\/strong>OPBD2D136B<\/div><div class=\"sis_popis\"><strong>Popis SIS: <\/strong>V\u00fdb\u011brov\u00fd kurz II A <\/div><br><hr><headtwo><div id=\"vypis\"><div class=\"nazev\"><a href=\"https:\/\/pages.pedf.cuni.cz\/kddd\/event\/anticka-mytologie-2\/\">Antick\u00e1 mytologie<\/a><\/div><\/headtwo><div class=\"typ\"><strong>Ur\u010deno pro: <\/strong>Bc.<\/div><div class=\"vedouci\"><strong>Vedouc\u00ed: <\/strong>J. Kepartov\u00e1<\/div><br><div class=\"sis_kod\"><strong>K\u00f3d SIS: <\/strong>OPBD2D132B<\/div><div class=\"sis_popis\"><strong>Popis SIS: <\/strong>V\u00fdb\u011brov\u00fd kurz I A<\/div><br><hr>\n<h2><span style=\"text-decoration: underline\"><strong>Zimn\u00ed semestr 2019\/2020<\/strong><\/span><\/h2>\n<hr \/>\n<headtwo><div id=\"vypis\"><div class=\"nazev\"><a href=\"https:\/\/pages.pedf.cuni.cz\/kddd\/event\/dejiny-ceske-resp-ceskoslovenske-hospodarske-spravy-v-obdobi-modernich-dejin-2\/\">ZS 2019\/20: D\u011bjiny \u010desk\u00e9 resp. \u010deskoslovensk\u00e9 hospod\u00e1\u0159sk\u00e9 spr\u00e1vy v obdob\u00ed modern\u00edch d\u011bjin<\/a><\/div><\/headtwo><div class=\"typ\"><strong>Ur\u010deno pro: <\/strong>Bc. + NMgr.<\/div><div class=\"vedouci\"><strong>Vedouc\u00ed: <\/strong>B. Brom<\/div><br><div class=\"sis_kod\"><strong>K\u00f3d SIS: <\/strong>OPBD2D133B, OB2305127, ON2305402<\/div><div class=\"sis_popis\"><strong>Popis SIS: <\/strong>V\u00fdb\u011brov\u00fd kurz I B, V\u00fdb\u011brov\u00e1 p\u0159edn\u00e1\u0161ka B  <\/div><br><hr><headtwo><div id=\"vypis\"><div class=\"nazev\"><a href=\"https:\/\/pages.pedf.cuni.cz\/kddd\/event\/biskupstvi-v-ceskych-zemich-za-vlady-poslednich-premyslovcu-2\/\">Biskupstv\u00ed v \u010desk\u00fdch zem\u00edch za vl\u00e1dy posledn\u00edch P\u0159emyslovc\u016f<\/a><\/div><\/headtwo><div class=\"typ\"><strong>Ur\u010deno pro: <\/strong>Bc. + NMgr.<\/div><div class=\"vedouci\"><strong>Vedouc\u00ed: <\/strong>G. Dykastov\u00e1<\/div><br><div class=\"sis_kod\"><strong>K\u00f3d SIS: <\/strong>OPBD2D132B, ON2305401<\/div><div class=\"sis_popis\"><strong>Popis SIS: <\/strong>V\u00fdb\u011brov\u00fd kurz I A, V\u00fdb\u011brov\u00e1 p\u0159edn\u00e1\u0161ka A<\/div><br><hr><headtwo><div id=\"vypis\"><div class=\"nazev\"><a href=\"https:\/\/pages.pedf.cuni.cz\/kddd\/event\/shoah-jak-ucit-o-holokaustu-a-zlocinech-proti-lidskosti\/\">Shoah: Jak u\u010dit o holokaustu a zlo\u010dinech proti lidskosti?<\/a><\/div><\/headtwo><div class=\"typ\"><strong>Ur\u010deno pro: <\/strong>Bc. + NMgr.<\/div><div class=\"vedouci\"><strong>Vedouc\u00ed: <\/strong>P. Koura, I. Ber\u00e1nkov\u00e1<\/div><br><div class=\"sis_kod\"><strong>K\u00f3d SIS: <\/strong>-<\/div><div class=\"sis_popis\"><strong>Popis SIS: <\/strong>V\u00fdb\u011brov\u00fd kurz II E<\/div><br><hr><headtwo><div id=\"vypis\"><div class=\"nazev\"><a href=\"https:\/\/pages.pedf.cuni.cz\/kddd\/event\/moznosti-a-meze-vyuky-dejin-2\/\">Mo\u017enosti a meze v\u00fduky d\u011bjin<\/a><\/div><\/headtwo><div class=\"typ\"><strong>Ur\u010deno pro: <\/strong>Bc. + NMgr.<\/div><div class=\"vedouci\"><strong>Vedouc\u00ed: <\/strong>V. \u010cada<\/div><br><div class=\"sis_kod\"><strong>K\u00f3d SIS: <\/strong>OPBD2D136B<\/div><div class=\"sis_popis\"><strong>Popis SIS: <\/strong>V\u00fdb\u011brov\u00fd kurz II A<\/div><br><hr>\n<p><!--nextpage--><\/p>\n<h2><span style=\"text-decoration: underline\">Letn\u00ed semestr<\/span><span style=\"text-decoration: underline\"> 2018\/2019<\/span><\/h2>\n<headtwo><div id=\"vypis\"><div class=\"nazev\"><a href=\"https:\/\/pages.pedf.cuni.cz\/kddd\/event\/rim-na-trech-kontinentech\/\">\u0158\u00edm na t\u0159ech kontinentech<\/a><\/div><\/headtwo><div class=\"typ\"><strong>Ur\u010deno pro: <\/strong>Bc.<\/div><br><div class=\"sis_kod\"><strong>K\u00f3d SIS: <\/strong>OB2305123<\/div><div class=\"sis_popis\"><strong>Popis SIS: <\/strong>V\u00fdb\u011brov\u00e1 p\u0159edn\u00e1\u0161ka A<\/div><br><hr><div class=\"start\"><strong>Datum: <\/strong>P\u00e1tek 14:25 - 15:55<\/div><div class=\"organiser\"><strong>Organiz\u00e1tor: <\/strong>J. Kepartov\u00e1<\/div><br><div class=\"location\"><strong>M\u00edsto: <\/strong>R 216<\/div>\n<h2><span style=\"text-decoration: underline\">Zimn\u00ed semestr<\/span><span style=\"text-decoration: underline\"> 2018\/2019<\/span><\/h2>\n<headtwo><div id=\"vypis\"><div class=\"nazev\"><a href=\"https:\/\/pages.pedf.cuni.cz\/kddd\/event\/osobnosti-prvni-republiky\/\">Osobnosti Prvn\u00ed republiky<\/a><\/div><\/headtwo><div class=\"typ\"><strong>Ur\u010deno pro: <\/strong>Bc. + Mgr.<\/div><br><div class=\"sis_kod\"><strong>K\u00f3d SIS: <\/strong>OB2305123, ON2305401, OPBD2D132B, OPND2D113B<\/div><div class=\"sis_popis\"><strong>Popis SIS: <\/strong>V\u00fdb\u011brov\u00e1 p\u0159edn\u00e1\u0161ka A, V\u00fdb\u011brov\u00fd kurz I A, Specializa\u010dn\u00ed kurz I A<\/div><br><hr><div class=\"start\"><strong>Datum: <\/strong>Pond\u011bl\u00ed 15:20-16:50<\/div><div class=\"organiser\"><strong>Organiz\u00e1tor: <\/strong>Ji\u0159\u00ed Hnilica, Jakub Form\u00e1nek<\/div><br><div class=\"location\"><strong>M\u00edsto: <\/strong>M 006<\/div><headtwo><div id=\"vypis\"><div class=\"nazev\"><a href=\"https:\/\/pages.pedf.cuni.cz\/kddd\/event\/cisterciacky-rad-ve-stredoveku\/\">Cisterci\u00e1ck\u00fd \u0159\u00e1d ve st\u0159edov\u011bku<\/a><\/div><\/headtwo><div class=\"typ\"><strong>Ur\u010deno pro: <\/strong>Bc. + Mgr.<\/div><br><div class=\"sis_kod\"><strong>K\u00f3d SIS: <\/strong>OB2305127, ON2305402, OPBD2D133B, OPND2D114B <\/div><div class=\"sis_popis\"><strong>Popis SIS: <\/strong>V\u00fdb\u011brov\u00e1 p\u0159edn\u00e1\u0161ka B, V\u00fdb\u011brov\u00fd kurz I B, Specializa\u010dn\u00ed kurz I B<\/div><br><hr><div class=\"start\"><strong>Datum: <\/strong>St\u0159eda 16:15-17:45<\/div><div class=\"organiser\"><strong>Organiz\u00e1tor: <\/strong>Kate\u0159ina Charv\u00e1tov\u00e1<\/div><br><div class=\"location\"><strong>M\u00edsto: <\/strong>AULA<\/div><headtwo><div id=\"vypis\"><div class=\"nazev\"><a href=\"https:\/\/pages.pedf.cuni.cz\/kddd\/event\/rusko-od-knizete-vladimira-do-mikulase-ii\/\">Rusko od kn\u00ed\u017eete Vladim\u00edra do Mikul\u00e1\u0161e II.<\/a><\/div><\/headtwo><div class=\"typ\"><strong>Ur\u010deno pro: <\/strong>Bc. + Mgr.<\/div><br><div class=\"sis_kod\"><strong>K\u00f3d SIS: <\/strong>OPBD2D134B, \tOB2305234, ON2305403, OPND2D115B <\/div><div class=\"sis_popis\"><strong>Popis SIS: <\/strong>V\u00fdb\u011brov\u00e1 p\u0159edn\u00e1\u0161ka C, V\u00fdb\u011brov\u00fd kurz I C, Specializa\u010dn\u00ed kurz I C<\/div><br><hr><div class=\"start\"><strong>Datum: <\/strong>St\u0159eda 19:00-20:30<\/div><div class=\"organiser\"><strong>Organiz\u00e1tor: <\/strong>Ji\u0159\u00ed Pokorn\u00fd<\/div><br><div class=\"location\"><strong>M\u00edsto: <\/strong>M 006<\/div><headtwo><div id=\"vypis\"><div class=\"nazev\"><a href=\"https:\/\/pages.pedf.cuni.cz\/kddd\/event\/5347\/\">Revoluce a konstituce (1848)<\/a><\/div><\/headtwo><div class=\"typ\"><strong>Ur\u010deno pro: <\/strong>Bc. + Mgr.<\/div><br><div class=\"sis_kod\"><strong>K\u00f3d SIS: <\/strong>OB2305236, ON2305404, OPBD2D135B, OPND2D116B<\/div><div class=\"sis_popis\"><strong>Popis SIS: <\/strong>V\u00fdb\u011brov\u00e1 p\u0159edn\u00e1\u0161ka D, V\u00fdb\u011brov\u00fd kurz I D, Specializa\u010dn\u00ed kurz I D<\/div><br><hr><div class=\"start\"><strong>Datum: <\/strong>\u010ctvrtek 16:15-17:45<\/div><div class=\"organiser\"><strong>Organiz\u00e1tor: <\/strong>Ji\u0159\u00ed Hnilica, Magdalena Pokorn\u00e1<\/div><br><div class=\"location\"><strong>M\u00edsto: <\/strong>AULA<\/div><headtwo><div id=\"vypis\"><div class=\"nazev\"><a href=\"https:\/\/pages.pedf.cuni.cz\/kddd\/event\/sport-politics-and-ethnic-groups-in-central-europe\/\">Sport, politika a etnick\u00e9 skupiny ve st\u0159edn\u00ed Evrop\u011b<\/a><\/div><\/headtwo><div class=\"typ\"><strong>Ur\u010deno pro: <\/strong>Bc.<\/div><br><div class=\"sis_kod\"><strong>K\u00f3d SIS: <\/strong>OB2305237,<\/div><div class=\"sis_popis\"><strong>Popis SIS: <\/strong>V\u00fdb\u011brov\u00e1 p\u0159edn\u00e1\u0161ka E, <\/div><br><hr><div class=\"start\"><strong>Datum: <\/strong>Monday 16:15-17:45<\/div><div class=\"organiser\"><strong>Organiz\u00e1tor: <\/strong>Jana Kepartov\u00e1, Stefan Zwicker<\/div><br><div class=\"location\"><strong>M\u00edsto: <\/strong>R 125<\/div><headtwo><div id=\"vypis\"><div class=\"nazev\"><a href=\"https:\/\/pages.pedf.cuni.cz\/kddd\/event\/die-tschechoslowakei-ihre-deutschsprachigen-burger-und-die-deutschen-staaten-1918-1989\/\">\u010ceskoslovensko, jeho n\u011bmecky mluv\u00edc\u00ed ob\u010dan\u00e9 a n\u011bmeck\u00e9 st\u00e1ty 1918-1989<\/a><\/div><\/headtwo><div class=\"typ\"><strong>Ur\u010deno pro: <\/strong>Mgr.<\/div><br><div class=\"sis_kod\"><strong>K\u00f3d SIS: <\/strong>OEN2305406<\/div><div class=\"sis_popis\"><strong>Popis SIS: <\/strong>V\u00fdb\u011brov\u00e1 p\u0159edn\u00e1\u0161ka E<\/div><br><hr><div class=\"start\"><strong>Datum: <\/strong>Dienstag 16:15-17:45<\/div><div class=\"organiser\"><strong>Organiz\u00e1tor: <\/strong>Jana Kepartov\u00e1, Stefan Zwicker<\/div><br><div class=\"location\"><strong>M\u00edsto: <\/strong>R 210<\/div>\n<p><!--nextpage--><\/p>\n<h2><span style=\"text-decoration: underline\">Letn\u00ed semestr<\/span><span style=\"text-decoration: underline\"> 2017\/2018<\/span><\/h2>\n<headtwo><div id=\"vypis\"><div class=\"nazev\"><a href=\"https:\/\/pages.pedf.cuni.cz\/kddd\/event\/slovensko-v-ceskoslovenskych-dejinach-paralelne-pohlady\/\">Slovensko v \u010deskoslovensk\u00fdch dejin\u00e1ch, paraleln\u00e9 poh\u013eady.<\/a><\/div><\/headtwo><div class=\"typ\"><strong>Ur\u010deno pro: <\/strong>Bc. + Mgr.<\/div><br><div class=\"sis_kod\"><strong>K\u00f3d SIS: <\/strong>OB2305123, ON2305401<\/div><div class=\"sis_popis\"><strong>Popis SIS: <\/strong>V\u00fdb\u011brov\u00e1 p\u0159edn\u00e1\u0161ka A<\/div><br><hr><div class=\"start\"><strong>Datum: <\/strong>St\u0159eda 18:05-19:35<\/div><div class=\"organiser\"><strong>Organiz\u00e1tor: <\/strong>Jakub \u0160tofan\u00edk, Ji\u0159\u00ed Hnilica<\/div><br><div class=\"location\"><strong>M\u00edsto: <\/strong>R 218<\/div><headtwo><div id=\"vypis\"><div class=\"nazev\"><a href=\"https:\/\/pages.pedf.cuni.cz\/kddd\/event\/ceske-zeme-v-letech-1914-1918\/\">\u010cesk\u00e9 zem\u011b v letech 1914\u20131918<\/a><\/div><\/headtwo><div class=\"typ\"><strong>Ur\u010deno pro: <\/strong>Bc. + Mgr.<\/div><br><div class=\"sis_kod\"><strong>K\u00f3d SIS: <\/strong>OB2305234, ON2305403<\/div><div class=\"sis_popis\"><strong>Popis SIS: <\/strong>V\u00fdb\u011brov\u00e1 p\u0159edn\u00e1\u0161ka C<\/div><br><hr><div class=\"start\"><strong>Datum: <\/strong>Pond\u011bl\u00ed 15:55 do 17:25<\/div><div class=\"organiser\"><strong>Organiz\u00e1tor: <\/strong>B. Rejzl, J. Hnilica<\/div><br><div class=\"location\"><strong>M\u00edsto: <\/strong>R 112<\/div><headtwo><div id=\"vypis\"><div class=\"nazev\"><a href=\"https:\/\/pages.pedf.cuni.cz\/kddd\/event\/res-publica-od-platona-k-dnesku-kuks\/\">Res publica: Od Plat\u00f3na k dne\u0161ku - Kuks 2018<\/a><\/div><\/headtwo><div class=\"typ\"><strong>Ur\u010deno pro: <\/strong>Bc. + Mgr.<\/div><br><div class=\"sis_kod\"><strong>K\u00f3d SIS: <\/strong>OB2305237, ON2305406<\/div><div class=\"sis_popis\"><strong>Popis SIS: <\/strong>V\u00fdb\u011brov\u00e1 p\u0159edn\u00e1\u0161ka E<\/div><br><hr><div class=\"start\"><strong>Datum: <\/strong>30.06.2018-3.07.2018<\/div><div class=\"organiser\"><strong>Organiz\u00e1tor: <\/strong>J. Kepartov\u00e1<\/div><br><div class=\"location\"><strong>M\u00edsto: <\/strong>Konferen\u010dn\u00ed centrum are\u00e1lu hospit\u00e1lu Kuks.<\/div><headtwo><div id=\"vypis\"><div class=\"nazev\"><a href=\"https:\/\/pages.pedf.cuni.cz\/kddd\/event\/prochazky-prahou-19-stoleti\/\">Proch\u00e1zky Prahou 19. stolet\u00ed 2018<\/a><\/div><\/headtwo><div class=\"typ\"><strong>Ur\u010deno pro: <\/strong>Bc. + Mgr.<\/div><br><div class=\"sis_kod\"><strong>K\u00f3d SIS: <\/strong>OB2305127, ON2305402<\/div><div class=\"sis_popis\"><strong>Popis SIS: <\/strong>V\u00fdb\u011brov\u00e1 p\u0159edn\u00e1\u0161ka B<\/div><br><hr><div class=\"start\"><strong>Datum: <\/strong>\u00dater\u00fd 12:35-14:05<\/div><div class=\"organiser\"><strong>Organiz\u00e1tor: <\/strong>Ji\u0159\u00ed Pokorn\u00fd<\/div><br><div class=\"location\"><strong>M\u00edsto: <\/strong>Praha<\/div>\n<h2><span style=\"text-decoration: underline\">Zimn\u00ed semestr<\/span><span style=\"text-decoration: underline\"> 2017\/2018<\/span><\/h2>\n<headtwo><div id=\"vypis\"><div class=\"nazev\"><a href=\"https:\/\/pages.pedf.cuni.cz\/kddd\/event\/jazz-a-jazzove-tance-ve-viru-politiky\/\">Jazz a jazzov\u00e9 tance ve v\u00edru politiky<\/a><\/div><\/headtwo><div class=\"typ\"><strong>Ur\u010deno pro: <\/strong>Bc. + Mgr.<\/div><br><div class=\"sis_kod\"><strong>K\u00f3d SIS: <\/strong>OB2305234, ON2305403<\/div><div class=\"sis_popis\"><strong>Popis SIS: <\/strong>V\u00fdb\u011brov\u00e1 p\u0159edn\u00e1\u0161ka C<\/div><br><hr><div class=\"start\"><strong>Datum: <\/strong>P\u00e1tek od 12:35<\/div><div class=\"organiser\"><strong>Organiz\u00e1tor: <\/strong>P. Koura<\/div><br><div class=\"location\"><strong>M\u00edsto: <\/strong>R 112<\/div><headtwo><div id=\"vypis\"><div class=\"nazev\"><a href=\"https:\/\/pages.pedf.cuni.cz\/kddd\/event\/the-s-ocial-role-of-sport-in-central-europe\/\">The Social Role of Sport in Central Europe<\/a><\/div><\/headtwo><div class=\"typ\"><strong>Ur\u010deno pro: <\/strong>Bc. + Mgr.<\/div><br><div class=\"sis_kod\"><strong>K\u00f3d SIS: <\/strong>OB2305237, ON2305406<\/div><div class=\"sis_popis\"><strong>Popis SIS: <\/strong>V\u00fdb\u011brov\u00e1 p\u0159edn\u00e1\u0161ka E<\/div><br><hr><div class=\"start\"><strong>Datum: <\/strong>\u010ctvrtek 16:15-17:45<\/div><div class=\"organiser\"><strong>Organiz\u00e1tor: <\/strong>Stefan Zwicker<\/div><br><div class=\"location\"><strong>M\u00edsto: <\/strong>AULA<\/div><headtwo><div id=\"vypis\"><div class=\"nazev\"><a href=\"https:\/\/pages.pedf.cuni.cz\/kddd\/event\/posledni-premyslovci-2\/\">Posledn\u00ed P\u0159emyslovci<\/a><\/div><\/headtwo><div class=\"typ\"><strong>Ur\u010deno pro: <\/strong>Bc. + Mgr.<\/div><br><div class=\"sis_kod\"><strong>K\u00f3d SIS: <\/strong>OB2305123, ON2305401<\/div><div class=\"sis_popis\"><strong>Popis SIS: <\/strong>V\u00fdb\u011brov\u00e1 p\u0159edn\u00e1\u0161ka A<\/div><br><hr><div class=\"start\"><strong>Datum: <\/strong>Pond\u011bl\u00ed od 16:15<\/div><div class=\"organiser\"><strong>Organiz\u00e1tor: <\/strong>K. Charv\u00e1tov\u00e1<\/div><br><div class=\"location\"><strong>M\u00edsto: <\/strong>R 112<\/div><headtwo><div id=\"vypis\"><div class=\"nazev\"><a href=\"https:\/\/pages.pedf.cuni.cz\/kddd\/event\/narodni-obrozeni-a-co-dal-dlouhe-19-stoleti-jako-badatelsky-problem\/\">N\u00e1rodn\u00ed obrozen\u00ed \u2013 a co d\u00e1l?! Dlouh\u00e9 19. stolet\u00ed jako badatelsk\u00fd probl\u00e9m<\/a><\/div><\/headtwo><div class=\"typ\"><strong>Ur\u010deno pro: <\/strong>Bc. + Mgr.<\/div><br><div class=\"sis_kod\"><strong>K\u00f3d SIS: <\/strong>OB2305236, ON2305404<\/div><div class=\"sis_popis\"><strong>Popis SIS: <\/strong>V\u00fdb\u011brov\u00e1 p\u0159edn\u00e1\u0161ka D<\/div><br><hr><div class=\"start\"><strong>Datum: <\/strong>St\u0159eda 18:05-19:35<\/div><div class=\"organiser\"><strong>Organiz\u00e1tor: <\/strong>M. Fap\u0161o, J. Pokorn\u00fd<\/div><br><div class=\"location\"><strong>M\u00edsto: <\/strong>R 112<\/div><headtwo><div id=\"vypis\"><div class=\"nazev\"><a href=\"https:\/\/pages.pedf.cuni.cz\/kddd\/event\/svet-klasteru-2\/\">Sv\u011bt kl\u00e1\u0161ter\u016f<\/a><\/div><\/headtwo><div class=\"typ\"><strong>Ur\u010deno pro: <\/strong>Bc. + Mgr.<\/div><br><div class=\"sis_kod\"><strong>K\u00f3d SIS: <\/strong>OB2305127, ON2305402<\/div><div class=\"sis_popis\"><strong>Popis SIS: <\/strong>V\u00fdb\u011brov\u00e1 p\u0159edn\u00e1\u0161ka B <\/div><br><hr><div class=\"start\"><strong>Datum: <\/strong>St\u0159eda 16:15-17:45<\/div><div class=\"organiser\"><strong>Organiz\u00e1tor: <\/strong>D. Folt\u00fdn<\/div><br><div class=\"location\"><strong>M\u00edsto: <\/strong>R 112 a r\u016fzn\u00e9 pra\u017esk\u00e9 kl\u00e1\u0161tery<\/div>\n<p><!--nextpage--><\/p>\n<h2><span style=\"text-decoration: underline\">Letn\u00ed semestr<\/span><span style=\"text-decoration: underline\"> 2016\/2017<\/span><\/h2>\n<headtwo><div id=\"vypis\"><div class=\"nazev\"><a href=\"https:\/\/pages.pedf.cuni.cz\/kddd\/event\/co-a-jak-se-cetlo-ve-stredoveku\/\">Co a jak se \u010detlo ve st\u0159edov\u011bku.<\/a><\/div><\/headtwo><div class=\"typ\"><strong>Ur\u010deno pro: <\/strong>Bc. + Mgr.<\/div><br><div class=\"sis_kod\"><strong>K\u00f3d SIS: <\/strong>OB2305123, ON2305401<\/div><div class=\"sis_popis\"><strong>Popis SIS: <\/strong>V\u00fdb\u011brov\u00e1 p\u0159edn\u00e1\u0161ka A<\/div><br><hr><div class=\"start\"><strong>Datum: <\/strong>Pond\u011bl\u00ed 12:35-14:05<\/div><div class=\"organiser\"><strong>Organiz\u00e1tor: <\/strong>Petra Michalov\u00e1 (Raiterov\u00e1)<\/div><br><div class=\"location\"><strong>M\u00edsto: <\/strong>AULA <\/div><headtwo><div id=\"vypis\"><div class=\"nazev\"><a href=\"https:\/\/pages.pedf.cuni.cz\/kddd\/event\/dejiny-20-stoleti-projevy-a-statnici\/\">D\u011bjiny 20. stolet\u00ed: projevy a st\u00e1tn\u00edci<\/a><\/div><\/headtwo><div class=\"typ\"><strong>Ur\u010deno pro: <\/strong>Bc. + Mgr.<\/div><br><div class=\"sis_kod\"><strong>K\u00f3d SIS: <\/strong>OB2305236, ON2305404<\/div><div class=\"sis_popis\"><strong>Popis SIS: <\/strong>V\u00fdb\u011brov\u00e1 p\u0159edn\u00e1\u0161ka D<\/div><br><hr><div class=\"start\"><strong>Datum: <\/strong>\u00dater\u00fd 8:00-9:30<\/div><div class=\"organiser\"><strong>Organiz\u00e1tor: <\/strong>Doubravka Ol\u0161\u00e1kov\u00e1<\/div><br><div class=\"location\"><strong>M\u00edsto: <\/strong>AULA <\/div><headtwo><div id=\"vypis\"><div class=\"nazev\"><a href=\"https:\/\/pages.pedf.cuni.cz\/kddd\/event\/praha-posvatna\/\">Praha posv\u00e1tn\u00e1<\/a><\/div><\/headtwo><div class=\"typ\"><strong>Ur\u010deno pro: <\/strong>Bc. + Mgr.<\/div><br><div class=\"sis_kod\"><strong>K\u00f3d SIS: <\/strong>OB2305234, ON2305403<\/div><div class=\"sis_popis\"><strong>Popis SIS: <\/strong>V\u00fdb\u011brov\u00e1 p\u0159edn\u00e1\u0161ka C<\/div><br><hr><div class=\"start\"><strong>Datum: <\/strong>Pond\u011bl\u00ed 13:00-16:00<\/div><div class=\"organiser\"><strong>Organiz\u00e1tor: <\/strong>Du\u0161an Folt\u00fdn<\/div><br><div class=\"location\"><strong>M\u00edsto: <\/strong>1x14 dn\u016f - exkurze<\/div><headtwo><div id=\"vypis\"><div class=\"nazev\"><a href=\"https:\/\/pages.pedf.cuni.cz\/kddd\/event\/holocaust-sedmdesat-let-pote-ii\/\">Holocaust sedmdes\u00e1t let pot\u00e9 II<\/a><\/div><\/headtwo><div class=\"typ\"><strong>Ur\u010deno pro: <\/strong>Bc. + Mgr.<\/div><br><div class=\"sis_kod\"><strong>K\u00f3d SIS: <\/strong>OB2305127, ON2305402<\/div><div class=\"sis_popis\"><strong>Popis SIS: <\/strong>V\u00fdb\u011brov\u00e1 p\u0159edn\u00e1\u0161ka B<\/div><br><hr><div class=\"start\"><strong>Datum: <\/strong>bude up\u0159esn\u011bno<\/div><div class=\"organiser\"><strong>Organiz\u00e1tor: <\/strong>Petr Koura<\/div><br><div class=\"location\"><strong>M\u00edsto: <\/strong>bude up\u0159esn\u011bno<\/div>\n<h2><span style=\"text-decoration: underline\">Zimn\u00ed semestr<\/span><span style=\"text-decoration: underline\"> 2016\/2017<\/span><\/h2>\n<headtwo><div id=\"vypis\"><div class=\"nazev\"><a href=\"https:\/\/pages.pedf.cuni.cz\/kddd\/event\/habsburske-tj-18-stoleti\/\">Habsbursk\u00e9, tj. 18. stolet\u00ed.<\/a><\/div><\/headtwo><div class=\"typ\"><strong>Ur\u010deno pro: <\/strong>Bc. + Mgr.<\/div><br><div class=\"sis_kod\"><strong>K\u00f3d SIS: <\/strong>OB2305236, ON2305404<\/div><div class=\"sis_popis\"><strong>Popis SIS: <\/strong>V\u00fdb\u011brov\u00e1 p\u0159edn\u00e1\u0161ka D<\/div><br><hr><div class=\"start\"><strong>Datum: <\/strong>\u010ctvrtek 8:55 - 10:25<\/div><div class=\"organiser\"><strong>Organiz\u00e1tor: <\/strong>Ji\u0159\u00ed Pokorn\u00fd<\/div><br><div class=\"location\"><strong>M\u00edsto: <\/strong>R 016 <\/div><headtwo><div id=\"vypis\"><div class=\"nazev\"><a href=\"https:\/\/pages.pedf.cuni.cz\/kddd\/event\/uvod-do-dejin-a-kultury-predantickych-civilizaci-2\/\">\u00davod do d\u011bjin a kultury p\u0159edantick\u00fdch civilizac\u00ed<\/a><\/div><\/headtwo><div class=\"typ\"><strong>Ur\u010deno pro: <\/strong>Bc. + Mgr.<\/div><br><div class=\"sis_kod\"><strong>K\u00f3d SIS: <\/strong>OB2305123, ON2305401<\/div><div class=\"sis_popis\"><strong>Popis SIS: <\/strong>V\u00fdb\u011brov\u00e1 p\u0159edn\u00e1\u0161ka A<\/div><br><hr><div class=\"start\"><strong>Datum: <\/strong>\u010ctvrtek 16:15-17:45<\/div><div class=\"organiser\"><strong>Organiz\u00e1tor: <\/strong>Petr Charv\u00e1t<\/div><br><div class=\"location\"><strong>M\u00edsto: <\/strong>AULA<\/div><headtwo><div id=\"vypis\"><div class=\"nazev\"><a href=\"https:\/\/pages.pedf.cuni.cz\/kddd\/event\/vyznamne-osobnosti-stredoveku-filosofove-vzdelanci-politici-svetci\/\">V\u00fdznamn\u00e9 osobnosti st\u0159edov\u011bku (filosofov\u00e9, vzd\u011blanci, politici, sv\u011btci)<\/a><\/div><\/headtwo><div class=\"typ\"><strong>Ur\u010deno pro: <\/strong>Bc. + Mgr.<\/div><br><div class=\"sis_kod\"><strong>K\u00f3d SIS: <\/strong>OB2305127, ON2305402<\/div><div class=\"sis_popis\"><strong>Popis SIS: <\/strong>V\u00fdb\u011brov\u00e1 p\u0159edn\u00e1\u0161ka B<\/div><br><hr><div class=\"start\"><strong>Datum: <\/strong>Pond\u011bl\u00ed 12:35-14:05<\/div><div class=\"organiser\"><strong>Organiz\u00e1tor: <\/strong>Kate\u0159ina Charv\u00e1tov\u00e1<\/div><br><div class=\"location\"><strong>M\u00edsto: <\/strong>R 112<\/div><headtwo><div id=\"vypis\"><div class=\"nazev\"><a href=\"https:\/\/pages.pedf.cuni.cz\/kddd\/event\/holocaust-sedmdesat-let-pote\/\">Holocaust sedmdes\u00e1t let pot\u00e9<\/a><\/div><\/headtwo><div class=\"typ\"><strong>Ur\u010deno pro: <\/strong>Bc. + Mgr.<\/div><br><div class=\"sis_kod\"><strong>K\u00f3d SIS: <\/strong>OB2305234, ON2305403<\/div><div class=\"sis_popis\"><strong>Popis SIS: <\/strong>V\u00fdb\u011brov\u00e1 p\u0159edn\u00e1\u0161ka C<\/div><br><hr><div class=\"start\"><strong>Datum: <\/strong>\u00dater\u00fd 14:40-16:10<\/div><div class=\"organiser\"><strong>Organiz\u00e1tor: <\/strong>Petr Koura<\/div><br><div class=\"location\"><strong>M\u00edsto: <\/strong>AULA<\/div>\n<!--nextpage--><\/p>\n<h2><span style=\"text-decoration: underline\">Letn\u00ed semestr<\/span><span style=\"text-decoration: underline\"> 2015\/2016<\/span><\/h2>\n<headtwo><div id=\"vypis\"><div class=\"nazev\"><a href=\"https:\/\/pages.pedf.cuni.cz\/kddd\/event\/praha-pod-hakovym-krizem\/\">Praha pod h\u00e1kov\u00fdm k\u0159\u00ed\u017eem<\/a><\/div><\/headtwo><div class=\"typ\"><strong>Ur\u010deno pro: <\/strong>Bc. + Mgr.<\/div><br><div class=\"sis_kod\"><strong>K\u00f3d SIS: <\/strong>OB2305234, ON2305403<\/div><div class=\"sis_popis\"><strong>Popis SIS: <\/strong>V\u00fdb\u011brov\u00e1 p\u0159edn\u00e1\u0161ka C<\/div><br><hr><div class=\"start\"><strong>Datum: <\/strong>St\u0159eda, 12:35 \u2013 14:05<\/div><div class=\"organiser\"><strong>Organiz\u00e1tor: <\/strong>Petr Koura<\/div><br><div class=\"location\"><strong>M\u00edsto: <\/strong>R 016 + Praha<\/div><headtwo><div id=\"vypis\"><div class=\"nazev\"><a href=\"https:\/\/pages.pedf.cuni.cz\/kddd\/event\/islam-za-pyrenejemi-a-alpami\/\">Isl\u00e1m za Pyrenejemi a Alpami<\/a><\/div><\/headtwo><div class=\"typ\"><strong>Ur\u010deno pro: <\/strong>Bc. + Mgr.<\/div><br><div class=\"sis_kod\"><strong>K\u00f3d SIS: <\/strong>OB2305236, ON2305404<\/div><div class=\"sis_popis\"><strong>Popis SIS: <\/strong>V\u00fdb\u011brov\u00e1 p\u0159edn\u00e1\u0161ka D<\/div><br><hr><div class=\"start\"><strong>Datum: <\/strong>\u010ctvrtek 10:45 - 12:15<\/div><div class=\"organiser\"><strong>Organiz\u00e1tor: <\/strong>Petr Charv\u00e1t<\/div><br><div class=\"location\"><strong>M\u00edsto: <\/strong>R 112<\/div><headtwo><div id=\"vypis\"><div class=\"nazev\"><a href=\"https:\/\/pages.pedf.cuni.cz\/kddd\/event\/stredoveka-kultura\/\">St\u0159edov\u011bk\u00e1 kultura<\/a><\/div><\/headtwo><div class=\"typ\"><strong>Ur\u010deno pro: <\/strong>Bc. + Mgr.<\/div><br><div class=\"sis_kod\"><strong>K\u00f3d SIS: <\/strong>OB2305237, ON2305406<\/div><div class=\"sis_popis\"><strong>Popis SIS: <\/strong>V\u00fdb\u011brov\u00e1 p\u0159edn\u00e1\u0161ka E<\/div><br><hr><div class=\"start\"><strong>Datum: <\/strong>Pond\u011bl\u00ed 10:45 \u2013 12:15<\/div><div class=\"organiser\"><strong>Organiz\u00e1tor: <\/strong>Petra Rajterov\u00e1<\/div><br><div class=\"location\"><strong>M\u00edsto: <\/strong>R Aula<\/div><headtwo><div id=\"vypis\"><div class=\"nazev\"><a href=\"https:\/\/pages.pedf.cuni.cz\/kddd\/event\/kultura-19-stoleti-vybrane-kapitoly\/\">Kultura 19. stolet\u00ed. Vybran\u00e9 kapitoly<\/a><\/div><\/headtwo><div class=\"typ\"><strong>Ur\u010deno pro: <\/strong>Bc. + Mgr.<\/div><br><div class=\"sis_kod\"><strong>K\u00f3d SIS: <\/strong>OB2305123, ON2305401<\/div><div class=\"sis_popis\"><strong>Popis SIS: <\/strong>V\u00fdb\u011brov\u00e1 p\u0159edn\u00e1\u0161ka A<\/div><br><hr><div class=\"start\"><strong>Datum: <\/strong>\u00dater\u00fd 8:55 \u2013 10:35<\/div><div class=\"organiser\"><strong>Organiz\u00e1tor: <\/strong>Ji\u0159\u00ed Pokorn\u00fd<\/div><br><div class=\"location\"><strong>M\u00edsto: <\/strong>R Aula<\/div><headtwo><div id=\"vypis\"><div class=\"nazev\"><a href=\"https:\/\/pages.pedf.cuni.cz\/kddd\/event\/letni-skola-klasickych-studii\/\">Letn\u00ed \u0161kola klasick\u00fdch studi\u00ed<\/a><\/div><\/headtwo><div class=\"typ\"><strong>Ur\u010deno pro: <\/strong>Bc. + Mgr.<\/div><br><div class=\"sis_kod\"><strong>K\u00f3d SIS: <\/strong>OB2305238, ON2305407<\/div><div class=\"sis_popis\"><strong>Popis SIS: <\/strong>V\u00fdb\u011brov\u00e1 p\u0159edn\u00e1\u0161ka F<\/div><br><hr><div class=\"start\"><strong>Datum: <\/strong>1.-5.7.2016<\/div><div class=\"organiser\"><strong>Organiz\u00e1tor: <\/strong>Jana Kepartov\u00e1<\/div><br><div class=\"location\"><strong>M\u00edsto: <\/strong>T\u0159e\u0161\u0165, z\u00e1mek<\/div><headtwo><div id=\"vypis\"><div class=\"nazev\"><a href=\"https:\/\/pages.pedf.cuni.cz\/kddd\/event\/vyznamni-vladci-evropskeho-stredoveku\/\">V\u00fdznamn\u00ed vl\u00e1dci evropsk\u00e9ho st\u0159edov\u011bku<\/a><\/div><\/headtwo><div class=\"typ\"><strong>Ur\u010deno pro: <\/strong>Bc. + Mgr.<\/div><br><div class=\"sis_kod\"><strong>K\u00f3d SIS: <\/strong>OB2305127, ON2305402<\/div><div class=\"sis_popis\"><strong>Popis SIS: <\/strong>V\u00fdb\u011brov\u00e1 p\u0159edn\u00e1\u0161ka B<\/div><br><hr><div class=\"start\"><strong>Datum: <\/strong>\u00dater\u00fd 10:45 - 12:15<\/div><div class=\"organiser\"><strong>Organiz\u00e1tor: <\/strong>Kate\u0159ina Charv\u00e1tov\u00e1<\/div><br><div class=\"location\"><strong>M\u00edsto: <\/strong>R Aula<\/div>\n<h2><span style=\"text-decoration: underline\">Zimn\u00ed semestr<\/span><span style=\"text-decoration: underline\"> 2015\/2016<\/span><\/h2>\n<headtwo><div id=\"vypis\"><div class=\"nazev\"><a href=\"https:\/\/pages.pedf.cuni.cz\/kddd\/event\/katolicka-cirkev-a-moderni-spolecnost\/\">Katolick\u00e1 c\u00edrkev a modern\u00ed spole\u010dnost<\/a><\/div><\/headtwo><div class=\"typ\"><strong>Ur\u010deno pro: <\/strong>Bc. + Mgr.<\/div><br><div class=\"sis_kod\"><strong>K\u00f3d SIS: <\/strong>OB2305234, ON2305403<\/div><div class=\"sis_popis\"><strong>Popis SIS: <\/strong>V\u00fdb\u011brov\u00e1 p\u0159edn\u00e1\u0161ka C<\/div><br><hr><div class=\"start\"><strong>Datum: <\/strong>P\u00c1 14:25-15:55<\/div><div class=\"organiser\"><strong>Organiz\u00e1tor: <\/strong>Alena M\u00ed\u0161kov\u00e1, Ond\u0159ej Bla\u017eek<\/div><br><div class=\"location\"><strong>M\u00edsto: <\/strong>R010B<\/div><headtwo><div id=\"vypis\"><div class=\"nazev\"><a href=\"https:\/\/pages.pedf.cuni.cz\/kddd\/event\/rok-1989\/\">Rok 1989<\/a><\/div><\/headtwo><div class=\"typ\"><strong>Ur\u010deno pro: <\/strong>Bc. + Mgr.<\/div><br><div class=\"sis_kod\"><strong>K\u00f3d SIS: <\/strong>OB2305237, ON2305406<\/div><div class=\"sis_popis\"><strong>Popis SIS: <\/strong>V\u00fdb\u011brov\u00e1 p\u0159edn\u00e1\u0161ka E<\/div><br><hr><div class=\"start\"><strong>Datum: <\/strong>\u00dater\u00fd 12:15-13:45<\/div><div class=\"organiser\"><strong>Organiz\u00e1tor: <\/strong>Petr Koura, Ji\u0159\u00ed Hnilica<\/div><br><div class=\"location\"><strong>M\u00edsto: <\/strong>R Aula<\/div><headtwo><div id=\"vypis\"><div class=\"nazev\"><a href=\"https:\/\/pages.pedf.cuni.cz\/kddd\/event\/uvod-do-dejin-a-kultury-predantickych-civilizaci\/\">\u00davod do d\u011bjin a kultury p\u0159edantick\u00fdch civilizac\u00ed<\/a><\/div><\/headtwo><div class=\"typ\"><strong>Ur\u010deno pro: <\/strong>Bc. + Mgr.<\/div><br><div class=\"sis_kod\"><strong>K\u00f3d SIS: <\/strong>OB2305123, ON2305401<\/div><div class=\"sis_popis\"><strong>Popis SIS: <\/strong>V\u00fdb\u011brov\u00e1 p\u0159edn\u00e1\u0161ka A<\/div><br><hr><div class=\"start\"><strong>Datum: <\/strong>\u010ctvrtek 17:40-19:10<\/div><div class=\"organiser\"><strong>Organiz\u00e1tor: <\/strong>Petr Charv\u00e1t<\/div><br><div class=\"location\"><strong>M\u00edsto: <\/strong>R Aula<\/div><headtwo><div id=\"vypis\"><div class=\"nazev\"><a href=\"https:\/\/pages.pedf.cuni.cz\/kddd\/event\/praha-v-dobe-prvni-republiky\/\">Praha v dob\u011b prvn\u00ed republiky<\/a><\/div><\/headtwo><div class=\"typ\"><strong>Ur\u010deno pro: <\/strong>Bc. + Mgr.<\/div><br><div class=\"sis_kod\"><strong>K\u00f3d SIS: <\/strong>OB2305236, ON2305404<\/div><div class=\"sis_popis\"><strong>Popis SIS: <\/strong>V\u00fdb\u011brov\u00e1 p\u0159edn\u00e1\u0161ka D<\/div><br><hr><div class=\"start\"><strong>Datum: <\/strong>\u010ct 7:15-8:45 (prvn\u00ed p\u0159edn\u00e1\u0161ka 8. 10. 2015; kde budou stanoveny dal\u0161\u00ed term\u00edny)<\/div><div class=\"organiser\"><strong>Organiz\u00e1tor: <\/strong>Ji\u0159\u00ed Hnilica<\/div><br><div class=\"location\"><strong>M\u00edsto: <\/strong>SMIMO<\/div><headtwo><div id=\"vypis\"><div class=\"nazev\"><a href=\"https:\/\/pages.pedf.cuni.cz\/kddd\/event\/2607\/\">Pra\u017esk\u00e9 kl\u00e1\u0161tery<\/a><\/div><\/headtwo><div class=\"typ\"><strong>Ur\u010deno pro: <\/strong>Bc. + Mgr.<\/div><br><div class=\"sis_kod\"><strong>K\u00f3d SIS: <\/strong>OB2305127, ON2305402<\/div><div class=\"sis_popis\"><strong>Popis SIS: <\/strong>V\u00fdb\u011brov\u00e1 p\u0159edn\u00e1\u0161ka B<\/div><br><hr><div class=\"start\"><strong>Datum: <\/strong>\u010ctvrtek 10:45-12:15<\/div><div class=\"organiser\"><strong>Organiz\u00e1tor: <\/strong>Du\u0161an Folt\u00fdn<\/div><br><div class=\"location\"><strong>M\u00edsto: <\/strong>R 216<\/div>\n<!--nextpage--><\/p>\n<h2><span style=\"text-decoration: underline\">Akademick\u00fd rok\u00a02014\/2015<\/span><\/h2>\n<headtwo><div id=\"vypis\"><div class=\"nazev\"><a href=\"https:\/\/pages.pedf.cuni.cz\/kddd\/event\/hledani-viniku-zradci-nemci-a-kolaboranti\/\">Hled\u00e1n\u00ed vin\u00edk\u016f - zr\u00e1dci, N\u011bmci a kolaboranti<\/a><\/div><\/headtwo><div class=\"typ\"><strong>Ur\u010deno pro: <\/strong>Bc. + Mgr.<\/div><br><div class=\"sis_kod\"><strong>K\u00f3d SIS: <\/strong>OB2305123<\/div><div class=\"sis_popis\"><strong>Popis SIS: <\/strong>v\u00fdb\u011brov\u00e1 p\u0159edn\u00e1\u0161ka<\/div><br><hr><div class=\"start\"><strong>Datum: <\/strong>\u00daT 10:45-12:15<\/div><div class=\"organiser\"><strong>Organiz\u00e1tor: <\/strong>A. M\u00ed\u0161kov\u00e1, J. Chadimov\u00e1<\/div><br><div class=\"location\"><strong>M\u00edsto: <\/strong>AULA<\/div><headtwo><div id=\"vypis\"><div class=\"nazev\"><a href=\"https:\/\/pages.pedf.cuni.cz\/kddd\/event\/protektorat-cechy-a-morava\/\">Protektor\u00e1t \u010cechy a Morava<\/a><\/div><\/headtwo><div class=\"typ\"><strong>Ur\u010deno pro: <\/strong>Bc. + Mgr.<\/div><br><div class=\"sis_kod\"><strong>K\u00f3d SIS: <\/strong>OB2305237, ON2305406<\/div><div class=\"sis_popis\"><strong>Popis SIS: <\/strong>v\u00fdb\u011brov\u00e1 p\u0159edn\u00e1\u0161ka E<\/div><br><hr><div class=\"start\"><strong>Datum: <\/strong>PO 13:50 - 15:20<\/div><div class=\"organiser\"><strong>Organiz\u00e1tor: <\/strong>P. Koura<\/div><br><div class=\"location\"><strong>M\u00edsto: <\/strong>R 112<\/div><headtwo><div id=\"vypis\"><div class=\"nazev\"><a href=\"https:\/\/pages.pedf.cuni.cz\/kddd\/event\/prvni-svetova-valka-pocatek-katastrofy\/\">Prvn\u00ed sv\u011btov\u00e1 v\u00e1lka \u2013 po\u010d\u00e1tek katastrofy<\/a><\/div><\/headtwo><div class=\"typ\"><strong>Ur\u010deno pro: <\/strong>Bc. + Mgr.<\/div><br><div class=\"sis_kod\"><strong>K\u00f3d SIS: <\/strong>OB2305236, ON2305404<\/div><div class=\"sis_popis\"><strong>Popis SIS: <\/strong>V\u00fdb\u011brov\u00e1 p\u0159edn\u00e1\u0161ka D<\/div><br><hr><div class=\"start\"><strong>Datum: <\/strong>ST 12:35 - 14:05<\/div><div class=\"organiser\"><strong>Organiz\u00e1tor: <\/strong>Ji\u0159\u00ed Pokorn\u00fd<\/div><br><div class=\"location\"><strong>M\u00edsto: <\/strong>R 112<\/div><headtwo><div id=\"vypis\"><div class=\"nazev\"><a href=\"https:\/\/pages.pedf.cuni.cz\/kddd\/event\/urbanisticka-kultura-ceskych-mest-ve-stredoveku\/\">Urbanistick\u00e1 kultura \u010desk\u00fdch m\u011bst ve st\u0159edov\u011bku<\/a><\/div><\/headtwo><div class=\"typ\"><strong>Ur\u010deno pro: <\/strong>Bc. + Mgr.<\/div><br><div class=\"sis_kod\"><strong>K\u00f3d SIS: <\/strong>OB2305234, ON2305403<\/div><div class=\"sis_popis\"><strong>Popis SIS: <\/strong>V\u00fdb\u011brov\u00e1 p\u0159edn\u00e1\u0161ka C<\/div><br><hr><div class=\"start\"><strong>Datum: <\/strong>\u010cT 7:15 - 8:45<\/div><div class=\"organiser\"><strong>Organiz\u00e1tor: <\/strong>J. Hnilica, J. Syneck\u00fd<\/div><br><div class=\"location\"><strong>M\u00edsto: <\/strong>AULA<\/div>\n<!--nextpage--><\/p>\n<h2><span style=\"text-decoration: underline\">Letn\u00ed semestr\u00a02013\/2014<\/span><\/h2>\n<headtwo><div id=\"vypis\"><div class=\"nazev\"><a href=\"https:\/\/pages.pedf.cuni.cz\/kddd\/event\/problem-protikomunisticke-rezistence-v-obdobi-ceskoslovenskeho-stalinismu\/\">Probl\u00e9m protikomunistick\u00e9 rezistence v obdob\u00ed \u010deskoslovensk\u00e9ho stalinismu<\/a><\/div><\/headtwo><div class=\"typ\"><strong>Ur\u010deno pro: <\/strong>Bc. + Mgr.<\/div><br><div class=\"sis_kod\"><strong>K\u00f3d SIS: <\/strong>OB2305236<\/div><div class=\"sis_popis\"><strong>Popis SIS: <\/strong>V\u00fdb\u011brov\u00e1 p\u0159edn\u00e1\u0161ka D<\/div><br><hr><div class=\"start\"><strong>Datum: <\/strong>ST 18:05<\/div><div class=\"organiser\"><strong>Organiz\u00e1tor: <\/strong>Ji\u0159\u00ed Hnilica, Petr Svoboda<\/div><br><div class=\"location\"><strong>M\u00edsto: <\/strong>Aula<\/div><headtwo><div id=\"vypis\"><div class=\"nazev\"><a href=\"https:\/\/pages.pedf.cuni.cz\/kddd\/event\/letni-skola-klasickych-studii-xxii\/\">Letn\u00ed \u0161kola klasick\u00fdch studi\u00ed XXII<\/a><\/div><\/headtwo><div class=\"typ\"><strong>Ur\u010deno pro: <\/strong>Bc. + Mgr.<\/div><br><div class=\"sis_kod\"><strong>K\u00f3d SIS: <\/strong>OB2305237; ON2305406<\/div><div class=\"sis_popis\"><strong>Popis SIS: <\/strong>V\u00fdb\u011brov\u00e1 p\u0159edn\u00e1\u0161ka E<\/div><br><hr><div class=\"start\"><strong>Datum: <\/strong>28.6.-2.7.2014<\/div><div class=\"organiser\"><strong>Organiz\u00e1tor: <\/strong>Jana Kepartov\u00e1<\/div><br><div class=\"location\"><strong>M\u00edsto: <\/strong>KKF FF UPOL<\/div><headtwo><div id=\"vypis\"><div class=\"nazev\"><a href=\"https:\/\/pages.pedf.cuni.cz\/kddd\/event\/international-summer-school-of-heritage-management-interpretation-and-education\/\">International Summer School of Heritage Management, Interpretation and Education<\/a><\/div><\/headtwo><div class=\"typ\"><strong>Ur\u010deno pro: <\/strong>Bc. + Mgr.<\/div><br><div class=\"sis_kod\"><strong>K\u00f3d SIS: <\/strong>OEN2305058<\/div><div class=\"sis_popis\"><strong>Popis SIS: <\/strong>V\u00fdb\u011brov\u00fd semin\u00e1\u0159<\/div><br><hr><div class=\"start\"><strong>Datum: <\/strong>1. - 14.6.2014<\/div><div class=\"organiser\"><strong>Organiz\u00e1tor: <\/strong>Kate\u0159ina Charv\u00e1tov\u00e1, Hana Havl\u016fjov\u00e1<\/div><br><div class=\"location\"><strong>M\u00edsto: <\/strong>Tel\u010d<\/div><headtwo><div id=\"vypis\"><div class=\"nazev\"><a href=\"https:\/\/pages.pedf.cuni.cz\/kddd\/event\/aspekty-a-specifika-nemecke-politiky-diskriminace-a-perzekuce-v-protektoratu-cechy-a-morava\/\">Aspekty a specifika n\u011bmeck\u00e9 politiky diskriminace a perzekuce v Protektor\u00e1tu \u010cechy a Morava<\/a><\/div><\/headtwo><div class=\"typ\"><strong>Ur\u010deno pro: <\/strong>Bc. + Mgr.<\/div><br><div class=\"sis_kod\"><strong>K\u00f3d SIS: <\/strong>OB2305123<\/div><div class=\"sis_popis\"><strong>Popis SIS: <\/strong>V\u00fdb\u011brov\u00e1 p\u0159edn\u00e1\u0161ka A<\/div><br><hr><div class=\"start\"><strong>Datum: <\/strong>\u010cT 14:25<\/div><div class=\"organiser\"><strong>Organiz\u00e1tor: <\/strong>Alena M\u00ed\u0161kov\u00e1, Eva Hock\u00e1<\/div><br><div class=\"location\"><strong>M\u00edsto: <\/strong>R101<\/div><headtwo><div id=\"vypis\"><div class=\"nazev\"><a href=\"https:\/\/pages.pedf.cuni.cz\/kddd\/event\/antika-i-antika-ve-filmu\/\">Antika i \u201eantika\u201c ve filmu<\/a><\/div><\/headtwo><div class=\"typ\"><strong>Ur\u010deno pro: <\/strong>Bc. + Mgr.<\/div><br><div class=\"sis_kod\"><strong>K\u00f3d SIS: <\/strong>OB2305127<\/div><div class=\"sis_popis\"><strong>Popis SIS: <\/strong>V\u00fdb\u011brov\u00e1 p\u0159edn\u00e1\u0161ka B<\/div><br><hr><div class=\"start\"><strong>Datum: <\/strong>P\u00c1 18:05<\/div><div class=\"organiser\"><strong>Organiz\u00e1tor: <\/strong>Robert Skopek<\/div><br><div class=\"location\"><strong>M\u00edsto: <\/strong>Aula<\/div><headtwo><div id=\"vypis\"><div class=\"nazev\"><a href=\"https:\/\/pages.pedf.cuni.cz\/kddd\/event\/kniha-a-spolecnost-role-knih-v-dejinach\/\">Kniha a spole\u010dnost. Role knih v d\u011bjin\u00e1ch<\/a><\/div><\/headtwo><div class=\"typ\"><strong>Ur\u010deno pro: <\/strong>Bc. + Mgr.<\/div><br><div class=\"sis_kod\"><strong>K\u00f3d SIS: <\/strong>OB2305238<\/div><div class=\"sis_popis\"><strong>Popis SIS: <\/strong>V\u00fdb\u011brov\u00e1 p\u0159edn\u00e1\u0161ka F<\/div><br><hr><div class=\"start\"><strong>Datum: <\/strong>ST 16:15<\/div><div class=\"organiser\"><strong>Organiz\u00e1tor: <\/strong>Ji\u0159\u00ed Pokorn\u00fd<\/div><br><div class=\"location\"><strong>M\u00edsto: <\/strong>Aula<\/div>\n<h2><span style=\"text-decoration: underline\">Zimn\u00ed semestr\u00a0<\/span><span style=\"text-decoration: underline\">2013\/2014<\/span><\/h2>\n<headtwo><div id=\"vypis\"><div class=\"nazev\"><a href=\"https:\/\/pages.pedf.cuni.cz\/kddd\/event\/svet-klasteru\/\">Sv\u011bt kl\u00e1\u0161ter\u016f<\/a><\/div><\/headtwo><div class=\"typ\"><strong>Ur\u010deno pro: <\/strong>Bc. + Mgr.<\/div><br><div class=\"sis_kod\"><strong>K\u00f3d SIS: <\/strong>OB2305234p1, ON2305403<\/div><div class=\"sis_popis\"><strong>Popis SIS: <\/strong>V\u00fdb\u011brov\u00e1 p\u0159edn\u00e1\u0161ka C<\/div><br><hr><div class=\"start\"><strong>Datum: <\/strong>\u010cT 12:35-14:00<\/div><div class=\"organiser\"><strong>Organiz\u00e1tor: <\/strong>Du\u0161an Folt\u00fdn<\/div><br><div class=\"location\"><strong>M\u00edsto: <\/strong>R 112<\/div><headtwo><div id=\"vypis\"><div class=\"nazev\"><a href=\"https:\/\/pages.pedf.cuni.cz\/kddd\/event\/posledni-premyslovci\/\">Posledn\u00ed P\u0159emyslovci<\/a><\/div><\/headtwo><div class=\"typ\"><strong>Ur\u010deno pro: <\/strong>Bc. + Mgr.<\/div><br><div class=\"sis_kod\"><strong>K\u00f3d SIS: <\/strong>OB2305127, ON2305402<\/div><div class=\"sis_popis\"><strong>Popis SIS: <\/strong>V\u00fdb\u011brov\u00e1 p\u0159edn\u00e1\u0161ka B<\/div><br><hr><div class=\"start\"><strong>Datum: <\/strong>PO 12:45-14:15<\/div><div class=\"organiser\"><strong>Organiz\u00e1tor: <\/strong>Kate\u0159ina Charv\u00e1tov\u00e1<\/div><br><div class=\"location\"><strong>M\u00edsto: <\/strong>R 112<\/div><headtwo><div id=\"vypis\"><div class=\"nazev\"><a href=\"https:\/\/pages.pedf.cuni.cz\/kddd\/event\/izrael-zrozeni-naroda\/\">Izrael: zrozen\u00ed n\u00e1roda<\/a><\/div><\/headtwo><div class=\"typ\"><strong>Ur\u010deno pro: <\/strong>Bc. + Mgr.<\/div><br><div class=\"sis_kod\"><strong>K\u00f3d SIS: <\/strong>OB2305236p1, ON2305404<\/div><div class=\"sis_popis\"><strong>Popis SIS: <\/strong>V\u00fdb\u011brov\u00e1 p\u0159edn\u00e1\u0161ka D<\/div><br><hr><div class=\"start\"><strong>Datum: <\/strong>PO 18:05<\/div><div class=\"organiser\"><strong>Organiz\u00e1tor: <\/strong>T. Habermann, A. M\u00ed\u0161kov\u00e1, J. Hnilica<\/div><br><div class=\"location\"><strong>M\u00edsto: <\/strong>AULA<\/div><headtwo><div id=\"vypis\"><div class=\"nazev\"><a href=\"https:\/\/pages.pedf.cuni.cz\/kddd\/event\/1968-rok-kdy-se-do-ceskoslovenska-vratily-tanky\/\">1968 \u2013 rok, kdy se do \u010ceskoslovenska vr\u00e1tily tanky<\/a><\/div><\/headtwo><div class=\"typ\"><strong>Ur\u010deno pro: <\/strong>Bc. + Mgr.<\/div><br><div class=\"sis_kod\"><strong>K\u00f3d SIS: <\/strong>OB2305237, ON2305406<\/div><div class=\"sis_popis\"><strong>Popis SIS: <\/strong>V\u00fdb\u011brov\u00e1 p\u0159edn\u00e1\u0161ka E<\/div><br><hr><div class=\"start\"><strong>Datum: <\/strong>ST 16:15<\/div><div class=\"organiser\"><strong>Organiz\u00e1tor: <\/strong>Ji\u0159\u00ed Hnilica, Lenka \u0160vecov\u00e1-Zborn\u00edkov\u00e1<\/div><br><div class=\"location\"><strong>M\u00edsto: <\/strong>R 112<\/div>\n<p>&nbsp;<\/p>\n","protected":false},"excerpt":{"rendered":"<p>V pr\u016fb\u011bhu \u010dervna prob\u011bhne informativn\u00ed sch\u016fzka k exkurzi. Podrobn\u011bj\u0161\u00ed informace obdr\u017e\u00ed studenti v dostate\u010dn\u00e9m p\u0159edstihu e-mailem. Studenti po spln\u011bn\u00ed podm\u00ednek a absolvov\u00e1n\u00ed zahrani\u010dn\u00ed exkurze obvykle dost\u00e1vaj\u00ed stipendium, kter\u00e9 uhrad\u00ed cca polovinu n\u00e1klad\u016f.<\/p>\n","protected":false},"author":402,"featured_media":0,"parent":103,"menu_order":10,"comment_status":"closed","ping_status":"closed","template":"","meta":{"_mc_calendar":[],"footnotes":""},"class_list":["post-127","page","type-page","status-publish","hentry"],"_links":{"self":[{"href":"https:\/\/pages.pedf.cuni.cz\/kddd\/wp-json\/wp\/v2\/pages\/127","targetHints":{"allow":["GET"]}}],"collection":[{"href":"https:\/\/pages.pedf.cuni.cz\/kddd\/wp-json\/wp\/v2\/pages"}],"about":[{"href":"https:\/\/pages.pedf.cuni.cz\/kddd\/wp-json\/wp\/v2\/types\/page"}],"author":[{"embeddable":true,"href":"https:\/\/pages.pedf.cuni.cz\/kddd\/wp-json\/wp\/v2\/users\/402"}],"replies":[{"embeddable":true,"href":"https:\/\/pages.pedf.cuni.cz\/kddd\/wp-json\/wp\/v2\/comments?post=127"}],"version-history":[{"count":10,"href":"https:\/\/pages.pedf.cuni.cz\/kddd\/wp-json\/wp\/v2\/pages\/127\/revisions"}],"predecessor-version":[{"id":6720,"href":"https:\/\/pages.pedf.cuni.cz\/kddd\/wp-json\/wp\/v2\/pages\/127\/revisions\/6720"}],"up":[{"embeddable":true,"href":"https:\/\/pages.pedf.cuni.cz\/kddd\/wp-json\/wp\/v2\/pages\/103"}],"wp:attachment":[{"href":"https:\/\/pages.pedf.cuni.cz\/kddd\/wp-json\/wp\/v2\/media?parent=127"}],"curies":[{"name":"wp","href":"https:\/\/api.w.org\/{rel}","templated":true}]}}