{"id":129,"date":"2015-03-06T17:09:41","date_gmt":"2015-03-06T16:09:41","guid":{"rendered":"http:\/\/pages.pedf.cuni.cz\/kddd\/?page_id=129"},"modified":"2019-09-16T15:25:44","modified_gmt":"2019-09-16T13:25:44","slug":"archiv","status":"publish","type":"page","link":"https:\/\/pages.pedf.cuni.cz\/kddd\/studenti\/historicke-exkurze\/archiv\/","title":{"rendered":"Archiv"},"content":{"rendered":"<h3>Prob\u011bhl\u00e9 exkurze jsou zde archivov\u00e1ny od roku 2014. Star\u0161\u00ed exkurze naleznete ve sborn\u00edku <a title=\"Prvn\u00ed desetilet\u00ed (1993-2003)\" href=\"https:\/\/pages.pedf.cuni.cz\/kddd\/katedra\/prvni-desetileti-1993-2003\/\">Prvn\u00ed<\/a> <a title=\"Druh\u00e9 desetilet\u00ed (2003-2013)\" href=\"https:\/\/pages.pedf.cuni.cz\/kddd\/katedra\/druhe-desetileti-2003-2013\/\">desetilet\u00ed<\/a> Katedry d\u011bjin a d\u011bjepisu.<\/h3>\n<headtwo><div id=\"vypis\"><div class=\"nazev\"><a href=\"https:\/\/pages.pedf.cuni.cz\/kddd\/event\/pece-o-kulturni-dedictvi-karlovarskeho-kraje\/\">P\u00e9\u010de o kulturn\u00ed d\u011bdictv\u00ed Karlovarsk\u00e9ho kraje<\/a><\/div><\/headtwo><div class=\"start\"><strong>Datum: <\/strong>21.-25.5.2025<\/div><div class=\"organiser\"><strong>Organiz\u00e1tor: <\/strong>Havl\u016fjov\u00e1, Indrov\u00e1<\/div><br><div class=\"location\"><strong>M\u00edsto: <\/strong>Be\u010dov nad Teplou, Karlovy Vary, Kyn\u017evart<\/div><div class=\"ubytovani\"><strong>Ubytov\u00e1n\u00ed: <\/strong>SHZ Be\u010dov nad Teplou<\/div><br><div class=\"doprava\"><strong>Doprava: <\/strong>vlak, autobus<\/div><div class=\"cena\"><strong>Cena: <\/strong>3500,- (zahrnuje ubytov\u00e1n\u00ed a vstupn\u00e9, nezahrnuje dopravu a j\u00eddlo)<\/div><br><div class=\"ucet\"><strong>\u010c. \u00fa\u010dtu a var. s.: <\/strong>85236011\/100   v.s. 335 138 056<\/div><div class=\"platba\"><strong>Platba do: <\/strong>30.4.2025<\/div><br><hr><headtwo><div id=\"vypis\"><div class=\"nazev\"><a href=\"https:\/\/pages.pedf.cuni.cz\/kddd\/event\/znojemsko-2025\/\">\u010cesk\u00fd r\u00e1j 2025<\/a><\/div><\/headtwo><div class=\"start\"><strong>Datum: <\/strong>4. - 8. 6. 2025<\/div><div class=\"organiser\"><strong>Organiz\u00e1tor: <\/strong>Mgr. Tom\u00e1\u0161 Mikeska<\/div><br><div class=\"location\"><strong>M\u00edsto: <\/strong>\u010cesk\u00fd r\u00e1j<\/div><div class=\"ubytovani\"><strong>Ubytov\u00e1n\u00ed: <\/strong>kemp - stan\/chatka<\/div><br><div class=\"doprava\"><strong>Doprava: <\/strong>vlak<\/div><div class=\"cena\"><strong>Cena: <\/strong>3000 K\u010d<\/div><br><div class=\"ucet\"><strong>\u010c. \u00fa\u010dtu a var. s.: <\/strong>85236011\/0100, v.s. 335 138 057<\/div><div class=\"platba\"><strong>Platba do: <\/strong>15.3.2025<\/div><br><hr><headtwo><div id=\"vypis\"><div class=\"nazev\"><a href=\"https:\/\/pages.pedf.cuni.cz\/kddd\/event\/normandie\/\">Normandie 2025<\/a><\/div><\/headtwo><div class=\"start\"><strong>Datum: <\/strong>6. - 13. 9. 2025<\/div><div class=\"organiser\"><strong>Organiz\u00e1tor: <\/strong>Kofr\u00e1nkov\u00e1, Ber\u00e1nkov\u00e1<\/div><br><div class=\"location\"><strong>M\u00edsto: <\/strong>Francie - Normandie<\/div><div class=\"ubytovani\"><strong>Ubytov\u00e1n\u00ed: <\/strong>Hotely typu Premiere Classe \u010di Ibis budget (jednoduch\u00e9 ubytov\u00e1n\u00ed se sn\u00eddan\u00ed).<\/div><br><div class=\"doprava\"><strong>Doprava: <\/strong>autobus<\/div><div class=\"cena\"><strong>Cena: <\/strong>Cca 14.100,- (detaily v\u010detn\u011b VS sd\u011bl\u00ed Kofr\u00e1nkov\u00e1)<\/div><br><div class=\"ucet\"><strong>\u010c. \u00fa\u010dtu a var. s.: <\/strong>bude up\u0159esn\u011bn<\/div><div class=\"platba\"><strong>Platba do: <\/strong>20.06.2025<\/div><br><hr><headtwo><div id=\"vypis\"><div class=\"nazev\"><a href=\"https:\/\/pages.pedf.cuni.cz\/kddd\/event\/planiny-gemeru-2025\/\">Planiny Gemeru 2025<\/a><\/div><\/headtwo><div class=\"start\"><strong>Datum: <\/strong>p\u0159edb\u011b\u017en\u011b 8.6. (ve\u010der) - 15.6. 2025 (r\u00e1no)<\/div><div class=\"organiser\"><strong>Organiz\u00e1tor: <\/strong>Du\u0161an Folt\u00fdn<\/div><br><div class=\"location\"><strong>M\u00edsto: <\/strong>V\u00fdchodn\u00ed Slovensko a Ma\u010farsko<\/div><div class=\"ubytovani\"><strong>Ubytov\u00e1n\u00ed: <\/strong>kemp, hostel<\/div><br><div class=\"doprava\"><strong>Doprava: <\/strong>vlak, autobus, vlastn\u00ed nohy (dlouh\u00e9 pochody)<\/div><div class=\"cena\"><strong>Cena: <\/strong>7.800,- <\/div><br><div class=\"ucet\"><strong>\u010c. \u00fa\u010dtu a var. s.: <\/strong>85236011\/0100, v.s. 335 138 058<\/div><div class=\"platba\"><strong>Platba do: <\/strong>30.3.2025<\/div><br><hr><headtwo><div id=\"vypis\"><div class=\"nazev\"><a href=\"https:\/\/pages.pedf.cuni.cz\/kddd\/event\/valassko\/\">Vala\u0161sko 2024<\/a><\/div><\/headtwo><div class=\"start\"><strong>Datum: <\/strong>5.-9.6.2024<\/div><div class=\"organiser\"><strong>Organiz\u00e1tor: <\/strong>T. Mikeska, F. Parkan, <\/div><br><div class=\"location\"><strong>M\u00edsto: <\/strong>St\u0159edn\u00ed Morava - Vala\u0161sko<\/div><div class=\"ubytovani\"><strong>Ubytov\u00e1n\u00ed: <\/strong>bude up\u0159esn\u011bno<\/div><br><div class=\"doprava\"><strong>Doprava: <\/strong>autobus<\/div><div class=\"cena\"><strong>Cena: <\/strong>6 200 K\u010d<\/div><br><div class=\"ucet\"><strong>\u010c. \u00fa\u010dtu a var. s.: <\/strong>85236011\/0100, v.s 335138052<\/div><div class=\"platba\"><strong>Platba do: <\/strong>15.3.2024<\/div><br><hr><headtwo><div id=\"vypis\"><div class=\"nazev\"><a href=\"https:\/\/pages.pedf.cuni.cz\/kddd\/event\/italie-2024\/\">It\u00e1lie 2024<\/a><\/div><\/headtwo><div class=\"start\"><strong>Datum: <\/strong>7. - 17. 9. 2024<\/div><div class=\"organiser\"><strong>Organiz\u00e1tor: <\/strong>V. Vlnas, H. Chalupov\u00e1<\/div><br><div class=\"location\"><strong>M\u00edsto: <\/strong>It\u00e1lie - Kamp\u00e1nie<\/div><div class=\"ubytovani\"><strong>Ubytov\u00e1n\u00ed: <\/strong>kemp<\/div><br><div class=\"doprava\"><strong>Doprava: <\/strong>autobus<\/div><div class=\"cena\"><strong>Cena: <\/strong>13 500 K\u010d<\/div><br><div class=\"ucet\"><strong>\u010c. \u00fa\u010dtu a var. s.: <\/strong>85236011\/0100, v.s 335138054<\/div><div class=\"platba\"><strong>Platba do: <\/strong>31.3.2024<\/div><br><hr><headtwo><div id=\"vypis\"><div class=\"nazev\"><a href=\"https:\/\/pages.pedf.cuni.cz\/kddd\/event\/krakov-a-okoli-2024\/\">Krakov a okol\u00ed 2024<\/a><\/div><\/headtwo><div class=\"start\"><strong>Datum: <\/strong>18. - 25. 8. 2024<\/div><div class=\"organiser\"><strong>Organiz\u00e1tor: <\/strong>D. Folt\u00fdn, V.\u010curda<\/div><br><div class=\"location\"><strong>M\u00edsto: <\/strong>Krakov a Malopolsko<\/div><div class=\"ubytovani\"><strong>Ubytov\u00e1n\u00ed: <\/strong>hostel, kemp<\/div><br><div class=\"doprava\"><strong>Doprava: <\/strong>autobus, vlastn\u00ed nohy<\/div><div class=\"cena\"><strong>Cena: <\/strong>8 800 K\u010d<\/div><br><div class=\"ucet\"><strong>\u010c. \u00fa\u010dtu a var. s.: <\/strong>85236011\/0100, v.s. 335138053<\/div><div class=\"platba\"><strong>Platba do: <\/strong>15.4.2024<\/div><br><hr><headtwo><div id=\"vypis\"><div class=\"nazev\"><a href=\"https:\/\/pages.pedf.cuni.cz\/kddd\/event\/pece-o-kulturni-dedictvi-v-telci-slavonicich-a-okoli-2024\/\">P\u00e9\u010de o kulturn\u00ed d\u011bdictv\u00ed v Tel\u010di, Slavonic\u00edch a okol\u00ed (2024) - pouze pro studenty Edukace<\/a><\/div><\/headtwo><div class=\"start\"><strong>Datum: <\/strong>15. - 19. 5. 2024<\/div><div class=\"organiser\"><strong>Organiz\u00e1tor: <\/strong>H. Havl\u016fjov\u00e1, M. Indrov\u00e1<\/div><br><div class=\"location\"><strong>M\u00edsto: <\/strong>Tel\u010d, Slavonice<\/div><div class=\"ubytovani\"><strong>Ubytov\u00e1n\u00ed: <\/strong>Hotel Anto\u0148, Tel\u010d<\/div><br><div class=\"doprava\"><strong>Doprava: <\/strong>autobus, vlak, <\/div><div class=\"cena\"><strong>Cena: <\/strong>4000,-<\/div><br><div class=\"ucet\"><strong>\u010c. \u00fa\u010dtu a var. s.: <\/strong>85236011\/0100, v.s. 335138055<\/div><div class=\"platba\"><strong>Platba do: <\/strong>15.3.2024<\/div><br><hr><headtwo><div id=\"vypis\"><div class=\"nazev\"><a href=\"https:\/\/pages.pedf.cuni.cz\/kddd\/event\/ostravsko-a-hlucinsko-2023\/\">Ostravsko a Hlu\u010d\u00ednsko 2023<\/a><\/div><\/headtwo><div class=\"start\"><strong>Datum: <\/strong>31. 5. - 4. 6. 2023<\/div><div class=\"organiser\"><strong>Organiz\u00e1tor: <\/strong>F. Parkan, T. Mikeska<\/div><br><div class=\"location\"><strong>M\u00edsto: <\/strong>Severn\u00ed Morava<\/div><div class=\"ubytovani\"><strong>Ubytov\u00e1n\u00ed: <\/strong>Hotel Garni https:\/\/hotel.vsb.cz\/cs<\/div><br><div class=\"doprava\"><strong>Doprava: <\/strong>autobus<\/div><div class=\"cena\"><strong>Cena: <\/strong>5 800K\u010d<\/div><br><div class=\"ucet\"><strong>\u010c. \u00fa\u010dtu a var. s.: <\/strong> 85236011\/0100, v.s. 335138049<\/div><div class=\"platba\"><strong>Platba do: <\/strong>15.3.2023<\/div><br><hr><headtwo><div id=\"vypis\"><div class=\"nazev\"><a href=\"https:\/\/pages.pedf.cuni.cz\/kddd\/event\/letni-skola-cirkevnich-dejin-iii-2023\/\">Letn\u00ed \u0161kola c\u00edrkevn\u00edch d\u011bjin III  2023<\/a><\/div><\/headtwo><div class=\"start\"><strong>Datum: <\/strong>4. - 8. 9. 2023<\/div><div class=\"organiser\"><strong>Organiz\u00e1tor: <\/strong>J. Zdichynec, M.Sklen\u00e1\u0159<\/div><br><div class=\"location\"><strong>M\u00edsto: <\/strong>Litom\u011b\u0159ice<\/div><div class=\"ubytovani\"><strong>Ubytov\u00e1n\u00ed: <\/strong>Diec\u00e9zn\u00ed d\u016fm kardin\u00e1la Trochty<\/div><br><div class=\"doprava\"><strong>Doprava: <\/strong>vlastn\u00ed<\/div><div class=\"cena\"><strong>Cena: <\/strong>5 010K\u010d (s plnou penz\u00ed)\/ 2700 (jen ubytov\u00e1n\u00ed)<\/div><br><div class=\"ucet\"><strong>\u010c. \u00fa\u010dtu a var. s.: <\/strong>V kv\u011btnu 2023 bude dopln\u011bna informace o platb\u011b p\u0159es platebn\u00ed br\u00e1nu FF UK<\/div><div class=\"platba\"><strong>Platba do: <\/strong>30.6.2023<\/div><br><hr><headtwo><div id=\"vypis\"><div class=\"nazev\"><a href=\"https:\/\/pages.pedf.cuni.cz\/kddd\/event\/jizni-morava-a-moravske-pole-2023\/\">Ji\u017en\u00ed Morava a Moravsk\u00e9 pole 2023<\/a><\/div><\/headtwo><div class=\"start\"><strong>Datum: <\/strong>30.6.-4.7.2023<\/div><div class=\"organiser\"><strong>Organiz\u00e1tor: <\/strong>V. Kofr\u00e1nkov\u00e1<\/div><br><div class=\"location\"><strong>M\u00edsto: <\/strong>Morava, jednodenn\u00ed v\u00fdlet do Rakouska. Ubytov\u00e1n\u00ed v \u010cR.<\/div><div class=\"ubytovani\"><strong>Ubytov\u00e1n\u00ed: <\/strong>penzion<\/div><br><div class=\"doprava\"><strong>Doprava: <\/strong>autobus<\/div><div class=\"cena\"><strong>Cena: <\/strong>kone\u010dn\u00e1 cena 5500 K\u010d<\/div><br><div class=\"ucet\"><strong>\u010c. \u00fa\u010dtu a var. s.: <\/strong>85236011\/0100, v.s. 335138051<\/div><div class=\"platba\"><strong>Platba do: <\/strong>25.5.2023<\/div><br><hr><headtwo><div id=\"vypis\"><div class=\"nazev\"><a href=\"https:\/\/pages.pedf.cuni.cz\/kddd\/event\/spis-klenot-slovenska-2023\/\">Spi\u0161: klenot Slovenska 2023<\/a><\/div><\/headtwo><div class=\"start\"><strong>Datum: <\/strong>2.-9.7.2023<\/div><div class=\"organiser\"><strong>Organiz\u00e1tor: <\/strong>D. Folt\u00fdn<\/div><br><div class=\"location\"><strong>M\u00edsto: <\/strong>Slovensko s v\u00fdjezdem do Polska<\/div><div class=\"ubytovani\"><strong>Ubytov\u00e1n\u00ed: <\/strong>kemp, penzion<\/div><br><div class=\"doprava\"><strong>Doprava: <\/strong>vlak, autobus, pl\u0165, vlastn\u00ed nohy<\/div><div class=\"cena\"><strong>Cena: <\/strong>6 700 K\u010d<\/div><br><div class=\"ucet\"><strong>\u010c. \u00fa\u010dtu a var. s.: <\/strong>85236011\/0100, v.s. 335138050<\/div><div class=\"platba\"><strong>Platba do: <\/strong>15.3.2023<\/div><br><hr><headtwo><div id=\"vypis\"><div class=\"nazev\"><a href=\"https:\/\/pages.pedf.cuni.cz\/kddd\/event\/praha-terezin-duchcov-2023\/\">Praha-Terez\u00edn-Duchcov 2023<\/a><\/div><\/headtwo><div class=\"start\"><strong>Datum: <\/strong>19.06.2023 - 23.06.2023<\/div><div class=\"organiser\"><strong>Organiz\u00e1tor: <\/strong>J.Kepartov\u00e1, J.Zdichynec<\/div><br><div class=\"location\"><strong>M\u00edsto: <\/strong>Praha-Terez\u00edn-Duchcov<\/div><div class=\"ubytovani\"><strong>Ubytov\u00e1n\u00ed: <\/strong>vlastn\u00ed<\/div><br><div class=\"doprava\"><strong>Doprava: <\/strong>autobus do Terez\u00edna, vlak do Duchcova<\/div><div class=\"cena\"><strong>Cena: <\/strong>1 000 K\u010d<\/div><br><div class=\"ucet\"><strong>\u010c. \u00fa\u010dtu a var. s.: <\/strong>85236011\/0100, v.s.bude dopln\u011bno<\/div><div class=\"platba\"><strong>Platba do: <\/strong>15.03.2023<\/div><br><hr><headtwo><div id=\"vypis\"><div class=\"nazev\"><a href=\"https:\/\/pages.pedf.cuni.cz\/kddd\/event\/mezi-padem-a-rubikonem\/\">Mezi P\u00e1dem a Rubikonem<\/a><\/div><\/headtwo><div class=\"start\"><strong>Datum: <\/strong>02.-12.09.2022<\/div><div class=\"organiser\"><strong>Organiz\u00e1tor: <\/strong>V. Vlnas, H. Chalupov\u00e1<\/div><br><div class=\"location\"><strong>M\u00edsto: <\/strong>It\u00e1lie<\/div><div class=\"ubytovani\"><strong>Ubytov\u00e1n\u00ed: <\/strong>kemp, chatky s p\u0159\u00edslu\u0161enstv\u00edm<\/div><br><div class=\"doprava\"><strong>Doprava: <\/strong>autobus<\/div><div class=\"cena\"><strong>Cena: <\/strong>12 000<\/div><br><div class=\"ucet\"><strong>\u010c. \u00fa\u010dtu a var. s.: <\/strong>85236011\/0100, V.S.: 335 138 047<\/div><div class=\"platba\"><strong>Platba do: <\/strong>15.03.2022<\/div><br><hr><headtwo><div id=\"vypis\"><div class=\"nazev\"><a href=\"https:\/\/pages.pedf.cuni.cz\/kddd\/event\/slovensky-kras-dejiny-a-priroda\/\">Slovensk\u00fd kras: d\u011bjiny a p\u0159\u00edroda<\/a><\/div><\/headtwo><div class=\"start\"><strong>Datum: <\/strong>14.-21.08.2022<\/div><div class=\"organiser\"><strong>Organiz\u00e1tor: <\/strong>D. Folt\u00fdn, (KDDD), J. Andreska (KBES)<\/div><br><div class=\"location\"><strong>M\u00edsto: <\/strong>Silick\u00e1 planina<\/div><div class=\"ubytovani\"><strong>Ubytov\u00e1n\u00ed: <\/strong>U m\u00edstn\u00edch obyvatel, p\u0159\u00edpadn\u011b chatky v kempu<\/div><br><div class=\"doprava\"><strong>Doprava: <\/strong>Vlak, autobus, vlastn\u00ed nohy<\/div><div class=\"cena\"><strong>Cena: <\/strong>6 700 K\u010d <\/div><br><div class=\"ucet\"><strong>\u010c. \u00fa\u010dtu a var. s.: <\/strong>85236011\/0100, v.s. 335138045<\/div><div class=\"platba\"><strong>Platba do: <\/strong>15.03.2022<\/div><br><hr><headtwo><div id=\"vypis\"><div class=\"nazev\"><a href=\"https:\/\/pages.pedf.cuni.cz\/kddd\/event\/letni-skola-cirkevnich-dejin-2\/\">Letn\u00ed \u0161kola c\u00edrkevn\u00edch d\u011bjin<\/a><\/div><\/headtwo><div class=\"start\"><strong>Datum: <\/strong>5.-9. z\u00e1\u0159\u00ed 2022<\/div><div class=\"organiser\"><strong>Organiz\u00e1tor: <\/strong>J. Zdichynec<\/div><br><div class=\"location\"><strong>M\u00edsto: <\/strong>Diec\u00e9zn\u00ed d\u016fm \u0160t\u011bp\u00e1na Trochty, Litom\u011b\u0159ice<\/div><div class=\"ubytovani\"><strong>Ubytov\u00e1n\u00ed: <\/strong>viz n\u00ed\u017ee<\/div><br><div class=\"doprava\"><strong>Doprava: <\/strong>vlastn\u00ed<\/div><div class=\"cena\"><strong>Cena: <\/strong>Viz v popisu n\u00ed\u017ee<\/div><br><div class=\"ucet\"><strong>\u010c. \u00fa\u010dtu a var. s.: <\/strong>bude up\u0159esn\u011bno<\/div><div class=\"platba\"><strong>Platba do: <\/strong>30.4.2022<\/div><br><hr><headtwo><div id=\"vypis\"><div class=\"nazev\"><a href=\"https:\/\/pages.pedf.cuni.cz\/kddd\/event\/rozdeleny-berlin\/\">Rozd\u011blen\u00fd Berl\u00edn<\/a><\/div><\/headtwo><div class=\"start\"><strong>Datum: <\/strong>22. \u2013 27. srpna 2022<\/div><div class=\"organiser\"><strong>Organiz\u00e1tor: <\/strong>P. Koura<\/div><br><div class=\"location\"><strong>M\u00edsto: <\/strong>Berl\u00edn<\/div><div class=\"ubytovani\"><strong>Ubytov\u00e1n\u00ed: <\/strong>studentsk\u00e9 koleje v centru Berl\u00edna<\/div><br><div class=\"doprava\"><strong>Doprava: <\/strong>autobus nebo vlak<\/div><div class=\"cena\"><strong>Cena: <\/strong>cca 9 000 K\u010d <\/div><br><div class=\"ucet\"><strong>\u010c. \u00fa\u010dtu a var. s.: <\/strong>85236011\/0100, v.s. 335138046<\/div><div class=\"platba\"><strong>Platba do: <\/strong>15.03.2022<\/div><br><hr><headtwo><div id=\"vypis\"><div class=\"nazev\"><a href=\"https:\/\/pages.pedf.cuni.cz\/kddd\/event\/pamatkova-edukace-v-kromerizi-a-okoli-2022\/\">Pam\u00e1tkov\u00e1 edukace v Krom\u011b\u0159\u00ed\u017ei a okol\u00ed (2022)<\/a><\/div><\/headtwo><div class=\"start\"><strong>Datum: <\/strong>14. 05. - 18.5.2022<\/div><div class=\"organiser\"><strong>Organiz\u00e1tor: <\/strong>H. Havl\u016fjov\u00e1 (PedF), Petr Hudec (NP\u00da)<\/div><br><div class=\"location\"><strong>M\u00edsto: <\/strong>Krom\u011b\u0159\u00ed\u017esko<\/div><div class=\"ubytovani\"><strong>Ubytov\u00e1n\u00ed: <\/strong>intern\u00e1tn\u00edho typu v Krom\u011b\u0159\u00ed\u017ei<\/div><br><div class=\"doprava\"><strong>Doprava: <\/strong>autobus, vlak<\/div><div class=\"cena\"><strong>Cena: <\/strong>4 000,- K\u010d<\/div><br><div class=\"ucet\"><strong>\u010c. \u00fa\u010dtu a var. s.: <\/strong>85236011\/0100, v.s. 335138043<\/div><div class=\"platba\"><strong>Platba do: <\/strong>15.03.2022<\/div><br><hr><headtwo><div id=\"vypis\"><div class=\"nazev\"><a href=\"https:\/\/pages.pedf.cuni.cz\/kddd\/event\/sumpersko-a-jeseniky\/\">\u0160umpersko a Jesen\u00edky<\/a><\/div><\/headtwo><div class=\"start\"><strong>Datum: <\/strong>01. - 05.06.2022<\/div><div class=\"organiser\"><strong>Organiz\u00e1tor: <\/strong>F. Parkan, T. Mikeska<\/div><br><div class=\"location\"><strong>M\u00edsto: <\/strong>\u0160umpersko a Jesen\u00edky<\/div><div class=\"ubytovani\"><strong>Ubytov\u00e1n\u00ed: <\/strong>http:\/\/penzionbrnenka.cz<\/div><br><div class=\"doprava\"><strong>Doprava: <\/strong>autobus<\/div><div class=\"cena\"><strong>Cena: <\/strong>4 700 K\u010d<\/div><br><div class=\"ucet\"><strong>\u010c. \u00fa\u010dtu a var. s.: <\/strong>85236011\/0100, v.s. 335138044<\/div><div class=\"platba\"><strong>Platba do: <\/strong>15.03.2022<\/div><br><hr><headtwo><div id=\"vypis\"><div class=\"nazev\"><a href=\"https:\/\/pages.pedf.cuni.cz\/kddd\/event\/severovychodni-cechy-nachodsko-broumovsko-adrspach\/\">Severov\u00fdchodn\u00ed \u010cechy \u2013 N\u00e1chodsko, Broumovsko, Adr\u0161pach 2021<\/a><\/div><\/headtwo><div class=\"start\"><strong>Datum: <\/strong>9. 6. - 13. 6. 2021<\/div><div class=\"organiser\"><strong>Organiz\u00e1tor: <\/strong>T. Mikeska, F. Parkan <\/div><br><div class=\"location\"><strong>M\u00edsto: <\/strong>Severov\u00fdchodn\u00ed \u010cechy<\/div><div class=\"ubytovani\"><strong>Ubytov\u00e1n\u00ed: <\/strong>kemp, penzion<\/div><br><div class=\"doprava\"><strong>Doprava: <\/strong>autobus<\/div><div class=\"cena\"><strong>Cena: <\/strong>4 300 K\u010d<\/div><br><div class=\"ucet\"><strong>\u010c. \u00fa\u010dtu a var. s.: <\/strong>85236011\/0100, V.S.: 335 138 036<\/div><div class=\"platba\"><strong>Platba do: <\/strong>30.04.2021<\/div><br><hr><headtwo><div id=\"vypis\"><div class=\"nazev\"><a href=\"https:\/\/pages.pedf.cuni.cz\/kddd\/event\/slovacko\/\">Slov\u00e1cko 2021<\/a><\/div><\/headtwo><div class=\"start\"><strong>Datum: <\/strong>srpen-z\u00e1\u0159\u00ed 2021<\/div><div class=\"organiser\"><strong>Organiz\u00e1tor: <\/strong>D. Folt\u00fdn, R. K\u00e1\u010derek<\/div><br><div class=\"location\"><strong>M\u00edsto: <\/strong>Slov\u00e1cko s v\u00fdjezdem na Slovensko<\/div><div class=\"ubytovani\"><strong>Ubytov\u00e1n\u00ed: <\/strong>chatky<\/div><br><div class=\"doprava\"><strong>Doprava: <\/strong>autobus<\/div><div class=\"cena\"><strong>Cena: <\/strong>4 500 K\u010d<\/div><br><div class=\"ucet\"><strong>\u010c. \u00fa\u010dtu a var. s.: <\/strong>85236011\/0100, v. s. 335138037<\/div><div class=\"platba\"><strong>Platba do: <\/strong>31.05.2021<\/div><br><hr><headtwo><div id=\"vypis\"><div class=\"nazev\"><a href=\"https:\/\/pages.pedf.cuni.cz\/kddd\/event\/pariz\/\">Severn\u00ed \u010cechy 2021 \u2013 \u00dastecko, D\u011b\u010d\u00ednsko<\/a><\/div><\/headtwo><div class=\"start\"><strong>Datum: <\/strong>24. \u2013 28. srpna 2021<\/div><div class=\"organiser\"><strong>Organiz\u00e1tor: <\/strong>J. Hnilica, P. Koura<\/div><br><div class=\"location\"><strong>M\u00edsto: <\/strong>Severn\u00ed \u010cechy<\/div><div class=\"ubytovani\"><strong>Ubytov\u00e1n\u00ed: <\/strong>kemp, penzion<\/div><br><div class=\"doprava\"><strong>Doprava: <\/strong>autobus<\/div><div class=\"cena\"><strong>Cena: <\/strong>4 500 K\u010d<\/div><br><div class=\"ucet\"><strong>\u010c. \u00fa\u010dtu a var. s.: <\/strong>85236011\/0100, v. s. 335 138 038<\/div><div class=\"platba\"><strong>Platba do: <\/strong>30.4.2021<\/div><br><hr><headtwo><div id=\"vypis\"><div class=\"nazev\"><a href=\"https:\/\/pages.pedf.cuni.cz\/kddd\/event\/srdce-italie-2021\/\">Srdce It\u00e1lie 2021<\/a><\/div><\/headtwo><div class=\"start\"><strong>Datum: <\/strong>4. - 12. 9. 2021<\/div><div class=\"organiser\"><strong>Organiz\u00e1tor: <\/strong>V. Vlnas, H. Havl\u016fjov\u00e1<\/div><br><div class=\"location\"><strong>M\u00edsto: <\/strong>Tosk\u00e1na - Umbrie - Lazio<\/div><div class=\"ubytovani\"><strong>Ubytov\u00e1n\u00ed: <\/strong>chatky<\/div><br><div class=\"doprava\"><strong>Doprava: <\/strong>autobus<\/div><div class=\"cena\"><strong>Cena: <\/strong>9 000 K\u010d<\/div><br><div class=\"ucet\"><strong>\u010c. \u00fa\u010dtu a var. s.: <\/strong>85236011\/0100, v.s. 335 138 039<\/div><div class=\"platba\"><strong>Platba do: <\/strong>30.04.2021<\/div><br><hr><headtwo><div id=\"vypis\"><div class=\"nazev\"><a href=\"https:\/\/pages.pedf.cuni.cz\/kddd\/event\/pardubicko\/\">Pardubicko 2021<\/a><\/div><\/headtwo><div class=\"start\"><strong>Datum: <\/strong>24.-28.6.2021<\/div><div class=\"organiser\"><strong>Organiz\u00e1tor: <\/strong>T. Lib\u00e1nek, M. Pokorn\u00e1<\/div><br><div class=\"location\"><strong>M\u00edsto: <\/strong>Pardubicko s v\u00fdjezdy<\/div><div class=\"ubytovani\"><strong>Ubytov\u00e1n\u00ed: <\/strong>v Pardubic\u00edch<\/div><br><div class=\"doprava\"><strong>Doprava: <\/strong>autobus<\/div><div class=\"cena\"><strong>Cena: <\/strong>4 500 K\u010d<\/div><br><div class=\"ucet\"><strong>\u010c. \u00fa\u010dtu a var. s.: <\/strong>85236011\/0100, v. s. 335 138 040<\/div><div class=\"platba\"><strong>Platba do: <\/strong>30.04.2021<\/div><br><hr><headtwo><div id=\"vypis\"><div class=\"nazev\"><a href=\"https:\/\/pages.pedf.cuni.cz\/kddd\/event\/domazlicko\/\">Doma\u017elicko 2021<\/a><\/div><\/headtwo><div class=\"start\"><strong>Datum: <\/strong>28.07.-1.8.2021<\/div><div class=\"organiser\"><strong>Organiz\u00e1tor: <\/strong>J. Hais, J. Kremer<\/div><br><div class=\"location\"><strong>M\u00edsto: <\/strong>Doma\u017elice a okol\u00ed<\/div><div class=\"ubytovani\"><strong>Ubytov\u00e1n\u00ed: <\/strong>bude up\u0159esn\u011bno<\/div><br><div class=\"doprava\"><strong>Doprava: <\/strong>autobus<\/div><div class=\"cena\"><strong>Cena: <\/strong>3 700 K\u010d<\/div><br><div class=\"ucet\"><strong>\u010c. \u00fa\u010dtu a var. s.: <\/strong>85236011\/0100, v. s. 335 138 041<\/div><div class=\"platba\"><strong>Platba do: <\/strong>30.04.2021<\/div><br><hr><headtwo><div id=\"vypis\"><div class=\"nazev\"><a href=\"https:\/\/pages.pedf.cuni.cz\/kddd\/event\/letni-skola-cirkevnich-dejin\/\">Letn\u00ed \u0161kola c\u00edrkevn\u00edch d\u011bjin<\/a><\/div><\/headtwo><div class=\"start\"><strong>Datum: <\/strong>6.09.-10.09.2021<\/div><div class=\"organiser\"><strong>Organiz\u00e1tor: <\/strong>M. Sklen\u00e1\u0159, J. Zdichynec<\/div><br><div class=\"location\"><strong>M\u00edsto: <\/strong>Litom\u011b\u0159ice<\/div><div class=\"ubytovani\"><strong>Ubytov\u00e1n\u00ed: <\/strong>diec\u00e9zn\u00ed d\u016fm<\/div><br><div class=\"doprava\"><strong>Doprava: <\/strong>vlastn\u00ed<\/div><div class=\"cena\"><strong>Cena: <\/strong>3 950 v p\u0159\u00edpad\u011b pln\u00e9 penze a ubytov\u00e1n\u00ed<\/div><br><div class=\"ucet\"><strong>\u010c. \u00fa\u010dtu a var. s.: <\/strong>bude up\u0159esn\u011bno<\/div><div class=\"platba\"><strong>Platba do: <\/strong>31.05.2021<\/div><br><hr><headtwo><div id=\"vypis\"><div class=\"nazev\"><a href=\"https:\/\/pages.pedf.cuni.cz\/kddd\/event\/zapadni-cechy-2020\/\">Z\u00e1padn\u00ed \u010cechy 2021<\/a><\/div><\/headtwo><div class=\"start\"><strong>Datum: <\/strong>konec \u010dervna, bude up\u0159esn\u011bno<\/div><div class=\"organiser\"><strong>Organiz\u00e1tor: <\/strong>K. Charv\u00e1tov\u00e1, K. Sl\u00e1dkov\u00e1<\/div><br><div class=\"location\"><strong>M\u00edsto: <\/strong>Z\u00e1padn\u00ed \u010cechy: Slavkovsk\u00fd les, Chebsko, v\u00fdjezd do N\u011bmecka <\/div><div class=\"ubytovani\"><strong>Ubytov\u00e1n\u00ed: <\/strong>chatky n. budova<\/div><br><div class=\"doprava\"><strong>Doprava: <\/strong>autobus<\/div><div class=\"cena\"><strong>Cena: <\/strong>4 500 K\u010d<\/div><br><div class=\"ucet\"><strong>\u010c. \u00fa\u010dtu a var. s.: <\/strong>85236011\/0100, , v.s. 335138042<\/div><div class=\"platba\"><strong>Platba do: <\/strong>31.05.2021<\/div><br><hr><headtwo><div id=\"vypis\"><div class=\"nazev\"><a href=\"https:\/\/pages.pedf.cuni.cz\/kddd\/event\/indie\/\">Indie 2019<\/a><\/div><\/headtwo><div class=\"start\"><strong>Datum: <\/strong>23. 8. - 13. 9. 2019<\/div><div class=\"organiser\"><strong>Organiz\u00e1tor: <\/strong>Mgr. Du\u0161an Folt\u00fdn<\/div><br><div class=\"location\"><strong>M\u00edsto: <\/strong>Indie<\/div><div class=\"cena\"><strong>Cena: <\/strong>35 000 K\u010d, z\u00e1loha 15 000 K\u010d<\/div><br><div class=\"ucet\"><strong>\u010c. \u00fa\u010dtu a var. s.: <\/strong>85236011\/0100, v.s.: 335 138 023<\/div><div class=\"platba\"><strong>Platba do: <\/strong>20.12.2018<\/div><br><hr><headtwo><div id=\"vypis\"><div class=\"nazev\"><a href=\"https:\/\/pages.pedf.cuni.cz\/kddd\/event\/mezi-dyji-dunajem-a-neziderskym-jezerem-2019\/\">Mezi Dyj\u00ed, Dunajem a Nezidersk\u00fdm jezerem 2019<\/a><\/div><\/headtwo><div class=\"start\"><strong>Datum: <\/strong>3. - 7.9.2019<\/div><div class=\"organiser\"><strong>Organiz\u00e1tor: <\/strong>M. Pokorn\u00e1, J. Pokorn\u00fd<\/div><br><div class=\"location\"><strong>M\u00edsto: <\/strong>Morava - Rakousko - Ma\u010farsko<\/div><div class=\"cena\"><strong>Cena: <\/strong>5.000 K\u010d<\/div><br><div class=\"ucet\"><strong>\u010c. \u00fa\u010dtu a var. s.: <\/strong>85236011\/0100, v.s. 335 138 025<\/div><div class=\"platba\"><strong>Platba do: <\/strong>15.3.2019<\/div><br><hr><headtwo><div id=\"vypis\"><div class=\"nazev\"><a href=\"https:\/\/pages.pedf.cuni.cz\/kddd\/event\/domaci-2019\/\">Liberecko 2019<\/a><\/div><\/headtwo><div class=\"start\"><strong>Datum: <\/strong>27. 8. - 31. 8. 2019<\/div><div class=\"organiser\"><strong>Organiz\u00e1tor: <\/strong>J. Hnilica, P. Koura<\/div><br><div class=\"location\"><strong>M\u00edsto: <\/strong>Severn\u00ed \u010cechy<\/div><div class=\"cena\"><strong>Cena: <\/strong>4 500 K\u010d<\/div><br><div class=\"ucet\"><strong>\u010c. \u00fa\u010dtu a var. s.: <\/strong>85236011\/0100, v.s. 335 138 027<\/div><div class=\"platba\"><strong>Platba do: <\/strong>15.3.2019<\/div><br><hr><headtwo><div id=\"vypis\"><div class=\"nazev\"><a href=\"https:\/\/pages.pedf.cuni.cz\/kddd\/event\/ceske-svycarsko-2019\/\">\u010cesk\u00e9 \u0160v\u00fdcarsko 2019<\/a><\/div><\/headtwo><div class=\"start\"><strong>Datum: <\/strong>14. 8. - 18. 8. 2019<\/div><div class=\"organiser\"><strong>Organiz\u00e1tor: <\/strong>T. Mikeska, F. Parkan<\/div><br><div class=\"location\"><strong>M\u00edsto: <\/strong>N\u00e1rodn\u00ed park \u010cesk\u00e9 \u0160v\u00fdcarsko<\/div><div class=\"cena\"><strong>Cena: <\/strong>3 800 K\u010d<\/div><br><div class=\"ucet\"><strong>\u010c. \u00fa\u010dtu a var. s.: <\/strong>85236011\/0100, v.s. 335 138 024<\/div><div class=\"platba\"><strong>Platba do: <\/strong>15.3.2019<\/div><br><hr><headtwo><div id=\"vypis\"><div class=\"nazev\"><a href=\"https:\/\/pages.pedf.cuni.cz\/kddd\/event\/letni-skola-klasickych-studii-2\/\">Letn\u00ed \u0161kola klasick\u00fdch studi\u00ed s KKS-FL\u00da AV \u010cR<\/a><\/div><\/headtwo><div class=\"start\"><strong>Datum: <\/strong>29. 6. \u2013 3. 7. 2019<\/div><div class=\"organiser\"><strong>Organiz\u00e1tor: <\/strong>A. Sarkissian, J. Kepartov\u00e1<\/div><br><div class=\"location\"><strong>M\u00edsto: <\/strong>Kutn\u00e1 Hora<\/div><div class=\"cena\"><strong>Cena: <\/strong>500 K\u010d<\/div><br><div class=\"ucet\"><strong>\u010c. \u00fa\u010dtu a var. s.: <\/strong>11339990\/5500 V.S.: 719030<\/div><div class=\"platba\"><strong>Platba do: <\/strong>14.06.2019<\/div><br><hr><headtwo><div id=\"vypis\"><div class=\"nazev\"><a href=\"https:\/\/pages.pedf.cuni.cz\/kddd\/event\/italie-2\/\">It\u00e1lie s MU Brno<\/a><\/div><\/headtwo><div class=\"start\"><strong>Datum: <\/strong>14. - 24.6.2019<\/div><div class=\"organiser\"><strong>Organiz\u00e1tor: <\/strong>M. Melounov\u00e1, J. Kepartov\u00e1<\/div><br><div class=\"location\"><strong>M\u00edsto: <\/strong>It\u00e1lie<\/div><div class=\"cena\"><strong>Cena: <\/strong>10 000 K\u010d<\/div><br><div class=\"ucet\"><strong>\u010c. \u00fa\u010dtu a var. s.: <\/strong>bude up\u0159esn\u011bno<\/div><div class=\"platba\"><strong>Platba do: <\/strong>31.03.2019<\/div><br><hr><headtwo><div id=\"vypis\"><div class=\"nazev\"><a href=\"https:\/\/pages.pedf.cuni.cz\/kddd\/event\/jizni-cechy-2019\/\">Ji\u017en\u00ed \u010cechy 2019<\/a><\/div><\/headtwo><div class=\"start\"><strong>Datum: <\/strong>26.5. - 30.5.2019<\/div><div class=\"organiser\"><strong>Organiz\u00e1tor: <\/strong>K. Sl\u00e1dkov\u00e1, Mark\u00e9ta Jaro\u0161ov\u00e1 (KTF)<\/div><br><div class=\"location\"><strong>M\u00edsto: <\/strong>Ji\u017en\u00ed \u010cechy<\/div><div class=\"cena\"><strong>Cena: <\/strong>4 000 K\u010d<\/div><br><div class=\"ucet\"><strong>\u010c. \u00fa\u010dtu a var. s.: <\/strong>85236011\/0100, v.s. 335 138 028<\/div><div class=\"platba\"><strong>Platba do: <\/strong>15.3.2019<\/div><br><hr><headtwo><div id=\"vypis\"><div class=\"nazev\"><a href=\"https:\/\/pages.pedf.cuni.cz\/kddd\/event\/italie\/\">Tosk\u00e1nsko a Umbrie 2019<\/a><\/div><\/headtwo><div class=\"start\"><strong>Datum: <\/strong>16. \u2013 24. 5. 2019<\/div><div class=\"organiser\"><strong>Organiz\u00e1tor: <\/strong>K. Charv\u00e1tov\u00e1, V. Vlnas<\/div><br><div class=\"location\"><strong>M\u00edsto: <\/strong>SRDCE IT\u00c1LIE: ji\u017en\u00ed Tosk\u00e1nsko a Umbrie<\/div><div class=\"cena\"><strong>Cena: <\/strong>9 500 K\u010d<\/div><br><div class=\"ucet\"><strong>\u010c. \u00fa\u010dtu a var. s.: <\/strong>85236011\/0100, v.s. 335 138 026<\/div><div class=\"platba\"><strong>Platba do: <\/strong>15.3.2019<\/div><br><hr><headtwo><div id=\"vypis\"><div class=\"nazev\"><a href=\"https:\/\/pages.pedf.cuni.cz\/kddd\/event\/na-hranicich-statu-valek-a-poezie-2018\/\">Na hranic\u00edch st\u00e1t\u016f, v\u00e1lek a poezie 2018<\/a><\/div><\/headtwo><div class=\"start\"><strong>Datum: <\/strong>14.09 - 23.09.2018<\/div><div class=\"organiser\"><strong>Organiz\u00e1tor: <\/strong>K. Charv\u00e1tov\u00e1, P. Charv\u00e1t, V. Vlnas<\/div><br><div class=\"location\"><strong>M\u00edsto: <\/strong>V\u00fdchodn\u00ed Francie, Lotrinsko, Belgie a Lucembursko<\/div><div class=\"cena\"><strong>Cena: <\/strong>9 000 K\u010d<\/div><br><div class=\"ucet\"><strong>\u010c. \u00fa\u010dtu a var. s.: <\/strong>85236011\/0100, v.s. 335 138 021<\/div><div class=\"platba\"><strong>Platba do: <\/strong>22.3.2018<\/div><br><hr><headtwo><div id=\"vypis\"><div class=\"nazev\"><a href=\"https:\/\/pages.pedf.cuni.cz\/kddd\/event\/vandrovni-exkurze-brdy-a-hrebeny-2018\/\">Vandrovn\u00ed exkurze Brdy a H\u0159ebeny 2018<\/a><\/div><\/headtwo><div class=\"start\"><strong>Datum: <\/strong>5.-9. z\u00e1\u0159\u00ed 2018<\/div><div class=\"organiser\"><strong>Organiz\u00e1tor: <\/strong>J. Hnilica, J. Kales<\/div><br><div class=\"location\"><strong>M\u00edsto: <\/strong>Dob\u0159\u00ed\u0161ko, P\u0159\u00edbramsko a Ro\u017emit\u00e1lsko<\/div><div class=\"cena\"><strong>Cena: <\/strong>1 500 K\u010d<\/div><br><div class=\"ucet\"><strong>\u010c. \u00fa\u010dtu a var. s.: <\/strong>85236011\/0100, v. s. 335\u00a0138 022<\/div><div class=\"platba\"><strong>Platba do: <\/strong>22.3.2018<\/div><br><hr><headtwo><div id=\"vypis\"><div class=\"nazev\"><a href=\"https:\/\/pages.pedf.cuni.cz\/kddd\/event\/po-pamatkach-kralovickeho-okresu-2018\/\">Po pam\u00e1tk\u00e1ch Kralovick\u00e9ho okresu 2018<\/a><\/div><\/headtwo><div class=\"start\"><strong>Datum: <\/strong>08.08. - 12.08.2018<\/div><div class=\"organiser\"><strong>Organiz\u00e1tor: <\/strong>F. Parkan, T. Mikeska<\/div><br><div class=\"location\"><strong>M\u00edsto: <\/strong>Rakovnicko, K\u0159ivokl\u00e1tsko<\/div><div class=\"cena\"><strong>Cena: <\/strong>3 800 K\u010d<\/div><br><div class=\"ucet\"><strong>\u010c. \u00fa\u010dtu a var. s.: <\/strong>85236011\/0100, v. s. 335 138 018<\/div><div class=\"platba\"><strong>Platba do: <\/strong>22.03.2018<\/div><br><hr><headtwo><div id=\"vypis\"><div class=\"nazev\"><a href=\"https:\/\/pages.pedf.cuni.cz\/kddd\/event\/sumava-2018\/\">\u0160umava 2018<\/a><\/div><\/headtwo><div class=\"start\"><strong>Datum: <\/strong>28.08. - 1.09.2018<\/div><div class=\"organiser\"><strong>Organiz\u00e1tor: <\/strong>P. Koura<\/div><br><div class=\"location\"><strong>M\u00edsto: <\/strong>Klatovy a okol\u00ed (Klatovy, Velhartice, Su\u0161ice, Ka\u0161persk\u00e9 Hory) <\/div><div class=\"cena\"><strong>Cena: <\/strong>4 000 K\u010d<\/div><br><div class=\"ucet\"><strong>\u010c. \u00fa\u010dtu a var. s.: <\/strong>85236011\/0100, V.S.: 335 138 020<\/div><div class=\"platba\"><strong>Platba do: <\/strong>22.03.2018<\/div><br><hr><headtwo><div id=\"vypis\"><div class=\"nazev\"><a href=\"https:\/\/pages.pedf.cuni.cz\/kddd\/event\/divoky-vychod-2018\/\">Divok\u00fd V\u00fdchod 2018<\/a><\/div><\/headtwo><div class=\"start\"><strong>Datum: <\/strong>11.08. - 19.08.2018<\/div><div class=\"organiser\"><strong>Organiz\u00e1tor: <\/strong>D. Folt\u00fdn, R. Skopek<\/div><br><div class=\"location\"><strong>M\u00edsto: <\/strong>V\u00fdchodn\u00ed Slovensko, jihov\u00fdchodn\u00ed Polsko<\/div><div class=\"cena\"><strong>Cena: <\/strong>4 200 K\u010d<\/div><br><div class=\"ucet\"><strong>\u010c. \u00fa\u010dtu a var. s.: <\/strong>85236011\/0100, v.s. 335 138 019<\/div><div class=\"platba\"><strong>Platba do: <\/strong>22.3.2018<\/div><br><hr><headtwo><div id=\"vypis\"><div class=\"nazev\"><a href=\"https:\/\/pages.pedf.cuni.cz\/kddd\/event\/hranice-a-identity-severni-morava-a-slezsko-2018\/\">Hranice a identity: Severn\u00ed Morava a Slezsko 2018<\/a><\/div><\/headtwo><div class=\"start\"><strong>Datum: <\/strong>24.05. - 28.05.2018  <\/div><div class=\"organiser\"><strong>Organiz\u00e1tor: <\/strong>H. Havl\u016fjov\u00e1, K. Sl\u00e1dkov\u00e1<\/div><br><div class=\"location\"><strong>M\u00edsto: <\/strong>Severn\u00ed Morava a Slezsko<\/div><div class=\"cena\"><strong>Cena: <\/strong>3 500,-K\u010d <\/div><br><div class=\"ucet\"><strong>\u010c. \u00fa\u010dtu a var. s.: <\/strong>85236011\/0100, v. s.: 335138 017<\/div><div class=\"platba\"><strong>Platba do: <\/strong>22.03.2018<\/div><br><hr><headtwo><div id=\"vypis\"><div class=\"nazev\"><a href=\"https:\/\/pages.pedf.cuni.cz\/kddd\/event\/polabi-kulturni-od-stredoveku-po-hrabala\/\">Polab\u00ed kulturn\u00ed (od st\u0159edov\u011bku po Hrabala) 2017<\/a><\/div><\/headtwo><div class=\"start\"><strong>Datum: <\/strong>8. 9. - 12. 9. 2017<\/div><div class=\"organiser\"><strong>Organiz\u00e1tor: <\/strong>D. Ol\u0161\u00e1kov\u00e1, V. Vlnas<\/div><br><div class=\"location\"><strong>M\u00edsto: <\/strong>Polab\u00ed<\/div><div class=\"cena\"><strong>Cena: <\/strong>3.000 K\u010d <\/div><br><div class=\"ucet\"><strong>\u010c. \u00fa\u010dtu a var. s.: <\/strong>85236011\/0100, v.s.:  335 138 015<\/div><div class=\"platba\"><strong>Platba do: <\/strong>15.03.2017<\/div><br><hr><headtwo><div id=\"vypis\"><div class=\"nazev\"><a href=\"https:\/\/pages.pedf.cuni.cz\/kddd\/event\/cesky-venkov-pro-odvazne-2017\/\">\u010cesk\u00fd venkov pro odv\u00e1\u017en\u00e9 2017<\/a><\/div><\/headtwo><div class=\"start\"><strong>Datum: <\/strong>29. 08. - 02. 09. 2017<\/div><div class=\"organiser\"><strong>Organiz\u00e1tor: <\/strong>D. Folt\u00fdn, P. Koura, L. Hrouda<\/div><br><div class=\"location\"><strong>M\u00edsto: <\/strong>Koko\u0159\u00ednsko a okol\u00ed (\u00da\u0161t\u011bk a Lobe\u010d)<\/div><div class=\"cena\"><strong>Cena: <\/strong>3.500 K\u010d <\/div><br><div class=\"ucet\"><strong>\u010c. \u00fa\u010dtu a var. s.: <\/strong>85236011\/0100,v.s..: 335 138 012 <\/div><div class=\"platba\"><strong>Platba do: <\/strong>15.3.2017<\/div><br><hr><headtwo><div id=\"vypis\"><div class=\"nazev\"><a href=\"https:\/\/pages.pedf.cuni.cz\/kddd\/event\/chebsko-2017\/\">Chebsko 2017<\/a><\/div><\/headtwo><div class=\"start\"><strong>Datum: <\/strong>09.08. - 13.08.2017<\/div><div class=\"organiser\"><strong>Organiz\u00e1tor: <\/strong>Franti\u0161ek Parkan, Tom\u00e1\u0161 Mikeska<\/div><br><div class=\"location\"><strong>M\u00edsto: <\/strong>Chebsko<\/div><div class=\"cena\"><strong>Cena: <\/strong>3 600 K\u010d<\/div><br><div class=\"ucet\"><strong>\u010c. \u00fa\u010dtu a var. s.: <\/strong>85236011\/0100, v.s. 335 138 014<\/div><div class=\"platba\"><strong>Platba do: <\/strong>15.3.2017<\/div><br><hr><headtwo><div id=\"vypis\"><div class=\"nazev\"><a href=\"https:\/\/pages.pedf.cuni.cz\/kddd\/event\/vysocinou\/\">Vyso\u010dinou<\/a><\/div><\/headtwo><div class=\"start\"><strong>Datum: <\/strong>19.6. - 23.6.2017<\/div><div class=\"organiser\"><strong>Organiz\u00e1tor: <\/strong>Hana Havl\u016fjov\u00e1, Petra Michalov\u00e1<\/div><br><div class=\"location\"><strong>M\u00edsto: <\/strong>Vyso\u010dina<\/div><div class=\"cena\"><strong>Cena: <\/strong>3 500 K\u010d<\/div><br><div class=\"ucet\"><strong>\u010c. \u00fa\u010dtu a var. s.: <\/strong>85236011\/0100, v.s.: 335 138 013<\/div><div class=\"platba\"><strong>Platba do: <\/strong>15.3.2017<\/div><br><hr><headtwo><div id=\"vypis\"><div class=\"nazev\"><a href=\"https:\/\/pages.pedf.cuni.cz\/kddd\/event\/zamky-na-loire-a-nejen-zamky-na-loire\/\">Z\u00e1mky na Loi\u0159e a nejen z\u00e1mky na Loi\u0159e<\/a><\/div><\/headtwo><div class=\"start\"><strong>Datum: <\/strong>12.-21.5.2017<\/div><div class=\"organiser\"><strong>Organiz\u00e1tor: <\/strong>Kate\u0159ina Charv\u00e1tov\u00e1, Petr Charv\u00e1t<\/div><br><div class=\"location\"><strong>M\u00edsto: <\/strong>Francie<\/div><div class=\"cena\"><strong>Cena: <\/strong>9 500 K\u010d<\/div><br><div class=\"ucet\"><strong>\u010c. \u00fa\u010dtu a var. s.: <\/strong>85236011\/0100, v.s.: 335 138 011<\/div><div class=\"platba\"><strong>Platba do: <\/strong>15.3.2017<\/div><br><hr><headtwo><div id=\"vypis\"><div class=\"nazev\"><a href=\"https:\/\/pages.pedf.cuni.cz\/kddd\/event\/izrael-a-palestina\/\">Izrael a Palestina - oprava<\/a><\/div><\/headtwo><div class=\"start\"><strong>Datum: <\/strong>16.9.-25.9.2016<\/div><div class=\"organiser\"><strong>Organiz\u00e1tor: <\/strong>H. Havl\u016fjov\u00e1, V. Vlnas<\/div><br><div class=\"location\"><strong>M\u00edsto: <\/strong>Izrael a Palestina<\/div><div class=\"cena\"><strong>Cena: <\/strong>11 000 + 10 000 K\u010d<\/div><br><div class=\"ucet\"><strong>\u010c. \u00fa\u010dtu a var. s.: <\/strong>85236011\/0100, v.s. 335138006<\/div><div class=\"platba\"><strong>Platba do: <\/strong>19.02. + 30.6.<\/div><br><hr><headtwo><div id=\"vypis\"><div class=\"nazev\"><a href=\"https:\/\/pages.pedf.cuni.cz\/kddd\/event\/berlin-pod-hakovym-krizem\/\">Berl\u00edn pod h\u00e1kov\u00fdm k\u0159\u00ed\u017eem<\/a><\/div><\/headtwo><div class=\"start\"><strong>Datum: <\/strong>22.08. - 27.8.2016<\/div><div class=\"organiser\"><strong>Organiz\u00e1tor: <\/strong>P. Koura, R. Skopek<\/div><br><div class=\"location\"><strong>M\u00edsto: <\/strong>Berl\u00edn a okol\u00ed (Oranienburg, Postupim)<\/div><div class=\"cena\"><strong>Cena: <\/strong>9 000 K\u010d<\/div><br><div class=\"ucet\"><strong>\u010c. \u00fa\u010dtu a var. s.: <\/strong>85236011\/0100, V.S.: 335 138 010<\/div><div class=\"platba\"><strong>Platba do: <\/strong>15.3.2016<\/div><br><hr><headtwo><div id=\"vypis\"><div class=\"nazev\"><a href=\"https:\/\/pages.pedf.cuni.cz\/kddd\/event\/chodsko-2016\/\">Chodsko 2016<\/a><\/div><\/headtwo><div class=\"start\"><strong>Datum: <\/strong>16.07. - 20.07.2016<\/div><div class=\"organiser\"><strong>Organiz\u00e1tor: <\/strong>T. Mikeska, F. Parkan, P. Proch\u00e1zka, M. Houska<\/div><br><div class=\"location\"><strong>M\u00edsto: <\/strong>Rybn\u00edk u Pob\u011b\u017eovic, Doma\u017elicko, Plze\u0148sko a Klatovsko<\/div><div class=\"cena\"><strong>Cena: <\/strong>3 600 K\u010d <\/div><br><div class=\"ucet\"><strong>\u010c. \u00fa\u010dtu a var. s.: <\/strong>85236011\/0100, V.S.: 335 138 008<\/div><div class=\"platba\"><strong>Platba do: <\/strong>15.3.2016<\/div><br><hr><headtwo><div id=\"vypis\"><div class=\"nazev\"><a href=\"https:\/\/pages.pedf.cuni.cz\/kddd\/event\/expedice-silicka-planina-2016\/\">Expedice Silick\u00e1 planina 2016<\/a><\/div><\/headtwo><div class=\"start\"><strong>Datum: <\/strong>09. - 16. 07. 2016<\/div><div class=\"organiser\"><strong>Organiz\u00e1tor: <\/strong>D. Folt\u00fdn, P. Rajterov\u00e1, L. Hrouda, J. Andreska<\/div><br><div class=\"location\"><strong>M\u00edsto: <\/strong>Silica (pomez\u00ed v\u00fdchodn\u00edho Slovenska a Ma\u010farska)<\/div><div class=\"cena\"><strong>Cena: <\/strong>3 500 K\u010d<\/div><br><div class=\"ucet\"><strong>\u010c. \u00fa\u010dtu a var. s.: <\/strong>85236011\/0100, V.S.: 335 138 009<\/div><div class=\"platba\"><strong>Platba do: <\/strong>15.03.2016<\/div><br><hr><headtwo><div id=\"vypis\"><div class=\"nazev\"><a href=\"https:\/\/pages.pedf.cuni.cz\/kddd\/event\/francie\/\">Francie, Gasko\u0148sko<\/a><\/div><\/headtwo><div class=\"start\"><strong>Datum: <\/strong>13.5.-20.5.2016<\/div><div class=\"organiser\"><strong>Organiz\u00e1tor: <\/strong>Kate\u0159ina a Petr Charv\u00e1tovi<\/div><br><div class=\"location\"><strong>M\u00edsto: <\/strong>Francie<\/div><div class=\"cena\"><strong>Cena: <\/strong>9 000 K\u010d<\/div><br><div class=\"ucet\"><strong>\u010c. \u00fa\u010dtu a var. s.: <\/strong>85236011\/0100, v.s. 335138007<\/div><div class=\"platba\"><strong>Platba do: <\/strong>15.3.2016<\/div><br><hr><headtwo><div id=\"vypis\"><div class=\"nazev\"><a href=\"https:\/\/pages.pedf.cuni.cz\/kddd\/event\/zivty-stredovek-experimentalni-a-pesi-exkurze-tvrz-malesov-2015\/\">\u017di(v)(t)\u00fd st\u0159edov\u011bk. Experiment\u00e1ln\u00ed a p\u011b\u0161\u00ed exkurze. Tvrz Male\u0161ov 2015.<\/a><\/div><\/headtwo><div class=\"start\"><strong>Datum: <\/strong>10.09.2015 - 14.09.2015<\/div><div class=\"organiser\"><strong>Organiz\u00e1tor: <\/strong>Ji\u0159\u00ed Hnilica, V\u00edt Vlnas<\/div><br><div class=\"location\"><strong>M\u00edsto: <\/strong>Tvrz Male\u0161ov<\/div><div class=\"cena\"><strong>Cena: <\/strong>1 500 K\u010d<\/div><br><div class=\"ucet\"><strong>\u010c. \u00fa\u010dtu a var. s.: <\/strong>85236011\/0100, v.s. 335138005<\/div><div class=\"platba\"><strong>Platba do: <\/strong>15.03.2015<\/div><br><hr><headtwo><div id=\"vypis\"><div class=\"nazev\"><a href=\"https:\/\/pages.pedf.cuni.cz\/kddd\/event\/halic-2015-vychod-c-k-monarchie-nejen-ve-stopach-svejka\/\">Hali\u010d 2015: V\u00fdchod c. k. monarchie nejen ve stop\u00e1ch \u0160vejka<\/a><\/div><\/headtwo><div class=\"start\"><strong>Datum: <\/strong>29.08.2015 - 06.09.2015<\/div><div class=\"organiser\"><strong>Organiz\u00e1tor: <\/strong>Du\u0161an Folt\u00fdn, Alena M\u00ed\u0161kov\u00e1, Petr Koura<\/div><br><div class=\"location\"><strong>M\u00edsto: <\/strong>Z\u00e1padn\u00ed Ukrajina (Lvov), v\u00fdchodn\u00ed Slovensko (Ko\u0161ice)<\/div><div class=\"cena\"><strong>Cena: <\/strong>6 400 K\u010d<\/div><br><div class=\"ucet\"><strong>\u010c. \u00fa\u010dtu a var. s.: <\/strong>85236011\/0100, v.s. 335138004<\/div><div class=\"platba\"><strong>Platba do: <\/strong>15.03.2015<\/div><br><hr><headtwo><div id=\"vypis\"><div class=\"nazev\"><a href=\"https:\/\/pages.pedf.cuni.cz\/kddd\/event\/jihozapadni-cechy-2015\/\">Jihoz\u00e1padn\u00ed \u010cechy 2015<\/a><\/div><\/headtwo><div class=\"start\"><strong>Datum: <\/strong>27.06.2015 - 01.07.2015<\/div><div class=\"organiser\"><strong>Organiz\u00e1tor: <\/strong>Tom\u00e1\u0161 Mikeska, Petr Proch\u00e1zka<\/div><br><div class=\"location\"><strong>M\u00edsto: <\/strong>Strakonicko, Prachaticko a P\u00edsecko<\/div><div class=\"cena\"><strong>Cena: <\/strong>3 600 K\u010d<\/div><br><div class=\"ucet\"><strong>\u010c. \u00fa\u010dtu a var. s.: <\/strong>85236011\/0100, v.s. 335138003<\/div><div class=\"platba\"><strong>Platba do: <\/strong>15.03.2015<\/div><br><hr><headtwo><div id=\"vypis\"><div class=\"nazev\"><a href=\"https:\/\/pages.pedf.cuni.cz\/kddd\/event\/pootavi-lodmo-2015\/\">Pootav\u00ed lo\u010fmo 2015<\/a><\/div><\/headtwo><div class=\"start\"><strong>Datum: <\/strong>19.05.2015 - 23.05.2015<\/div><div class=\"organiser\"><strong>Organiz\u00e1tor: <\/strong>Hana Havl\u016fjov\u00e1, Robert Skopek<\/div><br><div class=\"location\"><strong>M\u00edsto: <\/strong>Otava a okol\u00ed od Su\u0161ice po P\u00edsek<\/div><div class=\"cena\"><strong>Cena: <\/strong>3 500 K\u010d<\/div><br><div class=\"ucet\"><strong>\u010c. \u00fa\u010dtu a var. s.: <\/strong>85236011\/0100, v.s. 335138002<\/div><div class=\"platba\"><strong>Platba do: <\/strong>15.03.2015<\/div><br><hr><headtwo><div id=\"vypis\"><div class=\"nazev\"><a href=\"https:\/\/pages.pedf.cuni.cz\/kddd\/event\/pootavi-pesmo-2015\/\">Pootav\u00ed p\u011b\u0161mo 2015<\/a><\/div><\/headtwo><div class=\"start\"><strong>Datum: <\/strong>19.05.2015 - 23.05.2015<\/div><div class=\"organiser\"><strong>Organiz\u00e1tor: <\/strong>Hana Havl\u016fjov\u00e1, Robert Skopek<\/div><br><div class=\"location\"><strong>M\u00edsto: <\/strong>Pootav\u00ed<\/div><div class=\"cena\"><strong>Cena: <\/strong>3 500 K\u010d<\/div><br><div class=\"ucet\"><strong>\u010c. \u00fa\u010dtu a var. s.: <\/strong>85236011\/0100, v.s. 335138002<\/div><div class=\"platba\"><strong>Platba do: <\/strong>15.03.2015<\/div><br><hr><headtwo><div id=\"vypis\"><div class=\"nazev\"><a href=\"https:\/\/pages.pedf.cuni.cz\/kddd\/event\/at-zije-akvitanie\/\">A\u0165 \u017eije Akvit\u00e1nie!<\/a><\/div><\/headtwo><div class=\"start\"><strong>Datum: <\/strong>08.05.2015 - 17.05.2015<\/div><div class=\"organiser\"><strong>Organiz\u00e1tor: <\/strong>Petr a Kate\u0159ina Charv\u00e1tovi<\/div><br><div class=\"location\"><strong>M\u00edsto: <\/strong>Francie, region Midi - Pyr\u00e9n\u00e9es<\/div><div class=\"cena\"><strong>Cena: <\/strong>9 000 K\u010d<\/div><br><div class=\"ucet\"><strong>\u010c. \u00fa\u010dtu a var. s.: <\/strong>85236011\/0100, v.s. 335138001<\/div><div class=\"platba\"><strong>Platba do: <\/strong>15.03.2015<\/div><br><hr><headtwo><div id=\"vypis\"><div class=\"nazev\"><a href=\"https:\/\/pages.pedf.cuni.cz\/kddd\/event\/krakov-mesto-kralu-2014\/\">Krakov - m\u011bsto kr\u00e1l\u016f 2014<\/a><\/div><\/headtwo><div class=\"start\"><strong>Datum: <\/strong>22.09.2014 - 27.09.2014<\/div><div class=\"organiser\"><strong>Organiz\u00e1tor: <\/strong>Du\u0161an Folt\u00fdn, Alena M\u00ed\u0161kov\u00e1<\/div><br><div class=\"location\"><strong>M\u00edsto: <\/strong>Polsko, Krakov a Malopolsko<\/div><div class=\"cena\"><strong>Cena: <\/strong>5 800 K\u010d<\/div><br><div class=\"ucet\"><strong>\u010c. \u00fa\u010dtu a var. s.: <\/strong>85236011\/0100, v.s. 335 138 005<\/div><div class=\"platba\"><strong>Platba do: <\/strong>15.03.2014<\/div><br><hr><headtwo><div id=\"vypis\"><div class=\"nazev\"><a href=\"https:\/\/pages.pedf.cuni.cz\/kddd\/event\/dejiny-v-rece-sazava-2014\/\">D\u011bjiny v \u0159ece. S\u00e1zava 2014<\/a><\/div><\/headtwo><div class=\"start\"><strong>Datum: <\/strong>04.09.2014 - 08.09.2014<\/div><div class=\"organiser\"><strong>Organiz\u00e1tor: <\/strong>Ji\u0159\u00ed Hnilica, V\u00edt Vlnas<\/div><br><div class=\"location\"><strong>M\u00edsto: <\/strong>S\u00e1zava: ze \u017d\u010f\u00e1ru nad S\u00e1zavou do \u010cer\u010dan<\/div><div class=\"cena\"><strong>Cena: <\/strong>2 500 K\u010d<\/div><br><div class=\"ucet\"><strong>\u010c. \u00fa\u010dtu a var. s.: <\/strong>85236011\/0100, v.s. 335 138 004<\/div><div class=\"platba\"><strong>Platba do: <\/strong>15.03.2014<\/div><br><hr><headtwo><div id=\"vypis\"><div class=\"nazev\"><a href=\"https:\/\/pages.pedf.cuni.cz\/kddd\/event\/ceska-kanada-2014\/\">\u010cesk\u00e1 Kanada 2014<\/a><\/div><\/headtwo><div class=\"start\"><strong>Datum: <\/strong>16.07.2014 - 20.07.2014<\/div><div class=\"organiser\"><strong>Organiz\u00e1tor: <\/strong>Tom\u00e1\u0161 Mikeska, Petr Proch\u00e1zka<\/div><br><div class=\"location\"><strong>M\u00edsto: <\/strong>\u010cesk\u00e1 Kanada<\/div><div class=\"cena\"><strong>Cena: <\/strong>3 600 K\u010d<\/div><br><div class=\"ucet\"><strong>\u010c. \u00fa\u010dtu a var. s.: <\/strong>85236011\/0100, v.s. 335 138 003<\/div><div class=\"platba\"><strong>Platba do: <\/strong>15.03.2014<\/div><br><hr><headtwo><div id=\"vypis\"><div class=\"nazev\"><a href=\"https:\/\/pages.pedf.cuni.cz\/kddd\/event\/stredovek-a-nejen-stredovek-2014\/\">St\u0159edov\u011bk a nejen st\u0159edov\u011bk 2014<\/a><\/div><\/headtwo><div class=\"start\"><strong>Datum: <\/strong>16.05.2014 - 23.05.2014<\/div><div class=\"organiser\"><strong>Organiz\u00e1tor: <\/strong>Kate\u0159ina Charv\u00e1tov\u00e1, Petr Charv\u00e1t, Ji\u0159\u00ed Pokorn\u00fd<\/div><br><div class=\"location\"><strong>M\u00edsto: <\/strong>Severoz\u00e1padn\u00ed \u010cechy a M\u00ed\u0161e\u0148sko<\/div><div class=\"cena\"><strong>Cena: <\/strong>3 200 K\u010d<\/div><br><div class=\"ucet\"><strong>\u010c. \u00fa\u010dtu a var. s.: <\/strong>85236011\/0100, v.s. 335 138 001<\/div><div class=\"platba\"><strong>Platba do: <\/strong>15.03.2014<\/div><br><hr><headtwo><div id=\"vypis\"><div class=\"nazev\"><a href=\"https:\/\/pages.pedf.cuni.cz\/kddd\/event\/becovska-praktika-2014\/\">Be\u010dovsk\u00e1 praktika 2014<\/a><\/div><\/headtwo><div class=\"start\"><strong>Datum: <\/strong>19.05.2014 - 23.05.2014<\/div><div class=\"organiser\"><strong>Organiz\u00e1tor: <\/strong>Hana Havl\u016fjov\u00e1, Robert Skopek<\/div><br><div class=\"location\"><strong>M\u00edsto: <\/strong>Be\u010dov nad Teplou a bl\u00edzk\u00e9 okol\u00ed<\/div><div class=\"cena\"><strong>Cena: <\/strong>3 000 K\u010d<\/div><br><div class=\"ucet\"><strong>\u010c. \u00fa\u010dtu a var. s.: <\/strong>85236011\/0100, v.s. 335 138 002<\/div><div class=\"platba\"><strong>Platba do: <\/strong>15.03.2014<\/div><br><hr>\n<p>&nbsp;<\/p>\n","protected":false},"excerpt":{"rendered":"<p>Po lo\u0148sk\u00e9m experiment\u00e1ln\u00edm ov\u011b\u0159ov\u00e1n\u00ed nab\u00edz\u00edme z\u00e1\u017eitkovou exkurzi, b\u011bhem kter\u00e9 si \u0159adu teoretick\u00fdch poznatk\u016f z \u00favodu do d\u011bjepisu vyzkou\u0161\u00edte a ov\u011b\u0159\u00edte v praxi! Program p\u0159ed\u010d\u00ed v\u0161echna va\u0161e o\u010dek\u00e1v\u00e1n\u00ed a budete m\u00edt \u0161anci poznat nejen \u0159adu zaj\u00edmav\u00fdch<strong>&#8230;<\/strong><\/p>\n","protected":false},"author":402,"featured_media":0,"parent":105,"menu_order":10,"comment_status":"closed","ping_status":"closed","template":"","meta":{"_mc_calendar":[],"footnotes":""},"class_list":["post-129","page","type-page","status-publish","hentry"],"_links":{"self":[{"href":"https:\/\/pages.pedf.cuni.cz\/kddd\/wp-json\/wp\/v2\/pages\/129","targetHints":{"allow":["GET"]}}],"collection":[{"href":"https:\/\/pages.pedf.cuni.cz\/kddd\/wp-json\/wp\/v2\/pages"}],"about":[{"href":"https:\/\/pages.pedf.cuni.cz\/kddd\/wp-json\/wp\/v2\/types\/page"}],"author":[{"embeddable":true,"href":"https:\/\/pages.pedf.cuni.cz\/kddd\/wp-json\/wp\/v2\/users\/402"}],"replies":[{"embeddable":true,"href":"https:\/\/pages.pedf.cuni.cz\/kddd\/wp-json\/wp\/v2\/comments?post=129"}],"version-history":[{"count":1,"href":"https:\/\/pages.pedf.cuni.cz\/kddd\/wp-json\/wp\/v2\/pages\/129\/revisions"}],"predecessor-version":[{"id":6009,"href":"https:\/\/pages.pedf.cuni.cz\/kddd\/wp-json\/wp\/v2\/pages\/129\/revisions\/6009"}],"up":[{"embeddable":true,"href":"https:\/\/pages.pedf.cuni.cz\/kddd\/wp-json\/wp\/v2\/pages\/105"}],"wp:attachment":[{"href":"https:\/\/pages.pedf.cuni.cz\/kddd\/wp-json\/wp\/v2\/media?parent=129"}],"curies":[{"name":"wp","href":"https:\/\/api.w.org\/{rel}","templated":true}]}}