{"id":6648,"date":"2021-01-18T16:58:12","date_gmt":"2021-01-18T15:58:12","guid":{"rendered":"http:\/\/pages.pedf.cuni.cz\/kddd\/?page_id=6648"},"modified":"2024-04-19T13:23:16","modified_gmt":"2024-04-19T11:23:16","slug":"navazujici-magisterske-studium-edukace","status":"publish","type":"page","link":"https:\/\/pages.pedf.cuni.cz\/kddd\/studenti\/navazujici-magisterske-studium-edukace\/","title":{"rendered":"Navazuj\u00edc\u00ed magistersk\u00e9 studium edukace"},"content":{"rendered":"<p style=\"text-align: left\">Studijn\u00ed pl\u00e1n Edukace a interpretace v oblasti kulturn\u011b historick\u00e9ho d\u011bdictv\u00ed &#8211;<a href=\"https:\/\/pedf.cuni.cz\/PEDF-2938.html\"> Karol\u00ednka<\/a><br \/>\n<a href=\"https:\/\/pages.pedf.cuni.cz\/kddd\/files\/2023\/01\/EDUKACE-2-4.png\"><img loading=\"lazy\" decoding=\"async\" class=\"size-medium wp-image-7277 alignright\" src=\"https:\/\/pages.pedf.cuni.cz\/kddd\/files\/2023\/01\/EDUKACE-2-4-300x300.png\" alt=\"\" width=\"300\" height=\"300\" srcset=\"https:\/\/pages.pedf.cuni.cz\/kddd\/files\/2023\/01\/EDUKACE-2-4-300x300.png 300w, https:\/\/pages.pedf.cuni.cz\/kddd\/files\/2023\/01\/EDUKACE-2-4-1024x1024.png 1024w, https:\/\/pages.pedf.cuni.cz\/kddd\/files\/2023\/01\/EDUKACE-2-4-150x150.png 150w, https:\/\/pages.pedf.cuni.cz\/kddd\/files\/2023\/01\/EDUKACE-2-4-768x768.png 768w, https:\/\/pages.pedf.cuni.cz\/kddd\/files\/2023\/01\/EDUKACE-2-4-560x560.png 560w, https:\/\/pages.pedf.cuni.cz\/kddd\/files\/2023\/01\/EDUKACE-2-4-260x260.png 260w, https:\/\/pages.pedf.cuni.cz\/kddd\/files\/2023\/01\/EDUKACE-2-4-160x160.png 160w, https:\/\/pages.pedf.cuni.cz\/kddd\/files\/2023\/01\/EDUKACE-2-4-45x45.png 45w, https:\/\/pages.pedf.cuni.cz\/kddd\/files\/2023\/01\/EDUKACE-2-4.png 1080w\" sizes=\"auto, (max-width: 300px) 100vw, 300px\" \/><\/a><\/p>\n<p style=\"text-align: left\">Studium se skl\u00e1d\u00e1 z\u00a0p\u0159edm\u011bt\u016f povinn\u00fdch, povinn\u011b voliteln\u00fdch a voliteln\u00fdch. Povinn\u00e9 p\u0159edm\u011bty jsou pevn\u011b d\u00e1ny, u povinn\u011b voliteln\u00fdch si studenti vyb\u00edraj\u00ed z\u00a0nab\u00eddky tak, aby z\u00edskali pot\u0159ebn\u00fd po\u010det kredit\u016f.\u00a0 Jako voliteln\u00e9\u00a0 si mohou studenti\u00a0 zapsat jak\u00e9koliv p\u0159edm\u011bty v\u00a0r\u00e1mci Univerzity Kalovy. Po\u017eadovan\u00fd po\u010det kredit\u016f za voliteln\u00e9 p\u0159edm\u011bty je 6 za ka\u017ed\u00fd studijn\u00ed ro\u010dn\u00edk.<\/p>\n<p><strong>Exkurze:<\/strong> pro studenty edukace je vypisov\u00e1na jedna exkurze ro\u010dn\u011b, kde se p\u0159ednostn\u011b zapisuj\u00ed. Zapisov\u00e1n\u00ed na exkurzi prob\u00edh\u00e1 stejn\u011b jako pro studenty oboru d\u011bjepis. Info o exkurz\u00edch naleznete <a href=\"https:\/\/pages.pedf.cuni.cz\/kddd\/studenti\/historicke-exkurze\/\">zde<\/a>.<\/p>\n<p><strong>Praxe: <\/strong>oborov\u00e1 pr\u00e1ce v\u00a0rozsahu 6 t\u00fddn\u016f v instituc\u00edch, kter\u00e9 pe\u010duj\u00ed o kulturn\u00ed d\u011bdictv\u00ed (zejm. muzea, galerie, pam\u00e1tkov\u00e9 objekty). Praxi si studenti zajist\u00ed sami nebo mohou vyu\u017e\u00edt kulturn\u00ed instituce, se kter\u00fdmi Pedagogick\u00e1 fakulta spolupracuje: N\u00e1rodn\u00ed pam\u00e1tkov\u00fd \u00fastav (Hrad a z\u00e1mek Be\u010dov, Z\u00e1mek \u010cerven\u00e1 Lhota), N\u00e1rodn\u00ed galerie, Um\u011blecko pr\u016fmyslov\u00e9 muzeum.<\/p>\n<h3><strong>St\u00e1tn\u00ed z\u00e1v\u011bre\u010dn\u00e1 zkou\u0161ka<\/strong><\/h3>\n<p>St\u00e1tn\u00ed z\u00e1v\u011bre\u010dn\u00e1 zkou\u0161ka se skl\u00e1d\u00e1 ze \u010dty\u0159 \u010d\u00e1st\u00ed:<\/p>\n<p>Z\u00a0 \u00a0obhajoby diplomov\u00e9 pr\u00e1ce \u00a0<em>(SZZ 1)<\/em> a ze t\u0159\u00ed \u00fastn\u00edch zkou\u0161ek (<em><a href=\"https:\/\/pages.pedf.cuni.cz\/kddd\/files\/2021\/01\/Ststnice-okruh-2.docx\">SSZ 2<\/a>, <a href=\"https:\/\/pages.pedf.cuni.cz\/kddd\/files\/2021\/01\/Ststn\u03c6-zsvrens-zkouka_3.-okruh_09-11-2020.docx\">SSZ 3<\/a>, <a href=\"https:\/\/pages.pedf.cuni.cz\/kddd\/files\/2021\/01\/SZZk_Interpretace-kulturn\u03c6ho-ddictv\u03c6_4.okruh_.docx\">SSZ 4<\/a><\/em>).<\/p>\n<h3>Diplomov\u00e1 pr\u00e1ce<\/h3>\n<p>vych\u00e1z\u00ed z\u00a0okruh\u016f <a href=\"https:\/\/pages.pedf.cuni.cz\/kddd\/files\/2021\/01\/T\u0398mata-diplomov\u00b2ch-prac\u03c6.docx\"><em>t\u00e9mat<\/em><\/a>, jimi\u017e se studenti zab\u00fdvaj\u00ed b\u011bhem studia.<\/p>\n<p>Jej\u00ed form\u00e1ln\u00ed str\u00e1nku ur\u010duj\u00ed<a href=\"https:\/\/pedf.cuni.cz\/PEDF-890.html\"> <em>pravidla <\/em><\/a>Pedagogick\u00e9 fakulty.<\/p>\n<p>Zad\u00e1n\u00ed si pros\u00edm p\u0159edem zkonzultujte s p\u0159\u00edslu\u0161n\u00fdm vyu\u010duj\u00edc\u00edm. Teprve n\u00e1sledn\u011b bude t\u00e9ma vyps\u00e1no v SIS. <b>N\u00e1zev pr\u00e1ce uv\u00e1d\u011bjte na tituln\u00edm list\u011b pros\u00edm rovn\u011b\u017e v angli\u010dtin\u011b.<\/b> V\u017edy uv\u00e1d\u011bjte tak\u00e9 kl\u00ed\u010dov\u00e1 slova \u2013 v \u010de\u0161tin\u011b i angli\u010dtin\u011b.<br \/>\n<b>Pr\u00e1ce, kter\u00e9 budou obsahovat gramatick\u00e9 chyby, budou bez ohledu na kvalitu obsahov\u00e9 str\u00e1nky vr\u00e1ceny autorovi, ani\u017e byly posuzov\u00e1ny, tud\u00ed\u017e nebudou postoupeny k obhajob\u011b.<\/b><\/p>\n<p>Pr\u00e1ci odevzd\u00e1vejte jak do SISu (datum kone\u010dn\u00e9ho nahr\u00e1n\u00ed viz. <a href=\"https:\/\/pedf.cuni.cz\/PEDF-606.html\">harmonogram akademick\u00e9ho roku<\/a>), tak ve dvou ti\u0161t\u011bn\u00fdch exempl\u00e1\u0159\u00edch k nahl\u00e9dnut\u00ed pro vedouc\u00edho a oponenta (sta\u010d\u00ed v krou\u017ekov\u00e9 vazb\u011b, ti\u0161t\u011bno oboustrann\u011b) p\u0159\u00edmo na kated\u0159e d\u011bjepisu, do podatelny nebo je m\u016f\u017eete zaslat po\u0161tou nejpozd\u011bji do 10 dn\u016f po ukon\u010den\u00ed z\u00e1pis\u016f na objahoby (v l\u00e9t\u011b do konce \u010dervence). Ti\u0161t\u011bn\u00e9 v\u00fdtisky se v\u00e1m po obhajob\u00e1ch vr\u00e1t\u00ed.<\/p>\n<p>P\u0159edm\u011bt <b>P\u0159\u00edprava a odevzd\u00e1n\u00ed diplomov\u00e9 pr\u00e1ce <\/b>m\u00e1 vypln\u011bn\u00fd atribut, kter\u00fd tento p\u0159edm\u011bt umo\u017e\u0148uje plnit i v n\u00e1sleduj\u00edc\u00edch letech. Pokud si tedy p\u0159edm\u011bt zap\u00ed\u0161ete a ve stejn\u00e9m semestru nespln\u00edte, automaticky se v\u00e1m zap\u00ed\u0161e v ka\u017ed\u00e9m dal\u0161\u00edm semestru. Na nic to nem\u00e1 vliv a v\u0161echno je v naprost\u00e9m po\u0159\u00e1dku.\u00a0 V p\u0159\u00edpad\u011b \u0159\u00e1dn\u00e9ho konzultov\u00e1n\u00ed a odevzd\u00e1n\u00ed pr\u00e1ce, v\u00e1m zap\u00ed\u0161e vedouc\u00ed pr\u00e1ce za tento p\u0159edm\u011bt atest.<\/p>\n","protected":false},"excerpt":{"rendered":"<p>Studijn\u00ed pl\u00e1n Edukace a interpretace v oblasti kulturn\u011b historick\u00e9ho d\u011bdictv\u00ed &#8211; <a href=\"https:\/\/pedf.cuni.cz\/PEDF-2938.html\"> Karol\u00ednka<\/a> <a href=\"https:\/\/pages.pedf.cuni.cz\/kddd\/files\/2023\/01\/EDUKACE-2-4.png\"><\/a> Studium se skl\u00e1d\u00e1 z\u00a0p\u0159edm\u011bt\u016f povinn\u00fdch, povinn\u011b voliteln\u00fdch a voliteln\u00fdch. Povinn\u00e9 p\u0159edm\u011bty jsou pevn\u011b d\u00e1ny, u povinn\u011b voliteln\u00fdch si studenti vyb\u00edraj\u00ed z\u00a0nab\u00eddky tak, aby z\u00edskali<strong>&#8230;<\/strong><\/p>\n","protected":false},"author":402,"featured_media":0,"parent":56,"menu_order":0,"comment_status":"closed","ping_status":"closed","template":"","meta":{"_mc_calendar":[],"footnotes":""},"class_list":["post-6648","page","type-page","status-publish","hentry"],"_links":{"self":[{"href":"https:\/\/pages.pedf.cuni.cz\/kddd\/wp-json\/wp\/v2\/pages\/6648","targetHints":{"allow":["GET"]}}],"collection":[{"href":"https:\/\/pages.pedf.cuni.cz\/kddd\/wp-json\/wp\/v2\/pages"}],"about":[{"href":"https:\/\/pages.pedf.cuni.cz\/kddd\/wp-json\/wp\/v2\/types\/page"}],"author":[{"embeddable":true,"href":"https:\/\/pages.pedf.cuni.cz\/kddd\/wp-json\/wp\/v2\/users\/402"}],"replies":[{"embeddable":true,"href":"https:\/\/pages.pedf.cuni.cz\/kddd\/wp-json\/wp\/v2\/comments?post=6648"}],"version-history":[{"count":11,"href":"https:\/\/pages.pedf.cuni.cz\/kddd\/wp-json\/wp\/v2\/pages\/6648\/revisions"}],"predecessor-version":[{"id":7681,"href":"https:\/\/pages.pedf.cuni.cz\/kddd\/wp-json\/wp\/v2\/pages\/6648\/revisions\/7681"}],"up":[{"embeddable":true,"href":"https:\/\/pages.pedf.cuni.cz\/kddd\/wp-json\/wp\/v2\/pages\/56"}],"wp:attachment":[{"href":"https:\/\/pages.pedf.cuni.cz\/kddd\/wp-json\/wp\/v2\/media?parent=6648"}],"curies":[{"name":"wp","href":"https:\/\/api.w.org\/{rel}","templated":true}]}}