{"id":7971,"date":"2025-03-25T20:31:35","date_gmt":"2025-03-25T19:31:35","guid":{"rendered":"https:\/\/pages.pedf.cuni.cz\/kddd\/?page_id=7971"},"modified":"2025-06-16T21:34:22","modified_gmt":"2025-06-16T19:34:22","slug":"jine","status":"publish","type":"page","link":"https:\/\/pages.pedf.cuni.cz\/kddd\/studenti\/celozivotni-vzdelavani\/jine\/","title":{"rendered":"Jin\u00e9"},"content":{"rendered":"<h3>\u010clenov\u00e9 Katedry d\u011bjin a didaktiky d\u011bjepisu dlouhodob\u011b p\u0159edn\u00e1\u0161ej\u00ed na dal\u0161\u00edch programech za\u0161ti\u0165ovan\u00fdch M\u0160MT, tak nap\u0159.<\/h3>\n<p>PaedDr. Franti\u0161ek Parkan a Mgr. Tom\u00e1\u0161 Mikeska vyu\u010duj\u00ed na dal\u0161\u00edm vzd\u011bl\u00e1v\u00e1n\u00ed u\u010ditel\u016f, tzv.\u00a0<strong>dopl\u0148uj\u00edc\u00ed studium \/ pedagogick\u00e9 minimum<\/strong>\u00a0na PedF UK<\/p>\n<p><strong>Univerzity t\u0159et\u00edho v\u011bku<\/strong> jin\u00fdch \u010desk\u00fdch univerzit nebo fakult (nap\u0159. Mgr. Kate\u0159ina Sl\u00e1dkov\u00e1 <span data-olk-copy-source=\"MessageBody\">na P\u0159\u00edrodov\u011bdeck\u00e9 fakult\u011b Ostravsk\u00e9 univerzity, PhDr. Jan Zdichynec, Ph.D. na Filozofick\u00e9 fakult\u011b UK).<\/span><\/p>\n<p><span data-olk-copy-source=\"MessageBody\"><strong>Letn\u00ed \u0161koly klasick\u00fdch stud\u00ed<\/strong> po\u0159\u00e1dan\u00fdch Kabinetem pro klasick\u00e1 studia &#8211; Filosofick\u00e9m \u00fastavu AV \u010cR a dal\u0161\u00edch; <\/span>doc. PhDr. Jana Kepartov\u00e1, CSc.<\/p>\n<p><span data-olk-copy-source=\"MessageBody\">\u00a0apod.<\/span><\/p>\n<p>&nbsp;<\/p>\n<h3><span style=\"font-size: 18px\">od 2017<\/span><\/h3>\n<ul>\n<li><span style=\"font-size: 18px\"><strong>D\u011bjepis hrou<\/strong>. PaedDr. Franti\u0161ek Parkan, Mgr. Tom\u00e1\u0161 Mikeska. Akreditace \u010d. MSMT- 39837\/2020-2-1043 do 27.01.2024. <a href=\"https:\/\/pages.pedf.cuni.cz\/kddd\/files\/2021\/08\/40_Dejepis-hrou.pdf\">Info &#8211; D\u011bjepis hrou<\/a><\/span><\/li>\n<li><span style=\"font-size: 18px\"><strong>Jak u\u010dit \u010desk\u00e9 d\u011bjiny<\/strong>. PaedDr. Franti\u0161ek Parkan, Mgr. Tom\u00e1\u0161 Mikeska. Akreditace \u010d. MSMT- 39837\/2020-2-1043 do 27.01.2024. <a href=\"https:\/\/pages.pedf.cuni.cz\/kddd\/files\/2021\/08\/50_Jak-ucit-ceske-dejiny.pdf\">Info &#8211; Jak u\u010dit \u010desk\u00e9 dejiny<\/a><\/span><\/li>\n<\/ul>\n<h3><span style=\"font-size: 18px\">2015<\/span><\/h3>\n<ul>\n<li><span style=\"font-size: 18px\">Filosofick\u00fd \u00fastav (Kabinet pro klasick\u00e1 studia a Centrum medievistick\u00fdch studi\u00ed), Vzd\u011bl\u00e1vac\u00ed a kulturn\u00ed centrum Kl\u00e1\u0161ter Broumov (Agentura pro rozvoj Broumovska) a Asociace u\u010ditel\u016f klasick\u00fdch jazyk\u016f (ALFA) po\u0159\u00e1dali XXIII. Letn\u00ed \u0161kolu klasick\u00fdch studi\u00ed na t\u00e9ma <em>U\u010denost a M\u00fazy za zdmi kl\u00e1\u0161tera (na p\u0159\u00edkladu benediktin\u016f a jezuit\u016f).<\/em> \u0160kola se konala ve dnech 27. \u010dervna &#8211; 1. \u010dervence 2015 a byla ukon\u010dena exkurz\u00ed do okol\u00ed Broumova. L\u0160KS m\u00e1 certifik\u00e1t M\u0160MT. <b>KDDD na Letn\u00ed \u0161kole klasick\u00fdch studi\u00ed participovala t\u0159emi p\u0159edn\u00e1\u0161kami. <\/b>Archiv program\u016f Letn\u00edch \u0161kol klasick\u00fdch studi\u00ed naleznete <a href=\"http:\/\/www.ics.cas.cz\/index.php\/cs\/letni-kola\/archiv\">zde<\/a>.<b><br \/>\n<\/b><\/span><\/li>\n<\/ul>\n<h3><span style=\"font-size: 18px\">2013<\/span><\/h3>\n<ul>\n<li><span style=\"font-size: 18px\">Kabinet pro klasick\u00e1 studia (sou\u010d\u00e1st FL\u00da) AV \u010cR, v.v.i. a Katedra pomocn\u00fdch v\u011bd historick\u00fdch a archivnictv\u00ed Univerzity Hradec Kr\u00e1lov\u00e9 spole\u010dn\u011b s Asociac\u00ed u\u010ditel\u016f klasick\u00fdch jazyk\u016f (ALFA) po\u0159\u00e1dali XXI. Letn\u00ed \u0161kolu klasick\u00fdch studi\u00ed v Hradci kr\u00e1lov\u00e9.\u00a0T\u00e9ma bylo dokument\u00e1rn\u00ed: Pam\u011b\u0165 dokument\u016f: Ud\u00e1losti v\u0161edn\u00ed i nev\u0161edn\u00ed. \u0160kola se konala ve dnech 29.6. &#8211; 3. \u010dervence 2013 a byla ukon\u010dena exkurz\u00ed do archeoparku ve V\u0161estarech. L\u0160KS m\u00e1 certifik\u00e1t M\u0160MT. <b>KDDD na Letn\u00ed \u0161kole klasick\u00fdch studi\u00ed participovala jednou p\u0159edn\u00e1\u0161kou. <\/b>Archiv program\u016f Letn\u00edch \u0161kol klasick\u00fdch studi\u00ed naleznete <a href=\"http:\/\/www.ics.cas.cz\/index.php\/cs\/letni-kola\/archiv\">zde<\/a>.<b><br \/>\n<\/b><\/span><\/li>\n<\/ul>\n<h3><span style=\"font-size: 18px\">2012<\/span><\/h3>\n<ul>\n<li><span style=\"font-size: 18px\">Kabinet pro klasick\u00e1 studia (sou\u010d\u00e1st FL\u00da) AV \u010cR, v.v.i. a Katedra divadeln\u00ed v\u011bdy FF UK spole\u010dn\u011b s Asociac\u00ed u\u010ditel\u016f klasick\u00fdch jazyk\u016f (ALFA) po\u0159\u00e1dali <a href=\"http:\/\/www.ics.cas.cz\/index.php\/cs\/letni-kola\/archiv\" target=\"_blank\" rel=\"noopener noreferrer\">XX. Letn\u00ed \u0161kolu klasick\u00fdch studi\u00ed<\/a> v Praze.\u00a0T\u00e9ma bylo divadeln\u00ed: Co to m\u00e1 spole\u010dn\u00e9ho s Dion\u00fdsem? \u0160kola se konala ve dnech 30.6. &#8211; 5. \u010dervence 2012 a byla ukon\u010dena exkurz\u00ed na z\u00e1mek Kuks. L\u0160KS m\u00e1 certifik\u00e1t M\u0160MT. <b>KDDD na Letn\u00ed \u0161kole klasick\u00fdch studi\u00ed participovala t\u0159emi p\u0159edn\u00e1\u0161kami.<\/b> Archiv program\u016f Letn\u00edch \u0161kol klasick\u00fdch studi\u00ed naleznete <a href=\"http:\/\/www.ics.cas.cz\/index.php\/cs\/letni-kola\/archiv\">zde<\/a>.<b>\n<p><\/b><\/span><\/li>\n<\/ul>\n<ul>\n<li><span style=\"font-size: 18px\">Univerzita Karlova v Praze, Pedagogick\u00e1 fakulta ve spolupr\u00e1ci s Filozofickou fakultou a N\u00e1rodn\u00edm \u00fastavem odborn\u00e9ho vzd\u011bl\u00e1v\u00e1n\u00ed Praha po\u0159\u00e1dala\u00a0<a href=\"http:\/\/www.ics.cas.cz\/index.php\/cs\/letni-kola\/archiv\" target=\"_blank\" rel=\"noopener noreferrer\">XXV. Letn\u00ed \u0161kolu historie<\/a>. <b>KDDD na Letn\u00ed \u0161kole historie participovala jednou p\u0159edn\u00e1\u0161kou. <\/b>Program naleznete <a href=\"http:\/\/kdddweb.pedf.cuni.cz\/files\/u5\/PROGRAM_25_LSH.pdf\" target=\"_blank\" rel=\"noopener noreferrer\">zde<\/a>.<\/span><\/li>\n<\/ul>\n<p><span style=\"font-size: 18px\"><strong>2012<\/strong><\/span><\/p>\n<ul>\n<li><span style=\"font-size: 18px\">T\u00e9mata nejnov\u011bj\u0161\u00edch d\u011bjin a sou\u010dasnosti ve vybran\u00fdch oblastech sv\u011bta<\/span><\/li>\n<li><span style=\"font-size: 18px\">Historie \u010cesk\u00fdch zem\u00ed a sou\u010dasn\u00e9 st\u0159edn\u00ed Evropy<\/span><\/li>\n<\/ul>\n<h3><span style=\"font-size: 18px\">2011<\/span><\/h3>\n<ul>\n<li><span style=\"font-size: 18px\">Kabinet pro klasick\u00e1 studia (sou\u010d\u00e1st FL\u00da) AV \u010cR, v.v.i. a \u00dastav pro klasickou archeologii FF UK spole\u010dn\u011b s Asociac\u00ed u\u010ditel\u016f klasick\u00fdch jazyk\u016f (ALFA) po\u0159\u00e1dali <a href=\"http:\/\/www.ics.cas.cz\/index.php\/cs\/letni-kola\/archiv\" target=\"_blank\" rel=\"noopener noreferrer\">XIX. Letn\u00ed \u0161kolu klasick\u00fdch studi\u00ed <\/a>v Praze.\u00a0T\u00e9matem byl o Ars vivendi et ars moriendi. \u0160kola se konala ve dnech 1. &#8211; 4. \u010dervence 2011 a byla ukon\u010dena exkurz\u00ed do \u00dastavu pro klasickou archeologii.\u00a0 L\u0160KS m\u00e1 certifik\u00e1t M\u0160MT.<b> KDDD na Letn\u00ed \u0161kole klasick\u00fdch studi\u00ed participovala jednou p\u0159edn\u00e1\u0161kou<\/b>. Archiv program\u016f Letn\u00edch \u0161kol klasick\u00fdch studi\u00ed naleznete <a href=\"http:\/\/www.ics.cas.cz\/index.php\/cs\/letni-kola\/archiv\">zde<\/a>.<b><br \/>\n<\/b><\/span><\/li>\n<\/ul>\n<p>&nbsp;<\/p>\n<ul>\n<li><span style=\"font-size: 18px\">Univerzita Karlova v Praze, Pedagogick\u00e1 fakulta ve spolupr\u00e1ci s Filozofickou fakultou a N\u00e1rodn\u00edm \u00fastavem odborn\u00e9ho vzd\u011bl\u00e1v\u00e1n\u00ed Praha po\u0159\u00e1dala\u00a0XXIII. Letn\u00ed \u0161kolu historie. <b>KDDD na Letn\u00ed \u0161kole historie<\/b><b> participovala jednou p\u0159edn\u00e1\u0161kou. <\/b>Program naleznete <a href=\"https:\/\/pages.pedf.cuni.cz\/kddd\/files\/2015\/03\/PROGRAM-LSH-23.pdf\">zde<\/a>.<b><br \/>\n<\/b><\/span><\/li>\n<\/ul>\n<h3><span style=\"font-size: 18px\">2010<\/span><\/h3>\n<ul>\n<li><span style=\"font-size: 18px\">Univerzita Karlova v Praze, Pedagogick\u00e1 fakulta ve spolupr\u00e1ci s Filozofickou fakultou a N\u00e1rodn\u00edm \u00fastavem odborn\u00e9ho vzd\u011bl\u00e1v\u00e1n\u00ed Praha po\u0159\u00e1dala\u00a0XXIII. Letn\u00ed \u0161kolu historie.<b>\u00a0KDDD na Letn\u00ed \u0161kole historie<\/b> participovala p\u011bti p\u0159edn\u00e1\u0161kami.<\/span><\/li>\n<\/ul>\n<ul>\n<li><span style=\"font-size: 18px\">Kabinet pro klasick\u00e1 studia Filosofick\u00e9ho \u00fastavu AV \u010cR, \u00dastav historick\u00fdch v\u011bd Filozoficko-p\u0159\u00edrodov\u011bdeck\u00e9 fakulty Slezsk\u00e9 univerzity v Opav\u011b, Katedra klasick\u00e9 filologie Filozofick\u00e9 fakulty Univerzity Palack\u00e9ho v Olomouci spole\u010dn\u011b s Asociac\u00ed u\u010ditel\u016f klasick\u00fdch jazyk\u016f (ALFA) po\u0159\u00e1dali XVIII. Letn\u00ed \u0161kolu klasick\u00fdch studi\u00ed v Opav\u011b.\u00a0T\u00e9matem byly <em>Osudy antick\u00fdch text\u016f a p\u0159edm\u011bt\u016f<\/em>. L\u0160KS m\u00e1 certifik\u00e1t M\u0160MT. <b>KDDD na Letn\u00ed \u0161kole klasick\u00fdch studi\u00ed participovala jednou p\u0159edn\u00e1\u0161kou. <\/b>Archiv program\u016f Letn\u00edch \u0161kol klasick\u00fdch studi\u00ed naleznete <a href=\"http:\/\/www.ics.cas.cz\/index.php\/cs\/letni-kola\/archiv\">zde<\/a>.<b>\n<p><\/b><\/span><\/li>\n<\/ul>\n<p><span style=\"font-size: 18px\"><strong>2010<\/strong><\/span><\/p>\n<p><span style=\"font-size: 18px\">T\u00e9mata nejnov\u011bj\u0161\u00edch d\u011bjin a sou\u010dasnosti ve vybran\u00fdch oblastech sv\u011bta<\/span><\/p>\n<h3><span style=\"font-size: 18px\">2009<\/span><\/h3>\n<ul>\n<li><span style=\"font-size: 18px\">Kabinet pro klasick\u00e1 studia Akademie v\u011bd \u010cesk\u00e9 republiky a \u00dastav \u0159eck\u00fdch a latinsk\u00fdch studi\u00ed Filozofick\u00e9 fakulty Univerzity Karlovy spole\u010dn\u011b s Asociac\u00ed u\u010ditel\u016f klasick\u00fdch jazyk\u016f (ALFA) po\u0159\u00e1dali XVII. Letn\u00ed \u0161kolu klasick\u00fdch studi\u00ed v Praze.\u00a0T\u00e9matem byla Antick\u00e1 nau\u010dn\u00e1 literatura a jej\u00ed recepce. \u0160kola se konala ve dnech 1. &#8211; 4. \u010dervence 2009 a byla ukon\u010dena exkurz\u00ed k Letohr\u00e1dku Hv\u011bzda na B\u00edl\u00e9 ho\u0159e. L\u0160KS m\u00e1 certifik\u00e1t M\u0160MT. <b>KDDD na Letn\u00ed \u0161kole klasick\u00fdch studi\u00ed participovala dv\u011bma p\u0159edn\u00e1\u0161kami. <\/b>Archiv program\u016f Letn\u00edch \u0161kol klasick\u00fdch studi\u00ed naleznete <a href=\"http:\/\/www.ics.cas.cz\/index.php\/cs\/letni-kola\/archiv\">zde<\/a>.<b>\n<p><\/b><\/span><\/li>\n<\/ul>\n<h3><span style=\"font-size: 18px\">2008<\/span><\/h3>\n<ul>\n<li><span style=\"font-size: 18px\">Kabinet pro klasick\u00e1 studia AV \u010cR a Trnavsk\u00e1 univerzita po\u0159\u00e1dali spole\u010dn\u011b s Asociac\u00ed u\u010ditel\u016f klasickch jazyk\u016f (ALFA) \u00a0XVI.\u00a0Letn\u00ed \u0161kolu klasick\u00fdch studi\u00ed v Trnav\u011b. T\u00e9matem byla Latina v c\u00edrkevn\u00edm a sv\u011btsk\u00e9m \u0161kolstv\u00ed. \u0160kola se konala od 29. \u010dervna do 3. \u010dervence 2008\u00a0a byla zakon\u010dena exkurz\u00ed do Bratislavy.\u00a0 L\u0160KS m\u00e1 certifik\u00e1t M\u0160MT. <b>KDDD na Letn\u00ed \u0161kole klasick\u00fdch studi\u00ed participovala dv\u011bma p\u0159edn\u00e1\u0161kami. <\/b>Archiv program\u016f Letn\u00edch \u0161kol klasick\u00fdch studi\u00ed naleznete <a href=\"http:\/\/www.ics.cas.cz\/index.php\/cs\/letni-kola\/archiv\">zde<\/a>.<b>\n<p><\/b><\/span><\/li>\n<\/ul>\n<ul>\n<li><span style=\"font-size: 18px\">Univerzita Karlova v Praze, Pedagogick\u00e1 fakulta ve spolupr\u00e1ci s Filozofickou fakultou a N\u00e1rodn\u00edm \u00fastavem odborn\u00e9ho vzd\u011bl\u00e1v\u00e1n\u00ed Praha po\u0159\u00e1dala\u00a0XXI. Letn\u00ed \u0161kolu historie ve\u00a0dnech 28. 6. &#8211; 2. 7. 2008. L\u0160H se kon\u00e1 v\u00a0Praze 1, N\u00e1m, J. Palacha 2.Podrobnosti (pozv\u00e1nka, program, p\u0159ihl\u00e1\u0161ka k \u00fa\u010dasti a k ubytov\u00e1n\u00ed) jsou v <a href=\"http:\/\/userweb.pedf.cuni.cz\/uprps\/katalog_new\/katalog.htm#_Toc180475282\" target=\"_blank\" rel=\"noopener noreferrer\"><i>Katalogu program\u016f dal\u0161\u00edho vzd\u011bl\u00e1v\u00e1n\u00ed u\u010ditel\u016f a jin\u00fdch aktivit celo\u017eivotn\u00edho vzd\u011bl\u00e1v\u00e1n\u00ed<\/i><\/a>\u00a0na str\u00e1nk\u00e1ch \u00dastavu profesn\u00edho rozvoje pracovn\u00edk\u016f ve \u0161kolstv\u00ed.\u00a0Letn\u00ed \u0161kola m\u00e1 certifik\u00e1t M\u0160MT. <b>KDDD na Letn\u00ed \u0161kole historie participovala t\u0159emi p\u0159edn\u00e1\u0161kami.<\/b><\/span><\/li>\n<\/ul>\n<ul>\n<li><span style=\"font-size: 18px\">Centrum celo\u017eivotn\u00edho vzd\u011bl\u00e1v\u00e1n\u00ed v Kulturn\u00edm centru Vltavsk\u00e1\u00a0po\u0159\u00e1d\u00e1 ka\u017edoro\u010dn\u011b kurz <b>\u010cesk\u00e9 d\u011bjiny<\/b>, jich\u017e se v tomto roce \u00fa\u010dastnili\u00a0<b>t\u0159i p\u0159edn\u00e1\u0161ej\u00edc\u00ed z KDDD<\/b>.<\/span><\/li>\n<\/ul>\n<p><span style=\"font-size: 18px\"><strong>2007<\/strong><\/span><\/p>\n<ul>\n<li><span style=\"font-size: 18px\"><strong>Aktu\u00e1ln\u00ed probl\u00e9my v\u00fduky d\u011bjepisu<\/strong><\/span><\/li>\n<\/ul>\n<h3><span style=\"font-size: 18px\">2006-2007<\/span><\/h3>\n<ul>\n<li><span style=\"font-size: 18px\"><a href=\"https:\/\/pages.pedf.cuni.cz\/kddd\/katedra\/veda-a-vyzkum\/projekty\/#Ferstl\">\u010cesk\u00e1 modern\u00ed historick\u00e1 reflexe<\/a><i>.<\/i> Garant kurzu PhDr. Roman Ferstl.<\/span><\/li>\n<\/ul>\n<h3><span style=\"font-size: 18px\">2002-2003<\/span><\/h3>\n<ul>\n<li><span style=\"font-size: 18px\"><a href=\"https:\/\/pages.pedf.cuni.cz\/kddd\/katedra\/veda-a-vyzkum\/projekty\/#Bartlova\">Vyu\u017eit\u00ed produkt\u016f popul\u00e1rn\u00ed kultury ve v\u00fduce d\u011bjepisu<\/a>. Hlavn\u00ed \u0159e\u0161itel doc. PhDr. Milena Bartlov\u00e1, CSc.<\/span><\/li>\n<\/ul>\n<p>&nbsp;<\/p>\n","protected":false},"excerpt":{"rendered":"<p>\u010clenov\u00e9 Katedry d\u011bjin a didaktiky d\u011bjepisu dlouhodob\u011b p\u0159edn\u00e1\u0161ej\u00ed na dal\u0161\u00edch programech za\u0161ti\u0165ovan\u00fdch M\u0160MT, tak nap\u0159. PaedDr. Franti\u0161ek Parkan a Mgr. Tom\u00e1\u0161 Mikeska vyu\u010duj\u00ed na dal\u0161\u00edm vzd\u011bl\u00e1v\u00e1n\u00ed u\u010ditel\u016f, tzv.\u00a0dopl\u0148uj\u00edc\u00ed studium \/ pedagogick\u00e9 minimum\u00a0na PedF UK Univerzity<strong>&#8230;<\/strong><\/p>\n","protected":false},"author":402,"featured_media":0,"parent":111,"menu_order":0,"comment_status":"closed","ping_status":"closed","template":"","meta":{"_mc_calendar":[],"footnotes":""},"class_list":["post-7971","page","type-page","status-publish","hentry"],"_links":{"self":[{"href":"https:\/\/pages.pedf.cuni.cz\/kddd\/wp-json\/wp\/v2\/pages\/7971","targetHints":{"allow":["GET"]}}],"collection":[{"href":"https:\/\/pages.pedf.cuni.cz\/kddd\/wp-json\/wp\/v2\/pages"}],"about":[{"href":"https:\/\/pages.pedf.cuni.cz\/kddd\/wp-json\/wp\/v2\/types\/page"}],"author":[{"embeddable":true,"href":"https:\/\/pages.pedf.cuni.cz\/kddd\/wp-json\/wp\/v2\/users\/402"}],"replies":[{"embeddable":true,"href":"https:\/\/pages.pedf.cuni.cz\/kddd\/wp-json\/wp\/v2\/comments?post=7971"}],"version-history":[{"count":8,"href":"https:\/\/pages.pedf.cuni.cz\/kddd\/wp-json\/wp\/v2\/pages\/7971\/revisions"}],"predecessor-version":[{"id":8054,"href":"https:\/\/pages.pedf.cuni.cz\/kddd\/wp-json\/wp\/v2\/pages\/7971\/revisions\/8054"}],"up":[{"embeddable":true,"href":"https:\/\/pages.pedf.cuni.cz\/kddd\/wp-json\/wp\/v2\/pages\/111"}],"wp:attachment":[{"href":"https:\/\/pages.pedf.cuni.cz\/kddd\/wp-json\/wp\/v2\/media?parent=7971"}],"curies":[{"name":"wp","href":"https:\/\/api.w.org\/{rel}","templated":true}]}}