{"id":99,"date":"2015-03-06T16:57:35","date_gmt":"2015-03-06T15:57:35","guid":{"rendered":"http:\/\/pages.pedf.cuni.cz\/kddd\/?page_id=99"},"modified":"2025-01-20T11:58:56","modified_gmt":"2025-01-20T10:58:56","slug":"navazujici-magisterske-studium","status":"publish","type":"page","link":"https:\/\/pages.pedf.cuni.cz\/kddd\/studenti\/navazujici-magisterske-studium\/","title":{"rendered":"Navazuj\u00edc\u00ed magistersk\u00e9 studium u\u010ditelstv\u00ed"},"content":{"rendered":"<ul>\n<li style=\"text-align: left\"><a href=\"http:\/\/userweb.pedf.cuni.cz\/kch\/karolinka\/2009\/080-ON2DJ09.html\" target=\"_blank\" rel=\"noopener noreferrer\">Curriculum pro studenty, kte\u0159\u00ed vstoupili do navazuj\u00edc\u00edho magistersk\u00e9ho studia v roce 2009.<\/a><\/li>\n<li style=\"text-align: left\"><a href=\"http:\/\/userweb.pedf.cuni.cz\/kch\/karolinka\/2010\/plany.html\" target=\"_blank\" rel=\"noopener noreferrer\">Curriculum od roku <b>2010 <\/b>v Karolince.<\/a><\/li>\n<li><a href=\"http:\/\/studium.pedf.cuni.cz\/karolinka\/2017\/plany.html\">Curriculum od roku <strong>2017<\/strong> &#8211; Karolinka 2017\/18<\/a><\/li>\n<\/ul>\n<p>Od akademick\u00e9ho roku 2021\/2022 za\u010d\u00edn\u00e1me vyu\u010dovat podle nov\u00e9 akreditace: <a href=\"https:\/\/pages.pedf.cuni.cz\/kddd\/files\/2021\/05\/NMgr-ucitelstvi-maior.pdf\">NMgr-u\u010ditelstv\u00ed-maior<\/a> <a href=\"https:\/\/pages.pedf.cuni.cz\/kddd\/files\/2021\/05\/NMgr-ucitelstvi-minor.pdf\">NMgr-u\u010ditelstv\u00ed-minor<\/a><\/p>\n<ul>\n<li><a href=\"https:\/\/pedf.cuni.cz\/PEDF-606.html\">Harmonogram_akademickeho_roku_<\/a><\/li>\n<li><a href=\"https:\/\/pedf.cuni.cz\/PEDF-606.html\">Harmonogram pedagogick\u00fdch prax\u00ed, kurz\u016f a exkurz\u00ed v akademick\u00e9m roce<\/a><\/li>\n<\/ul>\n<h3>Exkurze<\/h3>\n<p>Informace o <b><a href=\"https:\/\/pages.pedf.cuni.cz\/kddd\/studenti\/historicke-exkurze\/\">exkurz\u00edch<\/a><\/b>\u00a0plat\u00ed pro v\u0161echny formy studia.<\/p>\n<h3>Praxe na Z\u0160 a S\u0160<\/h3>\n<p>S podrobnostmi o pr\u016fb\u011bhu praxe a s konkr\u00e9tn\u00edmi metodick\u00fdmi pokyny budou poslucha\u010di sezn\u00e1meni vyu\u010duj\u00edc\u00edmi p\u0159ed jejich zah\u00e1jen\u00edm.<\/p>\n<ul>\n<li><a href=\"https:\/\/pages.pedf.cuni.cz\/kddd\/files\/2015\/03\/rozbor_hodiny_mgr.pdf\" target=\"_blank\" rel=\"noopener noreferrer\">Podklad rozboru hodiny<\/a> (PDF)<\/li>\n<\/ul>\n<h3>Kon\u00e1n\u00ed zkou\u0161ek po ukon\u010den\u00ed zkou\u0161kov\u00e9ho obdob\u00ed &#8211; obecn\u00e9 ustanoven\u00ed<\/h3>\n<p>&#8222;Zkou\u0161ky skl\u00e1d\u00e1 student ve zkou\u0161kov\u00e9m obdob\u00ed p\u0159\u00edslu\u0161n\u00e9ho semestru, kter\u00e9 je stanoveno harmonogramem studia. V od\u016fvodn\u011bn\u00fdch p\u0159\u00edpadech m\u016f\u017ee d\u011bkan na z\u00e1klad\u011b p\u00edsemn\u00e9 \u017e\u00e1dosti studenta a po vyj\u00e1d\u0159en\u00ed vedouc\u00edho katedry povolit vykon\u00e1n\u00ed zkou\u0161ky ve zkou\u0161kov\u00e9m obdob\u00ed dal\u0161\u00edho semestru. Toto ustanoven\u00ed se nevztahuje na souborn\u00e9 zkou\u0161ky.&#8220; (Pravidla pro organizaci studia \u010dl. 17, odst. 4)<\/p>\n<h3>Diplomov\u00e1 pr\u00e1ce<\/h3>\n<h4>T\u00e9mata bakal\u00e1\u0159sk\u00fdch a diplomov\u00fdch prac\u00ed se do SISu zad\u00e1vaj\u00ed po dohod\u011b s vedouc\u00edm pr\u00e1ce.<\/h4>\n<h4>Opat\u0159en\u00ed ke zpracov\u00e1n\u00ed a odevzd\u00e1n\u00ed z\u00e1v\u011bre\u010dn\u00fdch prac\u00ed<strong> najdete <a href=\"https:\/\/pedf.cuni.cz\/PEDF-218.html\"><span style=\"color: #ff0000\">zde<\/span><\/a>.<\/strong><\/h4>\n<p>Zad\u00e1n\u00ed si p\u0159edem zkonzultujte s p\u0159\u00edslu\u0161n\u00fdm vyu\u010duj\u00edc\u00edm, pros\u00edm. Teprve n\u00e1sledn\u011b bude t\u00e9ma vyps\u00e1no\u00a0v SIS. <b>N\u00e1zev pr\u00e1ce uv\u00e1d\u011bjte na tituln\u00edm list\u011b pros\u00edm rovn\u011b\u017e v angli\u010dtin\u011b.<\/b> V\u017edy uv\u00e1d\u011bjte tak\u00e9 kl\u00ed\u010dov\u00e1 slova &#8211; v \u010de\u0161tin\u011b i angli\u010dtin\u011b.<br \/>\n<b>Pr\u00e1ce, kter\u00e9 budou obsahovat gramatick\u00e9 chyby, budou bez ohledu na kvalitu obsahov\u00e9 str\u00e1nky vr\u00e1ceny autorovi, ani\u017e byly posuzov\u00e1ny, tud\u00ed\u017e nebudou postoupeny k obhajob\u011b.<br \/>\n<\/b><\/p>\n<p>Pr\u00e1ce je zalo\u017eena na studiu pramen\u016f. Na KDDD je doporu\u010den\u00fdm rozsahem pr\u00e1ce <span style=\"text-decoration: underline\">100 normostran<\/span>, tj. 180.000 znak\u016f v\u010d. mezer (zapo\u010d\u00edt\u00e1v\u00e1 se seznam literatury, pozn\u00e1mkov\u00fd apar\u00e1t a textov\u00e9 &#8211; nikoli obrazov\u00e9 &#8211; p\u0159\u00edlohy).<\/p>\n<p>Pr\u00e1ci odevzd\u00e1vejte jak do SISu (datum kone\u010dn\u00e9ho nahr\u00e1n\u00ed viz <a href=\"https:\/\/pedf.cuni.cz\/PEDF-606.html\">harmonogram akademick\u00e9ho roku<\/a>), tak ve dvou ti\u0161t\u011bn\u00fdch exempl\u00e1\u0159\u00edch k nahl\u00e9dnut\u00ed pro vedouc\u00edho a oponenta (sta\u010d\u00ed v krou\u017ekov\u00e9 vazb\u011b, ti\u0161t\u011bno oboustrann\u011b) p\u0159\u00edmo na kated\u0159e d\u011bjepisu, do podatelny nebo je m\u016f\u017eete zaslat po\u0161tou nejpozd\u011bji do 10 dn\u016f po ukon\u010den\u00ed z\u00e1pis\u016f na objahoby (v l\u00e9t\u011b do konce \u010dervence). Ti\u0161t\u011bn\u00e9 v\u00fdtisky se v\u00e1m po obhajob\u00e1ch vr\u00e1t\u00ed.<\/p>\n<p>P\u0159edm\u011bt <b>P\u0159\u00edprava a odevzd\u00e1n\u00ed diplomov\u00e9 pr\u00e1ce <\/b>m\u00e1 vypln\u011bn\u00fd atribut, kter\u00fd tento p\u0159edm\u011bt umo\u017e\u0148uje plnit i v n\u00e1sleduj\u00edc\u00edch letech. Pokud si tedy p\u0159edm\u011bt zap\u00ed\u0161ete a ve stejn\u00e9m semestru nespln\u00edte, automaticky se v\u00e1m zap\u00ed\u0161e v ka\u017ed\u00e9m dal\u0161\u00edm semestru. Na nic to nem\u00e1 vliv a v\u0161echno je v naprost\u00e9m po\u0159\u00e1dku.\u00a0 V p\u0159\u00edpad\u011b \u0159\u00e1dn\u00e9ho konzultov\u00e1n\u00ed a odevzd\u00e1n\u00ed pr\u00e1ce, v\u00e1m zap\u00ed\u0161e vedouc\u00ed pr\u00e1ce za tento p\u0159edm\u011bt atest.<\/p>\n<h3>St\u00e1tn\u00ed magistersk\u00e1 zkou\u0161ka<\/h3>\n<p><span style=\"color: #ff0000;font-size: 20px\"><strong>St\u00e1tnicov\u00e9 ot\u00e1zky platn\u00e9 od ak. roku 2022\/23 (<span style=\"text-decoration: underline\">pro studenty s n\u00e1stupem studia 2021\/22 a d\u00e1le<\/span>)<\/strong><\/span><\/p>\n<p>\u00dastn\u00ed zkou\u0161ka ov\u011b\u0159uje odborn\u00e9, didaktick\u00e9 a metodologick\u00e9 znalosti, zku\u0161enosti a dovednosti kandid\u00e1t\u016f, m\u00e1 \u010dty\u0159i t\u00e9matick\u00e9 okruhy.<\/p>\n<p><a href=\"https:\/\/pages.pedf.cuni.cz\/kddd\/files\/2023\/01\/Statni_zaverecne_zkousky_podle_nejnovejsi_akreditace-1.pdf\">Okruhy t\u00e9mat ke st\u00e1tn\u00ed z\u00e1v\u011bre\u010dn\u00e9 zkou\u0161ce<\/a><\/p>\n<p><a href=\"https:\/\/pages.pedf.cuni.cz\/kddd\/files\/2022\/09\/Mgr_nove-statnice_portfolio.pdf\">Portfolio<\/a><\/p>\n<p><span style=\"color: #ff0000\"><strong>Studenti odevzdaj\u00ed portfolio v\u017edy min. 10 dn\u016f p\u0159ed obdob\u00edm SZZ.<\/strong><\/span><\/p>\n<p><a href=\"https:\/\/pages.pedf.cuni.cz\/kddd\/files\/2023\/01\/Prameny_prehled_statnice_NMag_2022-23.pdf\">Prameny_prehled_statnice_NMag_2022-23<\/a><\/p>\n<p>M\u00e9n\u011b\u00a0dostupn\u00e9\u00a0texty\u00a0a\u00a0obr\u00e1zky:<br \/>\nTEXTOV\u00c9\u00a0PRAMENY<br \/>\n<a href=\"https:\/\/pages.pedf.cuni.cz\/kddd\/files\/2023\/01\/SZZK_NMag_22-23_TEXT_11a_Germani-a-Rimane-v-ucebnicich.pdf\">Ot\u00e1zka 11.a &#8211; U\u010debnice &#8211; Germ\u00e1ni a \u0158\u00edman\u00e9 v u\u010debnic\u00edch d\u011bjepisu &#8211; soubor TEXT_11a<\/a><br \/>\n<a href=\"https:\/\/pages.pedf.cuni.cz\/kddd\/files\/2023\/02\/SZZK_NMag_22-23_TEXT_11b_Pobelohorske_obdobi_v_ucebnicich_dejepisu-.pdf\">Ot\u00e1zka 11.b &#8211; U\u010debnice &#8211; Pob\u011blohorsk\u00e9 obdob\u00ed v u\u010debnic\u00edch d\u011bjepisu &#8211; soubor TEXT_11b<\/a><br \/>\n<a href=\"https:\/\/pages.pedf.cuni.cz\/kddd\/files\/2023\/02\/SZZK_NMag_22-23_TEXT_13a_vyslech_Vancura.pdf\">Ot\u00e1zka 13.a &#8211; V\u00fdslech Vladislava Van\u010dury ze dne 14. 5. 1942 &#8211; soubor TEXT_13a<\/a><br \/>\nOt\u00e1zka 13.b &#8211; Proces s Miladou Hor\u00e1kovou. <a href=\"https:\/\/pages.pedf.cuni.cz\/kddd\/files\/2023\/03\/SZZK_NMag_22-23_TEXT_13b_M.Horakova_uryvek_ze-stenografickeho-zaznamu-vyslechu-u-soudu.pdf\">Stenografick\u00fd z\u00e1znam v\u00fdslechu <\/a>(v\u00fd\u0148atek) a <a href=\"https:\/\/pages.pedf.cuni.cz\/kddd\/files\/2023\/03\/SZZK_NMag_22-23_TEXT_13b_M.Horakova_uryvek_z_propagand.knihy_.pdf\">pas\u00e1\u017e ze soudob\u00e9 knihy o procesu<\/a><\/p>\n<p>VIZU\u00c1LN\u00cd\u00a0PRAMENY<br \/>\n<a href=\"https:\/\/pages.pedf.cuni.cz\/kddd\/files\/2023\/01\/SZZK_NMag_22-23_VIZUAL_1.d_Hus-stredoveke_iluminace.pdf\">Ot\u00e1zka 1.d &#8211; Jan Hus ve st\u0159edov\u011bk\u00fdch pramenech a v historick\u00e9 malb\u011b 19. stolet\u00ed &#8211; soubor VIZUAL_1d (st\u0159edov\u011bk\u00e9 prameny)<\/a><br \/>\n<a href=\"https:\/\/pages.pedf.cuni.cz\/kddd\/files\/2023\/01\/SZZK_NMag_22-23_VIZUAL_2c.pdf\">Ot\u00e1zka 2.c &#8211; Karikatury z Dikobrazu, 50. l\u00e9ta 20. stolet\u00ed &#8211; soubor VIZUAL_2c<\/a><\/p>\n<p>&nbsp;<\/p>\n<p><strong>St\u00e1tn\u00ed magistersk\u00e1 zkou\u0161ka &#8211; star\u0161\u00ed akreditace<\/strong><\/p>\n<p>St\u00e1tn\u00ed magistersk\u00e1 zkou\u0161ka ov\u011b\u0159uje soubor studentov\u00fdch znalost\u00ed v oboru d\u011bjepis, kter\u00e9 z\u00edskal, jak v bakal\u00e1\u0159sk\u00e9m, tak magistersk\u00e9m programu. Zam\u011b\u0159uje se na schopnost studenta zvl\u00e1dnout syntetick\u00fd pohled na jednotliv\u00e9 etapy d\u011bjin, stejn\u011b jako zkoum\u00e1 jeho znalosti relevantn\u00ed literatury. Vedle toho prov\u011b\u0159uje znalosti z didaktiky d\u011bjepisu v\u010detn\u011b aplikace didaktick\u00fdch schopnost\u00ed v u\u010ditelsk\u00e9 profesi. Sou\u010d\u00e1st\u00ed st\u00e1tn\u00ed zkou\u0161ky je odevzd\u00e1n\u00ed vypracovan\u00e9ho portfolia.<\/p>\n<p>Skl\u00e1d\u00e1 se \u00fastn\u011b ze t\u0159\u00ed \u010d\u00e1st\u00ed:<\/p>\n<p>1.Kulturn\u00ed a politick\u00fd v\u00fdvoj od antiky do konce 18. stolet\u00ed;<br \/>\n2.Kulturn\u00ed a politick\u00fd v\u00fdvoj od konce 18. stolet\u00ed do sou\u010dasnosti;<br \/>\n3.Didaktika d\u011bjepisu a jej\u00ed praktick\u00e1 aplikace.<\/p>\n<p>&nbsp;<\/p>\n<p>Aktualizovan\u00e9 <strong>okruhy t\u00e9mat ke st\u00e1tn\u00ed z\u00e1v\u011bre\u010dn\u00e9 zkou\u0161ce magistersk\u00e9ho studia<\/strong> (platn\u00e9 od akademick\u00e9ho roku <strong>2019\/2020<\/strong>) <a href=\"https:\/\/pages.pedf.cuni.cz\/kddd\/files\/2019\/03\/SZZ_Mgr_Nove_final.pdf\">SZZk-okruhy Mgr 2019\/20<\/a>, <strong>Nov\u00e9 st\u00e1tnice a pojet\u00ed didaktiky d\u011bjepisu <\/strong>od 1. semestru <a href=\"https:\/\/pages.pedf.cuni.cz\/kddd\/files\/2019\/03\/Mgr_nove-statnice_didaktika_final_revFP.pdf\">Mgr_nove-statnice_didaktika.<\/a><\/p>\n<p><a href=\"https:\/\/pages.pedf.cuni.cz\/kddd\/files\/2015\/03\/mgr_temata.pdf\" target=\"_blank\" rel=\"noopener noreferrer\">Aktualizovan\u00e9 <strong>okruhy t\u00e9mat<\/strong> ke st\u00e1tn\u00ed z\u00e1v\u011bre\u010dn\u00e9 zkou\u0161ce <strong>2014<\/strong><\/a> (PDF)<\/p>\n<p><span style=\"color: #ff0000\"><strong>Studenti odevzdaj\u00ed portfolio v\u017edy min. 10 dn\u016f p\u0159ed obdob\u00edm SZZ.<br \/>\n<\/strong><\/span><\/p>\n<p>Podle studijn\u00edho \u0159\u00e1du jsou st\u00e1tn\u00ed z\u00e1v\u011bre\u010dn\u00e1 zkou\u0161ka v navazuj\u00edc\u00edm magistersk\u00e9m studijn\u00edm programu a obhajoba z\u00e1v\u011bre\u010dn\u00e9 magistersk\u00e9 pr\u00e1ce samostatn\u00fdmi \u010d\u00e1stmi a je tud\u00ed\u017e mo\u017eno nejprve slo\u017eit st\u00e1tn\u00ed zkou\u0161ku a pot\u00e9 obhajovat pr\u00e1ci.<\/p>\n<p><a href=\"https:\/\/pages.pedf.cuni.cz\/kddd\/files\/2015\/03\/T\u00e9mata-z-N\u00e1rodn\u00edho-pedagogick\u00e9ho-muzea-a-knihovny-JAK.doc\">N\u00e1vrh t\u00e9mat kvalifika\u010dn\u00edch prac\u00ed z N\u00e1rodn\u00edho pedagogick\u00e9ho muzea a knihovny JAK<\/a><\/p>\n<p><a href=\"https:\/\/pages.pedf.cuni.cz\/kddd\/files\/2015\/03\/SOA_Praha_temata.pdf\">N\u00e1vrh t\u00e9ma kvalifika\u010dn\u00edch prac\u00ed z fond\u016f SOA Praha<\/a><\/p>\n","protected":false},"excerpt":{"rendered":"<p><a href=\"http:\/\/userweb.pedf.cuni.cz\/kch\/karolinka\/2009\/080-ON2DJ09.html\" target=\"_blank\" rel=\"noopener noreferrer\">Curriculum pro studenty, kte\u0159\u00ed vstoupili do navazuj\u00edc\u00edho magistersk\u00e9ho studia v roce 2009.<\/a> <a href=\"http:\/\/userweb.pedf.cuni.cz\/kch\/karolinka\/2010\/plany.html\" target=\"_blank\" rel=\"noopener noreferrer\">Curriculum od roku 2010 v Karolince.<\/a> <a href=\"http:\/\/studium.pedf.cuni.cz\/karolinka\/2017\/plany.html\">Curriculum od roku 2017 &#8211; Karolinka 2017\/18<\/a> Od akademick\u00e9ho roku 2021\/2022 za\u010d\u00edn\u00e1me vyu\u010dovat podle nov\u00e9 akreditace: <a href=\"https:\/\/pages.pedf.cuni.cz\/kddd\/files\/2021\/05\/NMgr-ucitelstvi-maior.pdf\">NMgr-u\u010ditelstv\u00ed-maior<\/a> <a href=\"https:\/\/pages.pedf.cuni.cz\/kddd\/files\/2021\/05\/NMgr-ucitelstvi-minor.pdf\">NMgr-u\u010ditelstv\u00ed-minor<\/a> <a href=\"https:\/\/pedf.cuni.cz\/PEDF-606.html\">Harmonogram_akademickeho_roku_<\/a> <a href=\"https:\/\/pedf.cuni.cz\/PEDF-606.html\">Harmonogram pedagogick\u00fdch prax\u00ed, kurz\u016f a exkurz\u00ed v akademick\u00e9m roce<\/a> Exkurze Informace o <a href=\"https:\/\/pages.pedf.cuni.cz\/kddd\/studenti\/historicke-exkurze\/\">exkurz\u00edch<\/a> \u00a0plat\u00ed pro v\u0161echny formy studia. Praxe na Z\u0160 a S\u0160 S podrobnostmi o pr\u016fb\u011bhu praxe a s konkr\u00e9tn\u00edmi metodick\u00fdmi pokyny budou poslucha\u010di sezn\u00e1meni<strong>&#8230;<\/strong><\/p>\n","protected":false},"author":402,"featured_media":0,"parent":56,"menu_order":20,"comment_status":"closed","ping_status":"closed","template":"","meta":{"_mc_calendar":[],"footnotes":""},"class_list":["post-99","page","type-page","status-publish","hentry"],"_links":{"self":[{"href":"https:\/\/pages.pedf.cuni.cz\/kddd\/wp-json\/wp\/v2\/pages\/99","targetHints":{"allow":["GET"]}}],"collection":[{"href":"https:\/\/pages.pedf.cuni.cz\/kddd\/wp-json\/wp\/v2\/pages"}],"about":[{"href":"https:\/\/pages.pedf.cuni.cz\/kddd\/wp-json\/wp\/v2\/types\/page"}],"author":[{"embeddable":true,"href":"https:\/\/pages.pedf.cuni.cz\/kddd\/wp-json\/wp\/v2\/users\/402"}],"replies":[{"embeddable":true,"href":"https:\/\/pages.pedf.cuni.cz\/kddd\/wp-json\/wp\/v2\/comments?post=99"}],"version-history":[{"count":11,"href":"https:\/\/pages.pedf.cuni.cz\/kddd\/wp-json\/wp\/v2\/pages\/99\/revisions"}],"predecessor-version":[{"id":7913,"href":"https:\/\/pages.pedf.cuni.cz\/kddd\/wp-json\/wp\/v2\/pages\/99\/revisions\/7913"}],"up":[{"embeddable":true,"href":"https:\/\/pages.pedf.cuni.cz\/kddd\/wp-json\/wp\/v2\/pages\/56"}],"wp:attachment":[{"href":"https:\/\/pages.pedf.cuni.cz\/kddd\/wp-json\/wp\/v2\/media?parent=99"}],"curies":[{"name":"wp","href":"https:\/\/api.w.org\/{rel}","templated":true}]}}