{"id":2915,"date":"2019-09-04T23:13:13","date_gmt":"2019-09-04T21:13:13","guid":{"rendered":"http:\/\/pages.pedf.cuni.cz\/khv\/?page_id=2915"},"modified":"2026-01-31T16:55:04","modified_gmt":"2026-01-31T15:55:04","slug":"phdr-jirina-jirickova-ph-d","status":"publish","type":"page","link":"https:\/\/pages.pedf.cuni.cz\/khv\/profil-katedry\/pracovnici-katedry\/profily-vyucujicich\/phdr-jirina-jirickova-ph-d\/","title":{"rendered":"Ji\u0159i\u010dkov\u00e1 Ji\u0159ina, PhDr., Ph.D."},"content":{"rendered":"\n<p><strong>PhDr. Ji\u0159ina Ji\u0159i\u010dkov\u00e1, Ph.D.<\/strong><\/p>\n\n\n\n<p>*1977, Mlad\u00e1 Boleslav<\/p>\n\n\n\n<ul class=\"wp-block-list\">\n<li>odborn\u00e1 asistentka<br>B\u011bhem studia extern\u011b vyu\u010dovala hru na klav\u00edr na ZU\u0160 T\u0159ebechovice a vedla sm\u00ed\u0161en\u00fd p\u011bveck\u00fd sbor Frankonia 1840 v Erlangenu v N\u011bmecku. Od roku 2004 vyu\u010duje na ZU\u0160 Mlad\u00e1 Boleslav (sborov\u00fd zp\u011bv, klav\u00edr), od roku 2017 sou\u010dasn\u011b na Gymn\u00e1ziu a Hudebn\u00ed \u0161kole hl. m. Prahy (hudebn\u00ed nauka). V minulosti pedagogicky p\u016fsobila na InMelody Music School, Sydney (2003\u20132004) a Z\u0160 \u00davaly (2015\u20132019). Na Pra\u017esk\u00e9 konzervato\u0159i vyu\u010dovala didaktiku hudebn\u00ed v\u00fdchovy (2020\u20132021). Od roku 2016 p\u016fsob\u00ed na Pedagogick\u00e9 fakult\u011b UK v Praze, nejprve jako externistka, od roku 2019 jako intern\u00ed \u010dlenka katedry hudebn\u00ed v\u00fdchovy.<\/li>\n<\/ul>\n\n\n\n<p><strong>Studium<\/strong><\/p>\n\n\n\n<ul class=\"wp-block-list\">\n<li>2004\u20132008&nbsp;\u2013 Univerzita Karlova, Pedagogick\u00e1 fakulta, obor Hudebn\u00ed teorie a pedagogika (PhDr., Ph.D.), <em>v&nbsp;r\u00e1mci studia kr\u00e1tkodob\u00e9 studijn\u00ed pobyty a st\u00e1\u017ee na Universit\u00e4t Leipzig, <\/em><a href=\"http:\/\/www.unipd.it\/\"><em>Universit\u00e0 degli Studi di Padova<\/em><\/a><em>, Univerzita Komensk\u00e9ho v&nbsp;Bratislav\u011b, Ludwig-Maximilians-Universit\u00e4t M\u00fcnchen a Universit\u00e4t Hamburg<\/em><\/li>\n\n\n\n<li>2002\u20132007 \u2013 Metodick\u00e9 centrum JAMU Brno, klav\u00edr<\/li>\n\n\n\n<li>2003\u20132004 \u2013 studijn\u00ed pobyt v Sydney, Austr\u00e1lie (CAE)<\/li>\n\n\n\n<li>1998\u20131999 \u2013 dvousemestr\u00e1ln\u00ed studijn\u00ed pobyt na Friedrich-Alexander Universit\u00e4t Erlangen \u2013 N\u00fcrnberg (Philosophische Fakult\u00e4t, Kirchenmusikinstitut)<\/li>\n\n\n\n<li>1996\u20132002 \u2013 Univerzita Hradec Kr\u00e1lov\u00e9, Pedagogick\u00e1 fakulta, obor hudebn\u00ed v\u00fdchova \u2013 n\u011bmeck\u00fd jazyk (Mgr.),<\/li>\n\n\n\n<li>1992\u20131996 \u2013 Gymn\u00e1zium Mnichovo Hradi\u0161t\u011b<\/li>\n<\/ul>\n\n\n\n<p><strong>\u010clenstv\u00ed ve v\u011bdeck\u00fdch a odborn\u00fdch (um\u011bleck\u00fdch) org\u00e1nech a komis\u00edch<\/strong><\/p>\n\n\n\n<ul class=\"wp-block-list\">\n<li>p\u0159edsedkyn\u011b Spole\u010dnosti pro hudebn\u00ed v\u00fdchovu \u010cR<\/li>\n\n\n\n<li>m\u00edstop\u0159edsedkyn\u011b \u010cesk\u00e9 Orffovy spole\u010dnosti<\/li>\n\n\n\n<li>\u010dlenka prez\u00eddia \u010cesk\u00e9 hudebn\u00ed rady<\/li>\n\n\n\n<li>\u010dlenka redak\u010dn\u00ed rady \u010dasopisu Hudebn\u00ed v\u00fdchova<\/li>\n\n\n\n<li>\u010dlenka v\u00fdboru Music Teacher Associations MT p\u0159i Euroepan Association for Music in Schools (EAS)<\/li>\n\n\n\n<li>\u010dlenka v\u00fdkonn\u00e9ho v\u00fdboru speci\u00e1ln\u00ed skupiny Singing in Music Education p\u0159i EAS<\/li>\n\n\n\n<li>\u010dlenka Komite\u00e9 International Music Olympiad<\/li>\n\n\n\n<li>\u010dlenka Dalcroze Society of America<\/li>\n\n\n\n<li>\u010dlenka Muzikoterapeutick\u00e9 asociace \u010cesk\u00e9 republiky CZMTA<\/li>\n<\/ul>\n\n\n\n<p><strong>Oblasti profesn\u00edho z\u00e1jmu<\/strong><\/p>\n\n\n\n<ul class=\"wp-block-list\">\n<li>didaktika hudebn\u00ed v\u00fdchovy<\/li>\n\n\n\n<li>hudebn\u011b pohybov\u00e1 v\u00fdchova<\/li>\n\n\n\n<li>element\u00e1rn\u00ed hudebn\u00ed v\u00fdchova<\/li>\n\n\n\n<li>integrativn\u00ed hudebn\u00ed pedagogika<\/li>\n\n\n\n<li>\u010desk\u00e1 hudebn\u00ed pedagogika 20. stolet\u00ed<\/li>\n\n\n\n<li>Orff\u016fv Schulwerk<\/li>\n<\/ul>\n\n\n\n<p><strong>\u010cinnost a funkce v r\u00e1mci katedry HV<\/strong><\/p>\n\n\n\n<ul class=\"wp-block-list\">\n<li>2019\u20132020 tajemnice katedry<\/li>\n\n\n\n<li>Od 2020 garant a lektorka C\u017dV pro 1. stupe\u0148<\/li>\n\n\n\n<li>Od 2020 garant C\u017dV pro 2. \u2013 3. stupe\u0148<\/li>\n\n\n\n<li>Od 2016 lektorka C\u017dV v&nbsp;programech orientovan\u00fdch na pln\u011bn\u00ed po\u017eadavk\u016f nebo roz\u0161\u00ed\u0159en\u00ed odborn\u00e9 kvalifikace v&nbsp;oblasti hudebn\u00ed v\u00fdchova<\/li>\n<\/ul>\n\n\n\n<p><strong>Publika\u010dn\u00ed v\u00fdstupy<\/strong><\/p>\n\n\n\n<p><strong>Kapitola v knize<\/strong><\/p>\n\n\n\n<ul class=\"wp-block-list\">\n<li>JI\u0158I\u010cKOV\u00c1, J. The Czech Orff_Schulwerk. In STEWART, C. <em>Orff Schulwerk in Diverse Cultures: An Idea That Went Round the World. <\/em><strong>&nbsp;<\/strong>Pentatonic Press, 2021. ISBN 9780977371273, s. 159-167.<\/li>\n<\/ul>\n\n\n\n<p><strong>P\u0159\u00edsp\u011bvky v recenzovan\u00fdch sborn\u00edc\u00edch (v\u00fdb\u011br)<\/strong><\/p>\n\n\n\n<ul class=\"wp-block-list\">\n<li>JI\u0158I\u010cKOV\u00c1, J. K&nbsp;po\u010d\u00e1tk\u016fm Orffova Schulwerku u n\u00e1s.&nbsp; In <em>Teorie a praxe hudebn\u00ed v\u00fdchovy VII. <\/em>Sborn\u00edk p\u0159\u00edsp\u011bvk\u016f z konference student\u016f doktorandsk\u00fdch a magistersk\u00fdch studi\u00ed a pedagog\u016f hudebn\u00edho vzd\u011bl\u00e1v\u00e1n\u00ed v zem\u00edch V4 v roce 2021 v&nbsp;Praze. Praha: Univerzita Karlova, 2022, s. 133-138. Dostupn\u00e9 na: <a href=\"https:\/\/vydavatelstvi.pedf.cuni.cz\/index.php\/2022\/08\/19\/teorie-a-praxe-hudebni-vychovy-vii-sbornik-prispevku-z-konference\/\">https:\/\/vydavatelstvi.pedf.cuni.cz\/index.php\/2022\/08\/19\/teorie-a-praxe-hudebni-vychovy-vii-sbornik-prispevku-z-konference\/<\/a><\/li>\n\n\n\n<li>JI\u0158I\u010cKOV\u00c1, J. Motivuj\u00edc\u00ed principy skupinov\u00e9ho on-line hudebn\u00edho vyu\u010dov\u00e1n\u00ed se zam\u011b\u0159en\u00edm na vok\u00e1ln\u00ed \u010dinnosti. In <em>Musica Viva in schola XXVII. <\/em>Brno: MUNI Press, 2021, s. 159-167. Dostupn\u00e9 na: <a href=\"https:\/\/doi.org\/10.5817\/CZ.MUNI.P280-0028-2021-12\">https:\/\/doi.org\/10.5817\/CZ.MUNI.P280-0028-2021-12<\/a>.<\/li>\n\n\n\n<li>JI\u0158I\u010cKOV\u00c1, Ji\u0159ina. Workshop: Hrav\u00e1 hudebn\u00ed v\u00fdchova. In <em>Teorie a praxe hudebn\u00ed v\u00fdchovy V. Sborn\u00edk p\u0159\u00edsp\u011bvk\u016f z&nbsp;konference student\u016f doktorandsk\u00fdch a magistersk\u00fdch studi\u00ed a pedagog\u016f hudebn\u00edho vzd\u011bl\u00e1v\u00e1n\u00ed v&nbsp;zem\u00edch V4 v&nbsp;roce 2017 v&nbsp;Praze. <\/em>Praha: Univerzita Karlova v&nbsp;Praze, Pedagogick\u00e1 fakulta, 2018, s. 216\u2013220.<\/li>\n\n\n\n<li>JI\u0158I\u010cKOV\u00c1, Ji\u0159ina. When children sing with Joy. In <em>Theory and Practice of Music Education in Schools. Visegrad Doctoral Forum Prague 2013. <\/em>Prague: Charles University in Prague, Fakulty of Education., Department of Music Education, 2014, s. 63\u201368.<\/li>\n\n\n\n<li>JI\u0158I\u010cKOV\u00c1, Ji\u0159ina. Kdy\u017e d\u011bti zp\u00edvaj\u00ed s&nbsp;radost\u00ed. In <em>Teorie a praxe hudebn\u00ed v\u00fdchovy III. Sborn\u00edk p\u0159\u00edsp\u011bvk\u016f z&nbsp;konference student\u016f a pedagog\u016f hudebn\u00edho vzd\u011bl\u00e1v\u00e1n\u00ed zem\u00ed V4 v&nbsp;roce 2013 v&nbsp;Praze.<\/em> Praha: Univerzita Karlova v&nbsp;Praze, Pedagogick\u00e1 fakulta, 2014, s. 102\u2013107.<\/li>\n<\/ul>\n\n\n\n<p><strong>P\u016fvodn\u00ed didaktick\u00e9 studie v&nbsp;recenzovan\u00fdch \u010dasopisech (v\u00fdb\u011br)<\/strong><\/p>\n\n\n\n<ul class=\"wp-block-list\">\n<li>JI\u0158I\u010cKOV\u00c1, J., SEL\u010cANOV\u00c1 Z. Self-assessment of social competencies and self-study competencies in music education and primary school teacher education students. In <em>Pedagogia musica<\/em> 2\/ June 2022. s. 5-25. Dostupn\u00e9 na: <a href=\"https:\/\/doi.org\/10.24132\/ZCU.MUSICA.2022.02\">https:\/\/doi.org\/10.24132\/ZCU.MUSICA.2022.02<\/a><\/li>\n\n\n\n<li>JI\u0158I\u010cKOV\u00c1, J. SEL\u010cANOV\u00c1, Z. Profesn\u00ed kompetence u\u010ditele. In <em>GRAMOTNOST, PREGRAMOTNOST A VZD\u011aL\u00c1V\u00c1N\u00cd,<\/em> 6, 2, 135\u2014151. Dostupn\u00e9 na: <a href=\"https:\/\/pages.pedf.cuni.cz\/gramotnost\/files\/2022\/11\/Gramotnost_02_2022_obsah.pdf\">https:\/\/pages.pedf.cuni.cz\/gramotnost\/files\/2022\/11\/Gramotnost_02_2022_obsah.pdf<\/a><\/li>\n\n\n\n<li>JI\u0158I\u010cKOV\u00c1, J., NOVOTN\u00c1, H. On the Road with Orff and Comenius. In <em>The Orff Echo<\/em>, 2022,<em> 54<\/em>(3), s. 50-55.&nbsp;(<a href=\"https:\/\/aosa.org\/publications\/the-orff-echo\/\">https:\/\/aosa.org\/publications\/the-orff-echo\/<\/a>)<\/li>\n\n\n\n<li>MASTNAK, W., JI\u0158I\u010cKOV\u00c1, J. Psychopatologick\u00e9 d\u016fsledky \u00e9ry COVID-19: V\u00fdzva pro hudebn\u00ed v\u00fdchovu? In <em>Aura Musica<\/em> 13\/2021. Dostupn\u00e9 na: <a href=\"https:\/\/issuu.com\/ujep\/docs\/aura_musica_13_2021_web_2_\/s\/15009274\">https:\/\/issuu.com\/ujep\/docs\/aura_musica_13_2021_web_2_\/s\/15009274<\/a><\/li>\n\n\n\n<li>JI\u0158I\u010cKOV\u00c1, J<strong>. <\/strong>Aktivizuj\u00edc\u00ed \u010dinnostn\u00ed pojet\u00ed hudebn\u00ed v\u00fdchovy v&nbsp;distan\u010dn\u00ed v\u00fduce. In <em>Aura Musica<\/em> 13\/2021. <a href=\"https:\/\/issuu.com\/ujep\/docs\/aura_musica_13_2021_web_2_\/s\/15009278\">https:\/\/issuu.com\/ujep\/docs\/aura_musica_13_2021_web_2_\/s\/15009278<\/a><\/li>\n\n\n\n<li>JI\u0158I\u010cKOV\u00c1, Ji\u0159ina. Hrav\u011b s&nbsp;hlasem aneb N\u00e1m\u011bty k&nbsp;aktivizuj\u00edc\u00edmu propojen\u00ed vok\u00e1ln\u00edch a hudebn\u011b pohybov\u00fdch aktivit pro d\u011bti na 1. stupni z\u00e1kladn\u00ed \u0161koly. In <em>Aura musica<\/em>. \u00dast\u00ed nad Labem: UJEP, 2019, s. 74-81.<\/li>\n\n\n\n<li>JI\u0158I\u010cKOV\u00c1, Ji\u0159ina. S&nbsp;radost\u00ed a pro\u017eitkem. In <em>Studia scientifica Facultatis PaedagogicaeUniversitas Catholica Ru\u017eomberok.<\/em> Ru\u017eomberok: Katol\u00edcka univerzita v Ru\u017eomberoku, 2019, s. 127-136.<\/li>\n\n\n\n<li>JI\u0158I\u010cKOV\u00c1, Ji\u0159ina. Poj\u010fte s&nbsp;n\u00e1mi na v\u00fdlet. In <em>Hudebn\u00ed v\u00fdchova 2018<\/em>, ro\u010d. 26, \u010d. 1, s. 22\u201325.<\/li>\n<\/ul>\n\n\n\n<p><strong>P\u0159ehledov\u00e9 a populariza\u010dn\u00ed \u010dl\u00e1nky v recenzovan\u00fdch \u010dasopisech (v\u00fdb\u011br)<\/strong><\/p>\n\n\n\n<ul class=\"wp-block-list\">\n<li>JI\u0158I\u010cKOV\u00c1, Ji\u0159ina. Ohl\u00e9dnut\u00ed za mezin\u00e1rodn\u00ed konferenc\u00ed EAS s&nbsp;t\u00e9matem Hudba &amp; v\u00fdznam. In <em>Hudebn\u00ed v\u00fdchova<\/em> 2022, ro\u010d. 30, \u010d. 3, str. 34-35.<\/li>\n\n\n\n<li>SEDL\u00c1\u010cEK, M., JI\u0158I\u010cKOV\u00c1, J., PRCHAL, J. Prvn\u00ed evropsk\u00fd den hudby ve \u0161kol\u00e1ch. In <em>Hudebn\u00ed v\u00fdchova 2022<\/em>, ro\u010d. 30, \u010d. 3, str. 27-31.<\/li>\n\n\n\n<li>JI\u0158I\u010cKOV\u00c1, Ji\u0159ina. Letn\u00ed d\u00edlny hudebn\u00ed v\u00fdchovy 2021. In <em>Hudebn\u00ed v\u00fdchova 2021, <\/em>ro\u010d. 29, \u010d. 4, str. 32-33.<\/li>\n\n\n\n<li>JI\u0158I\u010cKOV\u00c1, Ji\u0159ina. Mezin\u00e1rodn\u00ed hudebn\u00ed olympi\u00e1da \u2013 prostor pro inspiraci a motivaci. In <em>Hudebn\u00ed v\u00fdchova<\/em> 2022, ro\u010d. 30, \u010d. 2, str. 35-37.<\/li>\n\n\n\n<li>JI\u0158I\u010cKOV\u00c1, Ji\u0159ina. Letn\u00ed d\u00edlny hudebn\u00ed v\u00fdchovy 2021. In <em>Hudebn\u00ed v\u00fdchova 2021, <\/em>ro\u010d. 29, \u010d. 4, str. 32-33.<\/li>\n\n\n\n<li>JI\u0158I\u010cKOV\u00c1, Ji\u0159ina. Distan\u010dn\u00ed projekt Hudebn\u00ed radosti student\u016f. In <em>Hudebn\u00ed v\u00fdchova 2021<\/em>, ro\u010d. 29, \u010d. 1, str. 29-30.<\/li>\n\n\n\n<li>JI\u0158I\u010cKOV\u00c1, Ji\u0159ina. Tschechische Orff-Schule \u2013 50 Jahre nach den Prinzipien von Carl Orff. Herkunftsbedingungen, Besonderheiten und Bedeutung f\u00fcr die tschechoslowakische und tschechische Musikp\u00e4dagogik (v tisku)<\/li>\n\n\n\n<li>JI\u0158I\u010cKOV\u00c1, Ji\u0159ina. Nov\u00e9 on-line podn\u011bty pro hudebn\u00ed v\u00fdchovu. In Hudebn\u00ed v\u00fdchova 2020, ro\u010d. 28, \u010d. 2, 42-43.<\/li>\n\n\n\n<li>JI\u0158I\u010cKOV\u00c1, Ji\u0159ina. Hrav\u00e9 hudebn\u00ed inspirace Lenky Posp\u00ed\u0161ilov\u00e9. In Hudebn\u00ed v\u00fdchova 2020, ro\u010d. 28, \u0161. 2, 36-37.<\/li>\n\n\n\n<li>JI\u0158I\u010cKOV\u00c1, Ji\u0159ina. Seversk\u00e9 vzplanut\u00ed Aneb Kr\u00e1tk\u00e1 exkurze tam, kde mus\u00ed b\u00fdt radost studovat. In <em>Hudebn\u00ed v\u00fdchova <\/em>2020, ro\u010d. 28, \u010d. 1, s. 38\u201340.<\/li>\n\n\n\n<li>JI\u0158I\u010cKOV\u00c1, Ji\u0159ina, PRCHAL, Jan. Die tschechische Gesellschaft f\u00fcr Musikerziehung im Wandel der Zeit (1934\u20132016). In <em>W\u00fcrzburger Hefte zur Musikp\u00e4dagogik<\/em>, Vol. 9.<\/li>\n<\/ul>\n\n\n\n<p><strong>U\u010debnice<\/strong><\/p>\n\n\n\n<ul class=\"wp-block-list\">\n<li>Taylor, D., K\u00fcfhaberov\u00e1, B., <strong>Ji\u0159i\u010dkov\u00e1, J., <\/strong>Jiru\u0161kov\u00e1 I. <em>Hrav\u00e1 hudebn\u00ed v\u00fdchova. U\u010debnice pro 4. ro\u010dn\u00edk Z\u0160.<\/em> Praha: Taktik, 2022. 96 stran,\u00a0ISBN 978-80-7563-486-3.\u00a0<\/li>\n\n\n\n<li>Taylor, D., K\u00fcfhaberov\u00e1, B., <strong>Ji\u0159i\u010dkov\u00e1, J., <\/strong>Jiru\u0161kov\u00e1 I. <em>Hrav\u00e1 hudebn\u00ed v\u00fdchova. Pracovn\u00ed se\u0161it pro 4. ro\u010dn\u00edk Z\u0160.<\/em>&nbsp;Praha: Taktik, 2022. 48 stran, ISBN 978-80-7563-487-0.&nbsp;<\/li>\n\n\n\n<li>Taylor, D., K\u00fcfhaberov\u00e1, B., <strong>Ji\u0159i\u010dkov\u00e1, J., <\/strong>Jiru\u0161kov\u00e1, I. <em>Hudebn\u00ed v\u00fdchova\u00a0\u2013\u00a0Metodick\u00e1 p\u0159\u00edru\u010dka pro vyu\u010duj\u00edc\u00ed hudebn\u00ed v\u00fdchovy 4. ro\u010dn\u00edku Z\u0160.<\/em>\u00a0Praha: Taktik, 2022. 148 stran,\u00a0ISBN 978-80-7563-494- <\/li>\n\n\n\n<li>Taylor, D., K\u00fcfhaberov\u00e1, B., <strong>Ji\u0159i\u010dkov\u00e1, J., <\/strong>\u0160PINLEROV\u00c1 I. <em>Hrav\u00e1 hudebn\u00ed v\u00fdchova. U\u010debnice pro 3. ro\u010dn\u00edk Z\u0160.<\/em> Praha: Taktik, 2021. 96 stran, ISBN\u00a0978-80-7563-252-4.<\/li>\n\n\n\n<li>Taylor, D., K\u00fcfhaberov\u00e1, B., <strong>Ji\u0159i\u010dkov\u00e1, J., <\/strong>\u0160PINLEROV\u00c1 I. <em>Hrav\u00e1 hudebn\u00ed v\u00fdchova. Pracovn\u00ed se\u0161it pro 3. ro\u010dn\u00edk Z\u0160.<\/em>&nbsp;Praha: Taktik, 2021. 48 stran, ISBN 978-80-7563-251-7.&nbsp;<\/li>\n\n\n\n<li>Taylor, D., K\u00fcfhaberov\u00e1, B., <strong>Ji\u0159i\u010dkov\u00e1, J.,<\/strong> \u0160PINLEROV\u00c1 I. <em>Hudebn\u00ed v\u00fdchova\u00a0\u2013\u00a0Metodick\u00e1 p\u0159\u00edru\u010dka pro vyu\u010duj\u00edc\u00ed hudebn\u00ed v\u00fdchovy 3. ro\u010dn\u00edku Z\u0160.<\/em>\u00a0Praha: Taktik, 2021. 140 stran,\u00a0ISBN 978-80-7563-255-5.\u00a0<\/li>\n\n\n\n<li>Taylor, D., K\u00fcfhaberov\u00e1, B., <strong>Ji\u0159i\u010dkov\u00e1, J.,<\/strong> Havelkov\u00e1, H., Turek, D., Hlavov\u00e1, J., Knopov\u00e1, B., Anto\u0148\u016f, J. <em>Hrav\u00e1 hudebn\u00ed v\u00fdchova 2&nbsp;\u2013&nbsp;Pracovn\u00ed u\u010debnice pro 2. ro\u010dn\u00edk Z\u0160<\/em>. Praha: Taktik, 2020. ISBN 978-80-7563-250-0.<\/li>\n\n\n\n<li>Taylor, D., K\u00fcfhaberov\u00e1, B., <strong>Ji\u0159i\u010dkov\u00e1, J.,<\/strong> Havelkov\u00e1, H., Turek, D., Hlavov\u00e1, J., Knopov\u00e1, B., Anto\u0148\u016f, J. <em>Hrav\u00e1 hudebn\u00ed v\u00fdchova 2&nbsp;\u2013&nbsp;Metodick\u00e1 p\u0159\u00edru\u010dka pro vyu\u010duj\u00edc\u00ed hudebn\u00ed v\u00fdchovy 2. ro\u010dn\u00edku Z\u0160.<\/em> Praha: Taktik, 2020. ISBN 978-80-7563-254-8.<\/li>\n<\/ul>\n\n\n\n<p><strong>Edi\u010dn\u00ed \u010dinnost<\/strong><\/p>\n\n\n\n<ul class=\"wp-block-list\">\n<li>JI\u0158I\u010cKOV\u00c1, J., KODEJ\u0160KA, M., KA\u0160\u010c\u00c1KOV\u00c1, L. (eds.) <em>Teorie a praxe hudebn\u00ed v\u00fdchovy VII. <\/em>Sborn\u00edk p\u0159\u00edsp\u011bvk\u016f z konference student\u016f doktorandsk\u00fdch a magistersk\u00fdch studi\u00ed a pedagog\u016f hudebn\u00edho vzd\u011bl\u00e1v\u00e1n\u00ed v zem\u00edch V4 v roce 2021 v&nbsp;Praze. Praha: Univerzita Karlova: 2022, 230 s., ISBN: 978-80-7603-298-9. Dostupn\u00e9 na: <a href=\"https:\/\/vydavatelstvi.pedf.cuni.cz\/index.php\/2022\/08\/19\/teorie-a-praxe-hudebni-vychovy-vii-sbornik-prispevku-z-konference\/\">https:\/\/vydavatelstvi.pedf.cuni.cz\/index.php\/2022\/08\/19\/teorie-a-praxe-hudebni-vychovy-vii-sbornik-prispevku-z-konference\/<\/a><\/li>\n\n\n\n<li>JI\u0158I\u010cKOV\u00c1, J., HOLUBEC, J. HONS, M.&nbsp; <em>Aura Musica<\/em> 13\/2021. \u010casopis pro sborovou tvorbu, hudebn\u00ed teorii a pedagogiku. \u00dast\u00ed nad Labem: PF UJEP, 2021. ISSN 1805-4056. Dostupn\u00e9 na: <a href=\"https:\/\/issuu.com\/ujep\/docs\/aura_musica_13_2021_web_2_\">https:\/\/issuu.com\/ujep\/docs\/aura_musica_13_2021_web_2_<\/a><\/li>\n<\/ul>\n\n\n\n<p><strong>Aktivn\u00ed vystoupen\u00ed na v\u011bdeck\u00fdch konferenc\u00edch, sympozi\u00edch, semin\u00e1\u0159\u00edch (v\u00fdb\u011br)<\/strong><\/p>\n\n\n\n<ul class=\"wp-block-list\">\n<li><em>Enhancing creativity\/ notion of creativity in Czechia.<\/em> Konference Creative Interaction, Pedagogogische Hoschule f\u00fcr Musik und Theater, M\u00fcnchen, 26. 5. 2022<\/li>\n\n\n\n<li>Workshop <em>Silent Rhythm \u2013 rhyhm in silence<\/em>. EAS conference Music and Meaning, Belgrade, 18.-21. 5.2022, 18. 5 .2022<\/li>\n\n\n\n<li>P\u0159edn\u00e1\u0161ka <em>Reminiscence a inspirace:<\/em> <em>Orff\u016fv Schulwerk na obrazovce.<\/em> Doktorandsk\u00e1 konference Teorie a pr\u00e1ce hudebn\u00ed v\u00fdchovy VII. PedF UK, 11. 11. 2021<\/li>\n\n\n\n<li>Vy\u017e\u00e1dan\u00fd workshop <em>Rytmick\u00e9 aktivity jako zdroj hudebn\u00edch z\u00e1\u017eitk\u016f.<\/em> Doktorandsk\u00e1 konference Teorie a praxe hudebn\u00ed v\u00fdchovy VII. PedF UK, 11.11.2021<\/li>\n\n\n\n<li>Vy\u017e\u00e1dan\u00fd workshop <em>A\u0165 je jaro, l\u00e9to, podzim nebo zima, zp\u00edv\u00e1n\u00ed je v\u017edycky prima. Aktivizuj\u00edc\u00ed \u010dinnostn\u00ed pojet\u00ed hv v&nbsp;distan\u010dn\u00ed v\u00fduce. Webov\u00e1 konference <\/em>Hudebn\u00ed v\u00fdchova pro 3. tis\u00edcilet\u00ed, PF UJEP \u00dast\u00ed nad Labem, 24. 4. 2021<\/li>\n\n\n\n<li>Vy\u017e\u00e1dan\u00e1 p\u0159edn\u00e1\u0161ka <em>50 Jahre Tschechische Orff \u2013 Schule<\/em>, Konferenz Leo Kestenberg Gesellschaft v Orrf Zentrum v Mnichov\u011b, 16.11. 2019<\/li>\n\n\n\n<li>Vy\u017e\u00e1dan\u00fd workshop <em>Hrav\u011b s hlasem<\/em> v r\u00e1mci konference Hudba pro 3. Tis\u00edcilet\u00ed, PF UJEP \u00dast\u00ed nad Labem, 6. 4. 2019<\/li>\n\n\n\n<li>P\u0159\u00edsp\u011bvek Hudebn\u00ed olympi\u00e1da \u010cR na konferenci Hudba pro 3. Tis\u00edcilet\u00ed, PF UJEP \u00dast\u00ed nad Labem, 5. 4. 2019<\/li>\n\n\n\n<li>Vy\u017e\u00e1dan\u00fd workshop <em>Motivovan\u00e9 vok\u00e1ln\u00ed aktivity <\/em>v r\u00e1mci konference Ars in Educatio V., PF KU Ru\u017eomberok, 21. 11. 2018<\/li>\n\n\n\n<li>Vy\u017e\u00e1dan\u00fd workshop <em>S radost\u00ed a pro\u017eitkem<\/em> v r\u00e1mci konference Ars in Educatio V., PF KU Ru\u017eomberok, 21. 11. 2018<\/li>\n\n\n\n<li>Refer\u00e1t <em>Musical stage performance as a means of developing a key social competence. <\/em>Konference EAS, Jelgava, Loty\u0161sko, 14. \u2013 17.3.2018<\/li>\n<\/ul>\n","protected":false},"excerpt":{"rendered":"<p>PhDr. Ji\u0159ina Ji\u0159i\u010dkov\u00e1, Ph.D. *1977, Mlad\u00e1 Boleslav Studium \u010clenstv\u00ed ve v\u011bdeck\u00fdch a odborn\u00fdch (um\u011bleck\u00fdch) org\u00e1nech a komis\u00edch Oblasti profesn\u00edho z\u00e1jmu \u010cinnost a funkce v r\u00e1mci katedry HV Publika\u010dn\u00ed v\u00fdstupy Kapitola v knize P\u0159\u00edsp\u011bvky v recenzovan\u00fdch sborn\u00edc\u00edch (v\u00fdb\u011br) P\u016fvodn\u00ed didaktick\u00e9 studie v&nbsp;recenzovan\u00fdch \u010dasopisech (v\u00fdb\u011br) P\u0159ehledov\u00e9 a populariza\u010dn\u00ed \u010dl\u00e1nky v recenzovan\u00fdch \u010dasopisech (v\u00fdb\u011br) U\u010debnice Edi\u010dn\u00ed \u010dinnost Aktivn\u00ed [&hellip;]<\/p>\n","protected":false},"author":422,"featured_media":0,"parent":271,"menu_order":0,"comment_status":"closed","ping_status":"closed","template":"","meta":{"footnotes":""},"class_list":["post-2915","page","type-page","status-publish","hentry"],"_links":{"self":[{"href":"https:\/\/pages.pedf.cuni.cz\/khv\/wp-json\/wp\/v2\/pages\/2915","targetHints":{"allow":["GET"]}}],"collection":[{"href":"https:\/\/pages.pedf.cuni.cz\/khv\/wp-json\/wp\/v2\/pages"}],"about":[{"href":"https:\/\/pages.pedf.cuni.cz\/khv\/wp-json\/wp\/v2\/types\/page"}],"author":[{"embeddable":true,"href":"https:\/\/pages.pedf.cuni.cz\/khv\/wp-json\/wp\/v2\/users\/422"}],"replies":[{"embeddable":true,"href":"https:\/\/pages.pedf.cuni.cz\/khv\/wp-json\/wp\/v2\/comments?post=2915"}],"version-history":[{"count":21,"href":"https:\/\/pages.pedf.cuni.cz\/khv\/wp-json\/wp\/v2\/pages\/2915\/revisions"}],"predecessor-version":[{"id":5130,"href":"https:\/\/pages.pedf.cuni.cz\/khv\/wp-json\/wp\/v2\/pages\/2915\/revisions\/5130"}],"up":[{"embeddable":true,"href":"https:\/\/pages.pedf.cuni.cz\/khv\/wp-json\/wp\/v2\/pages\/271"}],"wp:attachment":[{"href":"https:\/\/pages.pedf.cuni.cz\/khv\/wp-json\/wp\/v2\/media?parent=2915"}],"curies":[{"name":"wp","href":"https:\/\/api.w.org\/{rel}","templated":true}]}}