{"id":559,"date":"2015-05-25T16:41:02","date_gmt":"2015-05-25T14:41:02","guid":{"rendered":"http:\/\/pages.pedf.cuni.cz\/khv\/?page_id=559"},"modified":"2020-09-20T20:18:21","modified_gmt":"2020-09-20T18:18:21","slug":"salakova-magdalena-phdr","status":"publish","type":"page","link":"https:\/\/pages.pedf.cuni.cz\/khv\/profil-katedry\/pracovnici-katedry\/profily-vyucujicich\/salakova-magdalena-phdr\/","title":{"rendered":"Sal\u00e1kov\u00e1 Magdalena, PhDr., Ph.D."},"content":{"rendered":"<p>PhDr. Magdalena Sal\u00e1kov\u00e1, Ph.D., absolvovala studium hudebn\u00ed v\u011bdy na Filozofick\u00e9 fakult\u011b Univerzity Karlovy. V doktorsk\u00e9m studiu pokra\u010dovala na Kated\u0159e hudebn\u00ed v\u00fdchovy PedF UK, kde v sou\u010dasn\u00e9 dob\u011b p\u016fsob\u00ed jako odborn\u00fd asistent. Vyu\u010duje zde p\u0159edm\u011bty <em>D\u011bjiny hudby, History of Music, Etnick\u00e1 hudba a etnomuzikologie<\/em> a<em> Evropsk\u00e9 kulturn\u00ed d\u011bdictv\u00ed \u2013 Hudba<\/em>. Od roku 2016 je rovn\u011b\u017e pedagogem Pra\u017esk\u00e9 konzervato\u0159e, kde vyu\u010duje <em>Intonaci a sluchovou anal\u00fdzu<\/em> a <em>Nauku o hudebn\u00edch n\u00e1stroj\u00edch<\/em>. Vedle zmi\u0148ovan\u00fdch odborn\u00fdch oblast\u00ed se d\u00e1le hloub\u011bji zab\u00fdv\u00e1 organologi\u00ed, nat\u00e1\u010den\u00edm video-p\u0159edn\u00e1\u0161ek o hudebn\u00edch n\u00e1stroj\u00edch pro Virtu\u00e1ln\u00ed univerzitu T\u0159et\u00edho v\u011bku a lektorov\u00e1n\u00edm semin\u00e1\u0159\u016f a prakticky zam\u011b\u0159en\u00fdch workshop\u016f pro N\u00e1rodn\u00ed institut pro dal\u0161\u00ed vzd\u011bl\u00e1v\u00e1n\u00ed. Ji\u017e p\u0159es patn\u00e1ct let vede d\u011btsk\u00fd p\u011bveck\u00fd sbor p\u0159i bazilice sv. Mark\u00e9ty v\u00a0Praze-B\u0159evnov\u011b. Sv\u00e9 zku\u0161enosti ze studia, st\u00e1\u017e\u00ed \u010di sborov\u00fdch p\u011bveck\u00fdch turn\u00e9 v\u00a0zahrani\u010d\u00ed (Jihoafrick\u00e1 republika \u2013 University of Pretoria, Zambie, N\u011bmecko \u2013 Freie Universitaet, Japonsko, Kolumbie, Izrael ad.) uplat\u0148uje nejen p\u0159i v\u00fduce etnomuzikologie, ale i v pr\u00e1ci pro neziskov\u00e9 organizace, zvl\u00e1\u0161t\u011b v lektorov\u00e1n\u00ed program\u016f se zam\u011b\u0159en\u00edm na multikulturn\u00ed v\u00fdchovu.<\/p>\n<ul>\n<li>2013: diserta\u010dn\u00ed pr\u00e1ce MUSICA POETICA LATINA aneb Pov\u00e1le\u010dn\u00e1 vok\u00e1ln\u00ed tvorba \u010desk\u00fdch autor\u016f na sv\u011btsk\u00e9 latinsk\u00e9 texty se zam\u011b\u0159en\u00edm na d\u00edlo Jana Nov\u00e1ka <em>(<\/em>Univerzita Karlova v Praze, PedF, Katedra hudebn\u00ed v\u00fdchovy)<\/li>\n<li>2006\/2008: diplomov\u00e1 a rigor\u00f3zn\u00ed pr\u00e1ce:\u00a0<em>Mbira \u2013 hudebn\u00ed tradice zimbabwsk\u00e9ho etnika Shona (<\/em>Univerzita Karlova v Praze, FF, \u00dastav hudebn\u00ed v\u011bdy)<\/li>\n<\/ul>\n<p><strong>\u00a0<\/strong><\/p>\n<p><strong>P\u0159edchoz\u00ed odborn\u00e1 zku\u0161enost<\/strong><\/p>\n<ul>\n<li>2011\u20132015: Centrum Narovinu, lektorka program\u016f <em>Afrika nev\u0161edn\u00edma o\u010dima<\/em><\/li>\n<li>2004\u20132019: N\u00e1rodn\u00ed divadlo, Praha, extern\u00ed spolupr\u00e1ce s Operou ND a \u010cinohrou ND<\/li>\n<li>2007\u20132009 :Arcidiec\u00e9zn\u00ed charita Praha, Rozvojov\u00e9 st\u0159edisko, koordin\u00e1torka projekt\u016f v Zambii a DR Kongo + koordin\u00e1torka grantu EU\u00a0<em>Rozvojov\u00e9 vzd\u011bl\u00e1v\u00e1n\u00ed na \u0161kol\u00e1ch<\/em><\/li>\n<li>2005: Lifebridge Zambia, Kafue Estates, Zambia, v\u00fduka AJ na Z\u0160, dobrovolnick\u00fd pobyt u charitativn\u00ed organizace<\/li>\n<li>1998\u20132004: \u0160kola sborov\u00e9ho zp\u011bvu, Praha, v\u00fduka p\u0159edm\u011btu Sborov\u00fd zp\u011bv<\/li>\n<\/ul>\n<p><strong>\u00a0<\/strong><\/p>\n","protected":false},"excerpt":{"rendered":"<p>PhDr. Magdalena Sal\u00e1kov\u00e1, Ph.D., absolvovala studium hudebn\u00ed v\u011bdy na Filozofick\u00e9 fakult\u011b Univerzity Karlovy. V doktorsk\u00e9m studiu pokra\u010dovala na Kated\u0159e hudebn\u00ed v\u00fdchovy PedF UK, kde v sou\u010dasn\u00e9 dob\u011b p\u016fsob\u00ed jako odborn\u00fd asistent. Vyu\u010duje zde p\u0159edm\u011bty D\u011bjiny hudby, History of Music, Etnick\u00e1 hudba a etnomuzikologie a Evropsk\u00e9 kulturn\u00ed d\u011bdictv\u00ed \u2013 Hudba. Od roku 2016 je rovn\u011b\u017e pedagogem [&hellip;]<\/p>\n","protected":false},"author":422,"featured_media":0,"parent":271,"menu_order":11,"comment_status":"closed","ping_status":"closed","template":"","meta":{"footnotes":""},"class_list":["post-559","page","type-page","status-publish","hentry"],"_links":{"self":[{"href":"https:\/\/pages.pedf.cuni.cz\/khv\/wp-json\/wp\/v2\/pages\/559","targetHints":{"allow":["GET"]}}],"collection":[{"href":"https:\/\/pages.pedf.cuni.cz\/khv\/wp-json\/wp\/v2\/pages"}],"about":[{"href":"https:\/\/pages.pedf.cuni.cz\/khv\/wp-json\/wp\/v2\/types\/page"}],"author":[{"embeddable":true,"href":"https:\/\/pages.pedf.cuni.cz\/khv\/wp-json\/wp\/v2\/users\/422"}],"replies":[{"embeddable":true,"href":"https:\/\/pages.pedf.cuni.cz\/khv\/wp-json\/wp\/v2\/comments?post=559"}],"version-history":[{"count":5,"href":"https:\/\/pages.pedf.cuni.cz\/khv\/wp-json\/wp\/v2\/pages\/559\/revisions"}],"predecessor-version":[{"id":3606,"href":"https:\/\/pages.pedf.cuni.cz\/khv\/wp-json\/wp\/v2\/pages\/559\/revisions\/3606"}],"up":[{"embeddable":true,"href":"https:\/\/pages.pedf.cuni.cz\/khv\/wp-json\/wp\/v2\/pages\/271"}],"wp:attachment":[{"href":"https:\/\/pages.pedf.cuni.cz\/khv\/wp-json\/wp\/v2\/media?parent=559"}],"curies":[{"name":"wp","href":"https:\/\/api.w.org\/{rel}","templated":true}]}}