{"id":1910,"date":"2021-05-24T13:02:23","date_gmt":"2021-05-24T11:02:23","guid":{"rendered":"http:\/\/pages.pedf.cuni.cz\/ksppg\/?page_id=1910"},"modified":"2026-01-20T10:35:56","modified_gmt":"2026-01-20T09:35:56","slug":"1910-2","status":"publish","type":"page","link":"https:\/\/pages.pedf.cuni.cz\/ksppg\/1910-2","title":{"rendered":"Studium C\u017dV"},"content":{"rendered":"<p>V\u00e1\u017een\u00ed z\u00e1jemci,<\/p>\n<p>r\u00e1di bychom V\u00e1m nab\u00eddli nov\u011b akreditovan\u00fd kurz celo\u017eivotn\u00edho vzd\u011bl\u00e1v\u00e1n\u00ed zaji\u0161\u0165ovan\u00fd katedrou Speci\u00e1ln\u00ed pedagogiky Pedagogick\u00e9 fakulty Univerzity Karlovy.<\/p>\n<p><span style=\"color: #008000\"><strong>J<span style=\"color: #008000\">edn\u00e1 se o n\u00e1sleduj\u00edc\u00ed program vzd\u011bl\u00e1v\u00e1n\u00ed:<\/span><\/strong><\/span><\/p>\n<p><strong data-start=\"0\" data-end=\"54\">1) Studium k roz\u0161\u00ed\u0159en\u00ed odborn\u00e9 kvalifikace zam\u011b\u0159en\u00e9 na speci\u00e1ln\u011b pedagogickou, v\u00fdchovnou a vzd\u011bl\u00e1vac\u00ed \u010dinnost ve \u0161kol\u00e1ch a t\u0159\u00edd\u00e1ch z\u0159\u00edzen\u00fdch pro d\u011bti, \u017e\u00e1ky a studenty se speci\u00e1ln\u00edmi vzd\u011bl\u00e1vac\u00edmi pot\u0159ebami (11443)<\/strong><\/p>\n<p>_____________________________________________________________<\/p>\n<p><span style=\"color: #008000\"><strong>1) Studium k roz\u0161\u00ed\u0159en\u00ed odborn\u00e9 kvalifikace zam\u011b\u0159en\u00e9 na speci\u00e1ln\u011b pedagogickou, v\u00fdchovnou a vzd\u011bl\u00e1vac\u00ed \u010dinnost ve \u0161kol\u00e1ch a t\u0159\u00edd\u00e1ch z\u0159\u00edzen\u00fdch pro d\u011bti, \u017e\u00e1ky a studenty se speci\u00e1ln\u00edmi vzd\u011bl\u00e1vac\u00edmi pot\u0159ebami (11443)<\/strong><\/span><\/p>\n<ul data-start=\"114\" data-end=\"294\">\n<li data-start=\"114\" data-end=\"147\"><strong data-start=\"116\" data-end=\"133\">Forma studia:<\/strong> kombinovan\u00e1<\/li>\n<li data-start=\"148\" data-end=\"170\"><strong data-start=\"150\" data-end=\"160\">Jazyk:<\/strong> \u010de\u0161tina<\/li>\n<li data-start=\"171\" data-end=\"219\"><strong data-start=\"173\" data-end=\"188\">Akreditace:<\/strong> M\u0160MT (MSMT-13534\/2024-9-114)<\/li>\n<li data-start=\"220\" data-end=\"256\"><strong data-start=\"222\" data-end=\"232\">D\u00e9lka:<\/strong> 265 vyu\u010dovac\u00edch hodin<\/li>\n<li data-start=\"257\" data-end=\"294\"><strong data-start=\"259\" data-end=\"289\">Maxim\u00e1ln\u00ed po\u010det \u00fa\u010dastn\u00edk\u016f:<\/strong> 33<\/li>\n<\/ul>\n<p data-start=\"296\" data-end=\"319\"><strong data-start=\"296\" data-end=\"317\">Struktura studia:<\/strong><\/p>\n<ol data-start=\"320\" data-end=\"469\">\n<li data-start=\"320\" data-end=\"391\">Propedeutika speci\u00e1ln\u00ed pedagogiky a historicko-filosofick\u00fd kontext<\/li>\n<li data-start=\"392\" data-end=\"429\">Oborov\u00e1 \u010d\u00e1st a oborov\u00e9 didaktiky<\/li>\n<li data-start=\"430\" data-end=\"448\">Oborov\u00e1 praxe<\/li>\n<li data-start=\"449\" data-end=\"469\">Z\u00e1v\u011bre\u010dn\u00e1 pr\u00e1ce<\/li>\n<\/ol>\n<p data-start=\"471\" data-end=\"725\"><strong data-start=\"471\" data-end=\"493\">Profil absolventa:<\/strong><br data-start=\"493\" data-end=\"496\" \/>Absolvent z\u00edsk\u00e1 znalosti o vzd\u011bl\u00e1v\u00e1n\u00ed d\u011bt\u00ed, \u017e\u00e1k\u016f a student\u016f se speci\u00e1ln\u00edmi vzd\u011bl\u00e1vac\u00edmi pot\u0159ebami v \u010cR, osvoj\u00ed si teoretick\u00e9 i praktick\u00e9 dovednosti pro pedagogickou praxi a bude schopen navrhnout speci\u00e1ln\u011b pedagogick\u00e9 p\u0159\u00edstupy.<\/p>\n<p data-start=\"727\" data-end=\"903\" data-is-last-node=\"\" data-is-only-node=\"\"><strong data-start=\"727\" data-end=\"748\">Podm\u00ednky p\u0159ijet\u00ed:<\/strong><br data-start=\"748\" data-end=\"751\" \/>Magistersk\u00e9 vzd\u011bl\u00e1n\u00ed v pedagogick\u00fdch oborech (u\u010ditelstv\u00ed pro M\u0160, Z\u0160, S\u0160, vychovatelstv\u00ed) s c\u00edlem roz\u0161\u00ed\u0159en\u00ed kvalifikace o speci\u00e1ln\u011b pedagogickou \u010dinnost.<\/p>\n<p data-start=\"727\" data-end=\"903\" data-is-last-node=\"\" data-is-only-node=\"\">V\u00edce k p\u0159ij\u00edmac\u00edmu \u0159\u00edzen\u00ed <strong><span style=\"color: #008000\"><a style=\"color: #008000\" href=\"https:\/\/is.cuni.cz\/studium\/prijimacky\/index.php?do=detail_kurz&amp;cid=11900\" target=\"_blank\" rel=\"noopener\">zde<\/a><\/span><\/strong><\/p>\n<p data-start=\"0\" data-end=\"45\"><strong data-start=\"0\" data-end=\"43\">Studium k roz\u0161\u00ed\u0159en\u00ed odborn\u00e9 kvalifikace<\/strong><\/p>\n<ul data-start=\"47\" data-end=\"537\" data-is-only-node=\"\" data-is-last-node=\"\">\n<li data-start=\"47\" data-end=\"171\"><strong data-start=\"49\" data-end=\"64\">Akreditace:<\/strong> v souladu s \u00a7 22 odst. 1 p\u00edsm. a) z\u00e1kona \u010d. 563\/2004 Sb. a \u00a7 1 odst. 1 p\u00edsm. a) vyhl\u00e1\u0161ky \u010d. 317\/2005 Sb.<\/li>\n<li data-start=\"172\" data-end=\"288\"><strong data-start=\"174\" data-end=\"193\">Celkov\u00fd rozsah:<\/strong> 312 vyu\u010dovac\u00edch hodin (162 hodin teoretick\u00e9 v\u00fduky, z toho 52 hodin on-line, 150 hodin praxe)<\/li>\n<li data-start=\"289\" data-end=\"335\"><strong data-start=\"291\" data-end=\"323\">Otev\u00edr\u00e1n v akademick\u00e9m roce:<\/strong> 2024\/2025<\/li>\n<li data-start=\"336\" data-end=\"373\"><strong data-start=\"338\" data-end=\"351\">Zah\u00e1jen\u00ed:<\/strong> zimn\u00ed semestr, \u00fanor<\/li>\n<li data-start=\"374\" data-end=\"408\"><strong data-start=\"376\" data-end=\"395\">D\u00e9lka programu:<\/strong> 4 semestry<\/li>\n<li data-start=\"409\" data-end=\"441\"><strong data-start=\"411\" data-end=\"429\">Rozsah studia:<\/strong> 265 hodin<\/li>\n<li data-start=\"442\" data-end=\"477\"><strong data-start=\"444\" data-end=\"465\">Poplatek za kurz:<\/strong> 35 000 K\u010d<\/li>\n<li data-start=\"478\" data-end=\"515\"><strong data-start=\"480\" data-end=\"506\">Poplatek za p\u0159ihl\u00e1\u0161ku:<\/strong> 400 K\u010d<\/li>\n<li data-start=\"516\" data-end=\"537\" data-is-last-node=\"\"><strong data-start=\"518\" data-end=\"526\">DPH:<\/strong> osvobozeno<\/li>\n<\/ul>\n","protected":false},"excerpt":{"rendered":"<p>V\u00e1\u017een\u00ed z\u00e1jemci, r\u00e1di bychom V\u00e1m nab\u00eddli nov\u011b akreditovan\u00fd kurz celo\u017eivotn\u00edho vzd\u011bl\u00e1v\u00e1n\u00ed zaji\u0161\u0165ovan\u00fd katedrou Speci\u00e1ln\u00ed pedagogiky Pedagogick\u00e9 fakulty Univerzity Karlovy. Jedn\u00e1 se o n\u00e1sleduj\u00edc\u00ed program vzd\u011bl\u00e1v\u00e1n\u00ed: 1) Studium k roz\u0161\u00ed\u0159en\u00ed odborn\u00e9&#8230; <\/p>\n","protected":false},"author":465,"featured_media":2247,"parent":0,"menu_order":0,"comment_status":"closed","ping_status":"closed","template":"","meta":{"footnotes":""},"class_list":["post-1910","page","type-page","status-publish","has-post-thumbnail","hentry"],"_links":{"self":[{"href":"https:\/\/pages.pedf.cuni.cz\/ksppg\/wp-json\/wp\/v2\/pages\/1910","targetHints":{"allow":["GET"]}}],"collection":[{"href":"https:\/\/pages.pedf.cuni.cz\/ksppg\/wp-json\/wp\/v2\/pages"}],"about":[{"href":"https:\/\/pages.pedf.cuni.cz\/ksppg\/wp-json\/wp\/v2\/types\/page"}],"author":[{"embeddable":true,"href":"https:\/\/pages.pedf.cuni.cz\/ksppg\/wp-json\/wp\/v2\/users\/465"}],"replies":[{"embeddable":true,"href":"https:\/\/pages.pedf.cuni.cz\/ksppg\/wp-json\/wp\/v2\/comments?post=1910"}],"version-history":[{"count":43,"href":"https:\/\/pages.pedf.cuni.cz\/ksppg\/wp-json\/wp\/v2\/pages\/1910\/revisions"}],"predecessor-version":[{"id":4174,"href":"https:\/\/pages.pedf.cuni.cz\/ksppg\/wp-json\/wp\/v2\/pages\/1910\/revisions\/4174"}],"wp:featuredmedia":[{"embeddable":true,"href":"https:\/\/pages.pedf.cuni.cz\/ksppg\/wp-json\/wp\/v2\/media\/2247"}],"wp:attachment":[{"href":"https:\/\/pages.pedf.cuni.cz\/ksppg\/wp-json\/wp\/v2\/media?parent=1910"}],"curies":[{"name":"wp","href":"https:\/\/api.w.org\/{rel}","templated":true}]}}