{"id":320,"date":"2020-11-07T16:29:34","date_gmt":"2020-11-07T15:29:34","guid":{"rendered":"http:\/\/pages.pedf.cuni.cz\/prevzd\/?page_id=320"},"modified":"2020-11-20T15:51:35","modified_gmt":"2020-11-20T14:51:35","slug":"konference-2","status":"publish","type":"page","link":"https:\/\/pages.pedf.cuni.cz\/prevzd\/konference-2\/","title":{"rendered":"Konference"},"content":{"rendered":"<p>Konference <strong>Podpora pregradu\u00e1ln\u00edho vzd\u011bl\u00e1v\u00e1n\u00ed na PedF UK \u2013 p\u0159edstaven\u00ed v\u00fdstup\u016f projektu <\/strong>se uskute\u010dn\u00ed <strong>online 24. a 25. listopadu 2020<\/strong>.<\/p>\n<p>Konference<strong>\u00a0<\/strong>se kon\u00e1 pod z\u00e1\u0161titou prof. PaedDr. Radky Wildov\u00e9, CSc., prorektorky Univerzity Karlovy pro koncepci a kvalitu vzd\u011bl\u00e1vac\u00ed \u010dinnosti. Uv\u00edt\u00e1 akademick\u00e9 pracovn\u00edky, kte\u0159\u00ed se pod\u00edlej\u00ed na pedagogicko-psychologick\u00e9 p\u0159\u00edprav\u011b, oborov\u00e9 didaktiky, u\u010ditele fakultn\u00edch \u0161kol, studenty i dal\u0161\u00ed z\u00e1jemce o inovace v pregradu\u00e1ln\u00edm vzd\u011bl\u00e1v\u00e1n\u00ed u\u010ditel\u016f.<\/p>\n<h2>Program v kostce<\/h2>\n<p>Podrobn\u00fd program a odkazy k p\u0159ipojen\u00ed <a href=\"#podrobnyprogram\">viz n\u00ed\u017ee<\/a><\/p>\n<table>\n<tbody>\n<tr style=\"background-color: #dbdbdb\">\n<td colspan=\"2\" width=\"604\">\n<p style=\"text-align: center\"><strong>\u00dater\u00fd 24. listopadu 2020<\/strong><\/p>\n<\/td>\n<\/tr>\n<tr>\n<td width=\"94\">9:15-9:30<\/p>\n<p>&nbsp;<\/p>\n<p>&nbsp;<\/p>\n<p>9:30-11:00<\/td>\n<td width=\"510\"><strong>Zah\u00e1jen\u00ed konference<\/strong>\u00a0 \u00a0prof. PaedDr. Radka Wildov\u00e1, CSc.,<\/p>\n<p>doc. PhDr. Jana Star\u00e1 Ph.D., Ing. Karolina Duschinsk\u00e1, Ph.D.<\/p>\n<p>&nbsp;<\/p>\n<p><strong>Spolupr\u00e1ce kateder na pedagogicko-psychologick\u00e9 p\u0159\u00edprav\u011b student\u016f u\u010ditelstv\u00ed<\/strong><\/p>\n<p>Kulat\u00fd st\u016fl, moder\u00e1torka Mgr. Kl\u00e1ra Lauren\u010d\u00edkov\u00e1<\/td>\n<\/tr>\n<tr>\n<td width=\"94\">11:00-12:00<\/td>\n<td width=\"510\"><strong>Reflektivn\u00ed aspekty p\u0159\u00edpravy budouc\u00edch u\u010ditel\u016f (Videokluby), \u010d\u00e1st I.<\/strong><\/p>\n<p><strong>Rozv\u00edjen\u00ed didaktick\u00fdch znalost\u00ed obsahu budouc\u00edch u\u010ditel\u016f prost\u0159ednictv\u00edm videoklub\u016f <\/strong>doc. RNDr. Na\u010fa Vondrov\u00e1, Ph.D.<\/p>\n<p><strong>Videokluby jako n\u00e1stroj profesn\u00edho rozvoje u\u010ditel\u016f angli\u010dtiny: efekty a zku\u0161enosti<\/strong>\u00a0Mgr. Miroslav Jan\u00edk, Ph.D.<\/td>\n<\/tr>\n<tr>\n<td width=\"94\">13:00-15:00<\/td>\n<td width=\"510\"><strong>Reflektivn\u00ed aspekty p\u0159\u00edpravy budouc\u00edch u\u010ditel\u016f (Videokluby), \u010d\u00e1st II.<\/strong><\/p>\n<p><strong>My\u0161lenkov\u00e1 mapa profesn\u00edho pokroku spolupracuj\u00edc\u00edch u\u010ditelek ve videoklubu z vlastiv\u011bdy<\/strong>\u00a0Mgr. Julie Kohout Ka\u0161parovsk\u00e1; Mgr. Petra \u0160ubrtov\u00e1<\/p>\n<p><strong>Interpreta\u010dn\u00ed r\u00e1mec ve v\u00fduce videoklubu z vlastiv\u011bdy \u2013 pohled student\u016f<\/strong>\u00a0Mgr. Petra Horsk\u00e1, Ph.D.<\/p>\n<p><strong>Videokluby ve v\u00fdtvarn\u00e9 v\u00fdchov\u011b a um\u011bleck\u00e9m vzd\u011bl\u00e1v\u00e1n\u00ed<\/strong>\u00a0Mgr. Magdalena Novotn\u00e1, Ph.D.; PhDr. Leonora Kitzbergerov\u00e1, Ph.D.<\/p>\n<p><strong>Ohl\u00e9dnut\u00ed za videokluby z angli\u010dtiny<\/strong> PhDr. Kl\u00e1ra Uli\u010dn\u00e1, Ph.D.; PhDr. Doubravka Matulov\u00e1, Jana K\u0159ivanov\u00e1, Simona Hem\u017ealov\u00e1<\/td>\n<\/tr>\n<tr>\n<td width=\"94\"><\/td>\n<td width=\"510\"><strong>Online semin\u00e1\u0159e s u\u010diteli z\u00a0praxe<\/strong> <em>(paraleln\u00ed bloky)<\/em><\/td>\n<\/tr>\n<tr>\n<td width=\"94\">14:00-15:00<\/td>\n<td width=\"510\"><strong>Bezpe\u010dnost a ochrana zdrav\u00ed \u017e\u00e1k\u016f \u2013 modelov\u00e9 situace<\/strong>\u00a0Mgr. Petr M\u00e1cha<\/p>\n<p><strong>Prevence vady \u0159e\u010di.<\/strong> Mgr. Milena \u010c\u00e1mkov\u00e1<\/p>\n<p><strong>Spolupr\u00e1ce s\u00a0rodinou.<\/strong> Mgr. Marie Ho\u0159\u010di\u010dkov\u00e1<\/td>\n<\/tr>\n<tr>\n<td width=\"94\">15:15-16:15<\/td>\n<td width=\"510\"><strong>Angli\u010dtina nap\u0159\u00ed\u010d p\u0159edm\u011bty v b\u011b\u017en\u00e9 \u0161kole (CLIL)<\/strong>\u00a0Mgr. Tereza L\u00e1lov\u00e1, PhDr. Petra Vallin, Ph.D.<\/p>\n<p><strong>Potenci\u00e1ln\u00ed ob\u011b\u0165 \u0161ikany a jak ji poznat<\/strong>\u00a0Mgr. Radmila Jedli\u010dkov\u00e1, Mgr. Magdalena Richterov\u00e1<\/p>\n<p><strong>Den v Za\u010d\u00edt spolu<\/strong>\u00a0Mgr. Jana \u0160enky\u0159\u00edkov\u00e1, PhDr. Jana Poche Kargerov\u00e1, Ph.D.<\/td>\n<\/tr>\n<tr>\n<td width=\"94\">16:30-17:30<\/p>\n<p>\/16:30-18:00<\/td>\n<td width=\"510\"><strong>U\u010d\u00edme se venku <\/strong>Mgr. Petra \u0160ubrtov\u00e1<\/p>\n<p><strong>Formativn\u00ed hodnocen\u00ed \u2013 metoda Learning Stories<\/strong>\u00a0Mgr. Petra Risti\u0107, PhDr. Barbora Loudov\u00e1 Stralczynsk\u00e1, Ph.D.<\/td>\n<\/tr>\n<tr style=\"background-color: #dbdbdb\">\n<td colspan=\"2\" width=\"604\">\n<p style=\"text-align: center\"><strong>St\u0159eda 25. listopadu 2020<\/strong><\/p>\n<\/td>\n<\/tr>\n<tr>\n<td width=\"94\">10:00-12:00<\/td>\n<td width=\"510\"><strong>Formativn\u00ed hodnocen\u00ed ve vysoko\u0161kolsk\u00e9 v\u00fduce<\/strong><\/p>\n<p>PhDr. Karel Star\u00fd, Ph.D., PhDr. Veronika Laufkov\u00e1, Ph.D., PhDr. Petra Vallin, Ph.D., Mgr. Kate\u0159ina Novotn\u00e1, Ph.D.<\/td>\n<\/tr>\n<tr>\n<td width=\"94\">14:00-16:15<\/td>\n<td width=\"510\"><strong>\u0158\u00edzen\u00e1 reflexe pedagogick\u00e9 praxe<\/strong><\/p>\n<p><strong>Metodick\u00e1 podpora p\u0159i poskytov\u00e1n\u00ed zp\u011btn\u00e9 vazby<\/strong>\u00a0PhDr. Radka High, Ph.D.<\/p>\n<p><strong>Vyu\u017eit\u00ed n\u00e1stroje na posuzov\u00e1n\u00ed kvality v\u00fduky<\/strong>\u00a0Ing. Karolina Duschinsk\u00e1, Ph.D., PhDr. Jana Poche Kargerov\u00e1, Ph.D.<\/td>\n<\/tr>\n<\/tbody>\n<\/table>\n<p><a name=\"podrobnyprogram\"><\/a><\/p>\n<h2>Podrobn\u00fd program<\/h2>\n<table>\n<tbody>\n<tr style=\"background-color: #dbdbdb\">\n<td colspan=\"5\" width=\"604\">\n<p style=\"text-align: center\"><strong>\u00dater\u00fd 24. listopadu 2020<\/strong><\/p>\n<\/td>\n<\/tr>\n<tr>\n<td width=\"94\">9:15-9:30<\/td>\n<td colspan=\"4\" width=\"510\">Zah\u00e1jen\u00ed konference<\/p>\n<p>prof. PaedDr. Radka Wildov\u00e1, CSc.,\u00a0doc. PhDr. Jana Star\u00e1 Ph.D., Ing. Karolina Duschinsk\u00e1, Ph.D.<\/td>\n<\/tr>\n<tr>\n<td style=\"width: 94px;vertical-align: top\" width=\"94\">9:30-11:00<\/td>\n<td colspan=\"4\" width=\"510\"><strong>Spolupr\u00e1ce kateder na pedagogicko-psychologick\u00e9 p\u0159\u00edprav\u011b student\u016f u\u010ditelstv\u00ed. <\/strong><\/p>\n<p>&nbsp;<\/p>\n<p>V uplynul\u00fdch t\u0159ech letech m\u011bli pracovn\u00edci r\u016fzn\u00fdch kateder v\u011bnuj\u00edc\u00edch se pedagogicko-psychologick\u00e9 p\u0159\u00edprav\u011b student\u016f spolupracovat navz\u00e1jem v r\u00e1mci projektu Podpora pregradu\u00e1ln\u00edho vzd\u011bl\u00e1v\u00e1n\u00ed. Pro mnoh\u00e9 zapojen\u00e9 pedagogy byla tato spolupr\u00e1ce nap\u0159\u00ed\u010d pracovi\u0161ti novou zku\u0161enost\u00ed, je\u017e mohla p\u0159in\u00e9st nov\u00e9 pozn\u00e1n\u00ed a dovednosti. Lze se domn\u00edvat (z p\u0159edb\u011b\u017en\u00fdch ohlas\u016f student\u016f i vyu\u010duj\u00edc\u00edch), \u017ee v\u00fdsledky t\u00e9to spolupr\u00e1ce p\u0159in\u00e1\u0161ej\u00ed mnoh\u00e9 inspirativn\u00ed v\u00fdsledky.<\/p>\n<p>&nbsp;<\/p>\n<p>C\u00edlem kulat\u00e9ho stolu bude:<\/p>\n<p>\u00b7\u00a0\u00a0\u00a0\u00a0\u00a0\u00a0\u00a0\u00a0\u00a0\u00a0\u00a0\u00a0\u00a0\u00a0 sd\u00edlen\u00ed osobn\u00edch zku\u0161enost\u00ed z pr\u016fb\u011bhu projektu a \u00fa\u010dasti jednotliv\u00fdch V\u0160 u\u010ditel\u016f v n\u011bm,<\/p>\n<p>\u00b7\u00a0\u00a0\u00a0\u00a0\u00a0\u00a0\u00a0\u00a0\u00a0\u00a0\u00a0\u00a0\u00a0\u00a0 zp\u011btn\u00e1 vazba od student\u016f, kte\u0159\u00ed pro\u0161li n\u011bkter\u00fdmi kurzy p\u0159ipraven\u00fdmi v r\u00e1mci projektu,<\/p>\n<p>\u00b7\u00a0\u00a0\u00a0\u00a0\u00a0\u00a0\u00a0\u00a0\u00a0\u00a0\u00a0\u00a0\u00a0\u00a0 SWOT anal\u00fdza, kter\u00e1 vydefinuje siln\u00e9 a slab\u00e9 str\u00e1nky spolupr\u00e1ce mezi r\u016fzn\u00fdmi pracovi\u0161ti pod\u00edlej\u00edc\u00edmi se na pedagogicko-psychologick\u00e9 p\u0159\u00edprav\u011b u\u010ditel\u016f a pojmenuje p\u0159\u00edle\u017eitosti a \u00faskal\u00ed takov\u00e9 spolupr\u00e1ce.<\/p>\n<p>&nbsp;<\/p>\n<p>Moder\u00e1torka kulat\u00e9ho stolu:<\/p>\n<p>Mgr. Kl\u00e1ra Lauren\u010d\u00edkov\u00e1<\/p>\n<p><em>\u00a0<\/em><\/p>\n<p>odkaz na p\u0159ihla\u0161ovac\u00ed formul\u00e1\u0159: <a href=\"https:\/\/forms.gle\/xzPqgvf4afAgmPLdA\">https:\/\/forms.gle\/xzPqgvf4afAgmPLdA<\/a><\/p>\n<p>odkaz k p\u0159ipojen\u00ed <a href=\"https:\/\/1url.cz\/6z0Pe\">https:\/\/1url.cz\/6z0Pe<\/a><\/td>\n<\/tr>\n<tr>\n<td style=\"width: 94px;vertical-align: top\" width=\"94\">11:00-12:00<\/td>\n<td colspan=\"4\" width=\"510\"><strong>Reflektivn\u00ed aspekty p\u0159\u00edpravy budouc\u00edch u\u010ditel\u016f (Videokluby), \u010d\u00e1st I.<\/strong><\/p>\n<p>&nbsp;<\/p>\n<p>Tzv. videokluby neboli semin\u00e1\u0159e, v nich\u017e u\u010ditel\u00e9 \u010di budouc\u00ed u\u010ditel\u00e9 spole\u010dn\u011b reflektuj\u00ed videoz\u00e1znamy v\u00fduky, se ukazuj\u00ed jako \u00fa\u010dinn\u00e9 formy vzd\u011bl\u00e1v\u00e1n\u00ed u\u010ditel\u016f. Odborn\u00edci z katedry matematiky a didaktiky matematiky, katedry preprim\u00e1rn\u00ed a prim\u00e1rn\u00ed pedagogiky, katedry anglick\u00e9ho jazyka a literatury a katedry v\u00fdtvarn\u00e9 v\u00fdchovy z PedF UK a katedry didaktiky matematiky z MFF z\u00edskali v minul\u00fdch letech mnoh\u00e9 praktick\u00e9 zku\u0161enosti s veden\u00edm videoklub\u016f dvou typ\u016f. V prvn\u00edm z nich \u00fa\u010dastn\u00edci reflektovali videoz\u00e1znamy vyu\u010dovac\u00edch hodin veden\u00fdch spolupracuj\u00edc\u00edm u\u010ditelem \u010di jim nezn\u00e1m\u00fdm u\u010ditelem, p\u0159i\u010dem\u017e tyto videoz\u00e1znamy byly vyb\u00edr\u00e1ny tak, aby obsahovaly dostate\u010dn\u00e9 mno\u017estv\u00ed didakticky nosn\u00fdch v\u00fdukov\u00fdch situac\u00ed. P\u0159i druh\u00e9m typu videoklubu studenti nejd\u0159\u00edve spole\u010dn\u011b p\u0159ipravili a realizovali vlastn\u00ed v\u00fduku a jej\u00ed z\u00e1znam n\u00e1sledn\u011b reflektovali. Hlavn\u00edm c\u00edlem videoklub\u016f byl rozvoj kompetence v\u0161\u00edm\u00e1n\u00ed si a zd\u016fvod\u0148ov\u00e1n\u00ed u student\u016f u\u010ditelstv\u00ed a prohlouben\u00ed jejich kompetenc\u00ed v r\u00e1mci oborov\u00fdch didaktik. D\u016fle\u017eit\u00fdm rysem videoklub\u016f byl i fakt, \u017ee byly vedeny ve vz\u00e1jemn\u00e9 spolupr\u00e1ci u\u010ditele z fakulty a spolupracuj\u00edc\u00edho zku\u0161en\u00e9ho u\u010ditele, praktika.<\/p>\n<p>V r\u00e1mci konference budou vedouc\u00ed videoklub\u016f i spolupracuj\u00edc\u00ed u\u010ditel\u00e9 sd\u00edlet sv\u00e9 zku\u0161enosti z videoklub\u016f a referovat o v\u00fdsledc\u00edch v\u00fdzkum\u016f, kter\u00e9 byly realizov\u00e1ny v oblasti rozvoje profesn\u00edho vid\u011bn\u00ed budouc\u00edch u\u010ditel\u016f prost\u0159ednictv\u00edm videoklub\u016f.<\/p>\n<p>&nbsp;<\/p>\n<p><em>V\u00fdstupy prob\u011bhnou po sob\u011b:<\/em><\/p>\n<p>&nbsp;<\/p>\n<p><strong>Rozv\u00edjen\u00ed didaktick\u00fdch znalost\u00ed obsahu budouc\u00edch u\u010ditel\u016f prost\u0159ednictv\u00edm videoklub\u016f.<\/strong><\/p>\n<p>doc. RNDr. Na\u010fa Vondrov\u00e1, Ph.D.<\/p>\n<p>&nbsp;<\/p>\n<p><strong>Videokluby jako n\u00e1stroj profesn\u00edho rozvoje u\u010ditel\u016f angli\u010dtiny: efekty a zku\u0161enosti.<\/strong><\/p>\n<p>Mgr. Miroslav Jan\u00edk, Ph.D.<\/p>\n<p>&nbsp;<\/p>\n<p>Odkaz na p\u0159ihla\u0161ovac\u00ed formul\u00e1\u0159: <a href=\"https:\/\/forms.gle\/NPUZiEuV9WwCxVzb6\">https:\/\/forms.gle\/NPUZiEuV9WwCxVzb6<\/a><\/p>\n<p>odkaz k p\u0159ipojen\u00ed <a href=\"https:\/\/1url.cz\/uz0Pi\">https:\/\/1url.cz\/uz0Pi<\/a><\/td>\n<\/tr>\n<tr>\n<td width=\"94\">12:00-13:00<\/td>\n<td colspan=\"4\" width=\"510\">P\u0159est\u00e1vka<\/td>\n<\/tr>\n<tr>\n<td style=\"width: 94px;vertical-align: top\" width=\"94\">13:00-15:00<\/td>\n<td colspan=\"4\" width=\"510\"><strong>Reflektivn\u00ed aspekty p\u0159\u00edpravy budouc\u00edch u\u010ditel\u016f (Videokluby), \u010d\u00e1st II.<\/strong><\/p>\n<p>&nbsp;<\/p>\n<p><em>V\u00fdstupy prob\u011bhnou po sob\u011b:<\/em><\/p>\n<p>&nbsp;<\/p>\n<p><strong>My\u0161lenkov\u00e1 mapa profesn\u00edho pokroku spolupracuj\u00edc\u00edch u\u010ditelek ve videoklubu z\u00a0vlastiv\u011bdy<\/strong>.<\/p>\n<p>Mgr. Julie Kohout Ka\u0161parovsk\u00e1; Mgr. Petra \u0160ubrtov\u00e1<\/p>\n<p>&nbsp;<\/p>\n<p><strong>Interpreta\u010dn\u00ed r\u00e1mec ve v\u00fduce videoklubu z vlastiv\u011bdy \u2013 pohled student\u016f.<\/strong><\/p>\n<p>Mgr. Petra Horsk\u00e1, Ph.D.<\/p>\n<p>&nbsp;<\/p>\n<p><strong>Videokluby ve v\u00fdtvarn\u00e9 v\u00fdchov\u011b a um\u011bleck\u00e9m vzd\u011bl\u00e1v\u00e1n\u00ed.<\/strong><\/p>\n<p>Mgr. Magdalena Novotn\u00e1, Ph.D.; PhDr. Leonora Kitzbergerov\u00e1, Ph.D.<\/p>\n<p>&nbsp;<\/p>\n<p><strong>Ohl\u00e9dnut\u00ed za videokluby z\u00a0angli\u010dtiny.<\/strong><\/p>\n<p>PhDr. Kl\u00e1ra Uli\u010dn\u00e1, Ph.D.; PhDr. Doubravka Matulov\u00e1<\/p>\n<p>&nbsp;<\/p>\n<p>Odkaz na p\u0159ihla\u0161ovac\u00ed formul\u00e1\u0159: <a href=\"https:\/\/forms.gle\/NPUZiEuV9WwCxVzb6\">https:\/\/forms.gle\/NPUZiEuV9WwCxVzb6<\/a><\/p>\n<p>odkaz k p\u0159ipojen\u00ed: <a href=\"https:\/\/1url.cz\/uz0Pi\">https:\/\/1url.cz\/uz0Pi<\/a><\/td>\n<\/tr>\n<tr>\n<td style=\"width: 94px;vertical-align: top\" width=\"94\">14:00-18:00<\/td>\n<td colspan=\"4\" width=\"510\"><strong>Online semin\u00e1\u0159e s u\u010diteli z\u00a0praxe<\/strong><\/p>\n<p>&nbsp;<\/p>\n<p>Odpoledn\u00ed blok konference bude v\u011bnov\u00e1n setk\u00e1n\u00edm s u\u010diteli z praxe, kte\u0159\u00ed se v projektu pod\u00edleli na v\u00fduce teoretick\u00fdch p\u0159edm\u011bt\u016f v r\u00e1mci pedagogicko-psychologick\u00e9 p\u0159\u00edpravy budouc\u00edch u\u010ditel\u016f. Na Pedagogick\u00e9 fakult\u011b UK vyu\u010dovali vybran\u00e9 p\u0159edm\u011bty v tandemu s vysoko\u0161kolsk\u00fdmi u\u010diteli a dopl\u0148ovali tak teorii o p\u0159\u00edklady dobr\u00e9 praxe, artefakty z vlastn\u00ed v\u00fduky a diskusi se studenty.<\/p>\n<p>C\u00edlem bloku bude p\u0159edstavit t\u00e9mata z didaktiky, psychologie a speci\u00e1ln\u00ed pedagogiky, kter\u00e1 mezi studenty nejv\u00edce rezonovala a vzbudila nejv\u011bt\u0161\u00ed ohlasy.<\/p>\n<p>&nbsp;<\/p>\n<p><em>V\u00fdstupy prob\u011bhnou ve t\u0159ech\u00a0paraleln\u00edch bloc\u00edch, viz n\u00ed\u017ee.<\/em><\/p>\n<p>&nbsp;<\/p>\n<p>Odkaz na p\u0159ihla\u0161ovac\u00ed formul\u00e1\u0159: <a href=\"https:\/\/forms.gle\/JqZKb6pGmFURi637A\">https:\/\/forms.gle\/JqZKb6pGmFURi637A<\/a><\/td>\n<\/tr>\n<tr>\n<td style=\"width: 94px;vertical-align: top\" width=\"94\">14:00-15:00<\/td>\n<td width=\"170\"><strong>Bezpe\u010dnost a ochrana zdrav\u00ed \u017e\u00e1k\u016f \u2013 modelov\u00e9 situace.<\/strong><\/p>\n<p>Mgr. Petr M\u00e1cha<\/p>\n<p><a href=\"http:\/\/meet.google.com\/yay-hccm-uzg\" target=\"_blank\" rel=\"noopener noreferrer\">meet.google.com\/yay-hccm-uzg<\/a><\/td>\n<td colspan=\"2\" width=\"170\"><strong>Prevence vady \u0159e\u010di.<\/strong><\/p>\n<p>Mgr. Milena \u010c\u00e1mkov\u00e1<\/p>\n<p><a href=\"https:\/\/cuni-cz.zoom.us\/j\/7059848200\">https:\/\/cuni-cz.zoom.us\/j\/7059848200<\/a><\/td>\n<td width=\"170\"><strong>Spolupr\u00e1ce s\u00a0rodinou.<\/strong><\/p>\n<p>Mgr. Marie Ho\u0159\u010di\u010dkov\u00e1<\/p>\n<p><a href=\"https:\/\/meet.jit.si\/KonferenceSpolupraceSRodici\">https:\/\/meet.jit.si\/KonferenceSpolupraceSRodici<\/a><\/td>\n<\/tr>\n<tr>\n<td style=\"width: 94px;vertical-align: top\" width=\"94\">15:15-16:15<\/td>\n<td width=\"170\"><strong>Angli\u010dtina nap\u0159\u00ed\u010d p\u0159edm\u011bty v b\u011b\u017en\u00e9 \u0161kole (CLIL).<\/strong><\/p>\n<p>Mgr. Tereza L\u00e1lov\u00e1, PhDr. Petra Vallin, Ph.D.<\/p>\n<p><a href=\"https:\/\/cuni-cz.zoom.us\/j\/7059848200\">https:\/\/cuni-cz.zoom.us\/j\/7059848200<\/a><\/td>\n<td colspan=\"2\" width=\"170\"><strong>Potenci\u00e1ln\u00ed ob\u011b\u0165 \u0161ikany a jak ji poznat<\/strong>.<\/p>\n<p>Mgr. Radmila Jedli\u010dkov\u00e1, Mgr. Magdalena Richterov\u00e1<\/p>\n<p><a href=\"https:\/\/meet.google.com\/ksn-nxtw-wfo\">https:\/\/meet.google.com\/ksn-nxtw-wfo<\/a><\/td>\n<td width=\"170\"><strong>Den v Za\u010d\u00edt spolu.<\/strong><\/p>\n<p>Mgr. Jana \u0160enky\u0159\u00edkov\u00e1, PhDr. Jana Poche Kargerov\u00e1, Ph.D. <em>(16:30-17:30)<\/em><\/p>\n<p><a href=\"https:\/\/cuni-cz.zoom.us\/j\/95888785305\">https:\/\/cuni-cz.zoom.us\/j\/95888785305<\/a><\/td>\n<\/tr>\n<tr>\n<td style=\"width: 94px;vertical-align: top\" width=\"94\">16:30-17:30<\/p>\n<p>\/16:30-18:00<\/td>\n<td colspan=\"2\" width=\"255\"><strong>U\u010d\u00edme se venku.<\/strong><\/p>\n<p>Mgr. Petra \u0160ubrtov\u00e1<\/p>\n<p><a href=\"https:\/\/1url.cz\/dz0Pq\">https:\/\/1url.cz\/dz0Pq<\/a><\/td>\n<td colspan=\"2\" width=\"255\"><strong>Formativn\u00ed hodnocen\u00ed \u2013 metoda Learning Stories.<\/strong><\/p>\n<p>Mgr. Petra Risti\u0107, PhDr. Barbora Loudov\u00e1 Stralczynsk\u00e1, Ph.D. <em>(16:30-18.00)<\/em><\/p>\n<p><a href=\"https:\/\/meet.google.com\/cku-ftzf-sdw\">https:\/\/meet.google.com\/cku-ftzf-sdw<\/a><\/td>\n<\/tr>\n<\/tbody>\n<\/table>\n<p><em>Linky na online setk\u00e1n\u00ed budou zasl\u00e1ny \u00fa\u010dastn\u00edk\u016fm na z\u00e1klad\u011b p\u0159ihl\u00e1\u0161en\u00ed ve formul\u00e1\u0159i.<\/em><\/p>\n<p>&nbsp;<\/p>\n<table>\n<tbody>\n<tr style=\"background-color: #dbdbdb\">\n<td colspan=\"2\" width=\"604\">\n<p style=\"text-align: center\"><strong>St\u0159eda 25. listopadu 2020<\/strong><\/p>\n<\/td>\n<\/tr>\n<tr>\n<td style=\"width: 94px;vertical-align: top\" width=\"94\">10:00-12:00<\/td>\n<td width=\"510\"><strong>Formativn\u00ed hodnocen\u00ed ve vysoko\u0161kolsk\u00e9 v\u00fduce. <\/strong><\/p>\n<p>PhDr. Karel Star\u00fd, Ph.D., PhDr. Veronika Laufkov\u00e1, Ph.D., PhDr. Petra Vallin, Ph.D., Mgr. Kate\u0159ina Novotn\u00e1, Ph.D.<\/p>\n<p>&nbsp;<\/p>\n<p>Prost\u0159ednictv\u00edm online semin\u00e1\u0159e p\u0159edstav\u00edme principy formativn\u00edho hodnocen\u00ed, kter\u00e9 lze uplatnit p\u0159i vysoko\u0161kolsk\u00e9 v\u00fduce. Jeho c\u00edlem je nab\u00eddnout vhled do v sou\u010dasnosti \u010dasto diskutovan\u00e9ho t\u00e9matu a nab\u00eddnout \u00fa\u010dastn\u00edk\u016fm skrze konkr\u00e9tn\u00ed uk\u00e1zky mo\u017enosti uplatn\u011bn\u00ed princip\u016f formativn\u00edho hodnocen\u00ed ve vysoko\u0161kolsk\u00e9 v\u00fduce vedouc\u00edch ke zkvalitn\u011bn\u00ed v\u00fduky.<\/p>\n<p>&nbsp;<\/p>\n<p>Odkaz na platformu ZOOM, kde bude semin\u00e1\u0159 prob\u00edhat: <a href=\"https:\/\/1url.cz\/gzfky\">https:\/\/1url.cz\/gzfky<\/a><\/p>\n<p>(Meeting ID: 982 3757 0669; Passcode: 696467).<\/p>\n<p>Univerzitn\u00ed vstup do ZOOM: <a href=\"https:\/\/cuni-cz.zoom.us\/\">https:\/\/cuni-cz.zoom.us\/<\/a> , doporu\u010dujeme st\u00e1hnout aplikaci (<a href=\"https:\/\/zoom.us\/download\">https:\/\/zoom.us\/download<\/a>), kter\u00e1 umo\u017e\u0148uje pln\u011b vyu\u017e\u00edt v\u0161echny funkcionality t\u00e9to platformy.<\/p>\n<p>&nbsp;<\/p>\n<p>Odkaz na p\u0159ihla\u0161ovac\u00ed formul\u00e1\u0159: <a href=\"https:\/\/1url.cz\/BzgEM\">https:\/\/1url.cz\/BzgEM<\/a><\/td>\n<\/tr>\n<tr>\n<td style=\"vertical-align: top\" width=\"94\">12:00-14:00<\/td>\n<td width=\"510\">P\u0159est\u00e1vka<\/td>\n<\/tr>\n<tr>\n<td style=\"vertical-align: top\" width=\"94\">14:00-16:15<\/td>\n<td width=\"510\"><strong>\u0158\u00edzen\u00e1 reflexe pedagogick\u00e9 praxe. <\/strong><\/p>\n<p>&nbsp;<\/p>\n<p><em>V\u00fdstupy prob\u011bhnou po sob\u011b:<\/em><\/p>\n<p><em>\u00a0<\/em><\/p>\n<p><strong>Metodick\u00e1 podpora p\u0159i poskytov\u00e1n\u00ed zp\u011btn\u00e9 vazby.<\/strong><\/p>\n<p>PhDr. Radka High, Ph.D.<\/p>\n<p>&nbsp;<\/p>\n<p>V \u00favodn\u00edm p\u0159\u00edsp\u011bvku bude prezentov\u00e1na nov\u011b zpracovan\u00e1 metodika pro vzd\u011blavatele u\u010ditel\u016f, kter\u00e1 se zam\u011b\u0159uje na pou\u017e\u00edv\u00e1n\u00ed zp\u011btn\u00e9 vazby jako n\u00e1stroj rozvoje kritick\u00e9ho uva\u017eov\u00e1n\u00ed u studuj\u00edc\u00edch na praxi. V navazuj\u00edc\u00ed \u010d\u00e1sti budou vedouc\u00ed u\u010ditel\u00e9 prax\u00ed z n\u011bkolika kateder fakulty a spolupracuj\u00edc\u00ed u\u010ditel\u00e9 z fakultn\u00edch \u0161kol sd\u00edlet sv\u00e9 zku\u0161enosti s tvorbou a vyu\u017e\u00edv\u00e1n\u00edm metodiky. <em>(14:00-15:00)<\/em><\/p>\n<p><em>\u00a0<\/em><\/p>\n<p><strong>Vyu\u017eit\u00ed n\u00e1stroje na posuzov\u00e1n\u00ed kvality v\u00fduky.<\/strong><\/p>\n<p>Ing. Karolina Duschinsk\u00e1, Ph.D., PhDr. Jana Poche Kargerov\u00e1, Ph.D.<\/p>\n<p>&nbsp;<\/p>\n<p>Nejprve bude p\u0159edstaven n\u00e1stroj na posuzov\u00e1n\u00ed kvality v\u00fduky ICALT <em>(International Comparative Analysis of Learning and Teaching<\/em>), kter\u00fd \u0159e\u0161itel\u00e9 projektu z\u00edskali z autorsk\u00e9ho pracovi\u0161t\u011b z Nizozemska, p\u0159elo\u017eili a adaptovali. N\u00e1sledovat bude sd\u00edlen\u00ed zku\u0161enost\u00ed s ro\u010dn\u00edm vyu\u017e\u00edv\u00e1n\u00edm tohoto n\u00e1stroje p\u0159i reflexi pedagogick\u00e9 praxe v po\u010d\u00e1te\u010dn\u00edm a dal\u0161\u00edm vzd\u011bl\u00e1v\u00e1n\u00ed u\u010ditel\u016f. <em>(15:15-16:15)<\/em><\/p>\n<p><em>\u00a0<\/em><\/p>\n<p>Odkaz na platformu ZOOM: <a href=\"https:\/\/1url.cz\/bzgEi\">https:\/\/1url.cz\/bzgEi<\/a><\/p>\n<p>(Meeting ID: 971 8401 9419, Passcode: 308637)<\/p>\n<p><em>\u00a0<\/em><\/p>\n<p>Odkaz na p\u0159ihla\u0161ovac\u00ed formul\u00e1\u0159: <a href=\"https:\/\/1url.cz\/nzgEu\">https:\/\/1url.cz\/nzgEu<\/a><\/td>\n<\/tr>\n<tr>\n<td style=\"vertical-align: top\" width=\"94\">16:15-16:30<\/td>\n<td width=\"510\">Zakon\u010den\u00ed konference<\/td>\n<\/tr>\n<\/tbody>\n<\/table>\n<p>&nbsp;<\/p>\n<p><strong>V\u011bdeck\u00fd v\u00fdbor:<\/strong><\/p>\n<p>doc. PhDr. Jana Star\u00e1 Ph.D.<\/p>\n<p>Ing. Karolina Duschinsk\u00e1, Ph.D.<\/p>\n<p>doc. RNDr. Na\u010fa Vondrov\u00e1, Ph.D.<\/p>\n<p>PhDr. Jana Poche Kargerov\u00e1, Ph.D.<\/p>\n<p>PhDr. Petra Vallin, Ph.D.<\/p>\n<p>PhDr. Tereza Kr\u010dm\u00e1\u0159ov\u00e1, Ph.D.<\/p>\n<p>PhDr. Radka High, Ph.D.<\/p>\n<p>PhDr. Karel Star\u00fd, Ph.D.<\/p>\n<p>&nbsp;<\/p>\n<p><strong>Organiza\u010dn\u00ed v\u00fdbor:<\/strong><\/p>\n<p>Ing. Lucie \u010cern\u00e1<\/p>\n<p>Robin Mar\u0161\u00e1lek<\/p>\n<p>&nbsp;<\/p>\n","protected":false},"excerpt":{"rendered":"<p>Konference Podpora pregradu\u00e1ln\u00edho vzd\u011bl\u00e1v\u00e1n\u00ed na PedF UK \u2013 p\u0159edstaven\u00ed v\u00fdstup\u016f projektu se uskute\u010dn\u00ed online 24. a 25. listopadu 2020. Konference\u00a0se kon\u00e1 pod z\u00e1\u0161titou prof. PaedDr. Radky Wildov\u00e9, CSc., prorektorky Univerzity Karlovy pro koncepci a kvalitu vzd\u011bl\u00e1vac\u00ed \u010dinnosti. Uv\u00edt\u00e1 akademick\u00e9 pracovn\u00edky,<\/p>\n","protected":false},"author":1,"featured_media":0,"parent":0,"menu_order":0,"comment_status":"closed","ping_status":"closed","template":"","meta":{"footnotes":""},"class_list":["post-320","page","type-page","status-publish","hentry"],"_links":{"self":[{"href":"https:\/\/pages.pedf.cuni.cz\/prevzd\/wp-json\/wp\/v2\/pages\/320","targetHints":{"allow":["GET"]}}],"collection":[{"href":"https:\/\/pages.pedf.cuni.cz\/prevzd\/wp-json\/wp\/v2\/pages"}],"about":[{"href":"https:\/\/pages.pedf.cuni.cz\/prevzd\/wp-json\/wp\/v2\/types\/page"}],"author":[{"embeddable":true,"href":"https:\/\/pages.pedf.cuni.cz\/prevzd\/wp-json\/wp\/v2\/users\/1"}],"replies":[{"embeddable":true,"href":"https:\/\/pages.pedf.cuni.cz\/prevzd\/wp-json\/wp\/v2\/comments?post=320"}],"version-history":[{"count":13,"href":"https:\/\/pages.pedf.cuni.cz\/prevzd\/wp-json\/wp\/v2\/pages\/320\/revisions"}],"predecessor-version":[{"id":354,"href":"https:\/\/pages.pedf.cuni.cz\/prevzd\/wp-json\/wp\/v2\/pages\/320\/revisions\/354"}],"wp:attachment":[{"href":"https:\/\/pages.pedf.cuni.cz\/prevzd\/wp-json\/wp\/v2\/media?parent=320"}],"curies":[{"name":"wp","href":"https:\/\/api.w.org\/{rel}","templated":true}]}}