{"id":60,"date":"2018-03-18T16:08:16","date_gmt":"2018-03-18T15:08:16","guid":{"rendered":"http:\/\/pages.pedf.cuni.cz\/prevzd\/?page_id=60"},"modified":"2019-09-26T12:46:23","modified_gmt":"2019-09-26T10:46:23","slug":"ka04-rozvoj-kompetenci-studentu-budoucich-ucitelu-propojovanim-teoreticke-a-prakticke-vyuky","status":"publish","type":"page","link":"https:\/\/pages.pedf.cuni.cz\/prevzd\/klicove-aktivity\/ka04-rozvoj-kompetenci-studentu-budoucich-ucitelu-propojovanim-teoreticke-a-prakticke-vyuky\/","title":{"rendered":"KA04 &#8211; Rozvoj kompetenc\u00ed student\u016f-budouc\u00edch u\u010ditel\u016f propojov\u00e1n\u00edm teoretick\u00e9 a praktick\u00e9 v\u00fduky"},"content":{"rendered":"<p><strong>PODAKTIVITA III\/ 1B<\/strong><\/p>\n<p><strong>Budov\u00e1n\u00ed dovednost\u00ed student\u016f zvl\u00e1dat management heterogenn\u00ed t\u0159\u00eddy a komunikovat a spolupracovat s rodi\u010di (z\u00e1konn\u00fdmi z\u00e1stupci) d\u00edt\u011bte\/\u017e\u00e1ka<\/strong><\/p>\n<p>Hlavn\u00edm z\u00e1m\u011brem t\u00e9to \u010d\u00e1sti projektu je nab\u00eddnout student\u016fm u\u010ditelstv\u00ed celkem 8 voliteln\u00fdch kurz\u016f, kter\u00e9 pos\u00edl\u00ed jejich dovednosti v\u00a0oblastech, ve kter\u00fdch na n\u011b v\u00a0dne\u0161n\u00ed dob\u011b praxe klade zv\u00fd\u0161en\u00e9 n\u00e1roky a kter\u00fdch se sou\u010dasn\u011b \u010dasto ob\u00e1vaj\u00ed. Jedn\u00e1 se zejm\u00e9na o dovednosti vytv\u00e1\u0159et ve t\u0159\u00edd\u011b bezpe\u010dn\u00e9 prost\u0159ed\u00ed a podporovat dobr\u00e9 vztahy, rozpoznat individu\u00e1ln\u00ed pot\u0159eby \u017e\u00e1k\u016f, pl\u00e1novat efektivn\u011b jejich podporu a poskytovat jim zp\u011btnou vazbu, spolupracovat\u00a0 s\u00a0asistentem ve t\u0159\u00edd\u011b a rodi\u010di \u017e\u00e1k\u016f (z\u00e1konn\u00fdmi z\u00e1stupci), zvl\u00e1dat n\u00e1ro\u010dn\u00e9 a konfliktn\u00ed situace. V\u00a0oblasti osobnostn\u00edho a soci\u00e1ln\u00edho rozvoje maj\u00ed studenti mo\u017enost prohloubit sv\u00e9 sebepozn\u00e1n\u00ed a autentick\u00fd respekt k\u00a0r\u016fznosti druh\u00fdch jako d\u016fle\u017eit\u00e9 p\u0159edpoklady k pedagogick\u00e9 pr\u00e1ci v\u00a0inkluzivn\u00ed t\u0159\u00edd\u011b.<\/p>\n<p>Kurzy jsou realizov\u00e1ny vysoko\u0161kolsk\u00fdmi u\u010diteli celkem 4 pracovi\u0161\u0165 Pedagogick\u00e9 fakulty, kter\u00fdmi jsou Katedra preprim\u00e1rn\u00ed a prim\u00e1rn\u00ed pedagogiky, Katedra speci\u00e1ln\u00ed pedagogiky, Katedra pedagogiky a Katedra psychologie. Na v\u011bt\u0161in\u011b kurz\u016f se pod\u00edl\u00ed v\u00edce vyu\u010duj\u00edc\u00edch tak, aby byla zaji\u0161t\u011bna t\u00fdmov\u00e1 a mezioborov\u00e1 spolupr\u00e1ce pot\u0159ebn\u00e1 p\u0159i \u0159e\u0161en\u00ed t\u011bchto ot\u00e1zek i v praxi. V\u00fdukov\u00e9 materi\u00e1ly jako nap\u0159. videonahr\u00e1vky nebo kazuistiky pro tyto kurzy p\u0159ipravuj\u00ed ve spolupr\u00e1ci pracovn\u00edci zapojen\u00fdch \u0161kol a \u0161kolsk\u00fdch za\u0159\u00edzen\u00ed, v\u00a0n\u011bkter\u00fdch kurzech prob\u00edh\u00e1 \u010d\u00e1st v\u00fduky i p\u0159\u00edmo v\u00a0nich.<\/p>\n<p><strong>PODAKTIVITA: III\/2b<\/strong><\/p>\n<p><strong>Posilov\u00e1n\u00ed didaktick\u00e9 znalosti obsahu a rozvoj profesn\u00edho vid\u011bn\u00ed student\u016f<\/strong><\/p>\n<p>Studenti sleduj\u00ed po\u0159\u00edzen\u00e9 videonahr\u00e1vky spolu s didaktikem (vysoko\u0161kolsk\u00fdm u\u010ditelem) a spolupracuj\u00edc\u00edm u\u010ditelem z\u00a0praxe. Reflektuj\u00ed tak re\u00e1lnou v\u00fduku, d\u00edky \u010demu\u017e se rozv\u00edj\u00ed i jejich schopnost v\u0161\u00edmat si jev\u016f d\u016fle\u017eit\u00fdch pro \u00fasp\u011b\u0161nou v\u00fduku a interpretovat je na z\u00e1klad\u011b sv\u00e9 zku\u0161enosti i na z\u00e1klad\u011b teorie, kterou se nau\u010dili v kurzech oborov\u00e9 didaktiky. C\u00edlem aktivity je prohloubit didaktick\u00e9 znalosti obsahu u budouc\u00edch u\u010ditel\u016f r\u016fzn\u00fdch p\u0159edm\u011bt\u016f, a to prost\u0159ednictv\u00edm vysoce praktick\u00e9 \u010dinnosti. Studenti se \u00fa\u010dastn\u00ed tzv. videoklub\u016f, v jejich\u017e r\u00e1mci analyzuj\u00ed videonahr\u00e1vky v\u00fduky dan\u00e9ho p\u0159edm\u011btu. Tyto videonahr\u00e1vky nebyly vybr\u00e1ny jako uk\u00e1zky dobr\u00e9 praxe, ale jako uk\u00e1zky obsahuj\u00edc\u00ed dostate\u010dn\u00e9 mno\u017estv\u00ed didakticky nosn\u00fdch v\u00fdukov\u00fdch situac\u00ed, kter\u00e9 jsou vhodn\u00e9 pro rozeb\u00edr\u00e1n\u00ed se studenty a sm\u011b\u0159uj\u00ed k rozvoji jejich oborov\u011b didaktick\u00e9 kompetence.<\/p>\n<p>V pokro\u010dil\u00e9m typu videoklubu studenti reflektuj\u00ed i svou vlastn\u00ed v\u00fduku. Ve skupin\u011b \u00fa\u010dastn\u00edk\u016f videoklubu p\u0159ipravuj\u00ed vyu\u010dovac\u00ed hodinu \u010di hodiny, kter\u00e9 n\u00e1sledn\u011b realizuj\u00ed v hodin\u00e1ch spolupracuj\u00edc\u00edho u\u010ditele. V\u00fduka je zaznamen\u00e1na na videokameru. Studenti n\u00e1sledn\u011b svou v\u00fduku reflektuj\u00ed individu\u00e1ln\u011b i ve skupin\u011b, na z\u00e1klad\u011b hospitace \u010di vlastn\u00ed v\u00fduky i na z\u00e1klad\u011b opakovan\u00e9ho shl\u00e9dnut\u00ed videoz\u00e1znamu hodiny. Spole\u010dn\u00e1 p\u0159\u00edprava v\u00fduky vede k pocitu zodpov\u011bdnosti za \u00fasp\u011b\u0161nou v\u00fduku i u t\u011bch student\u016f, kte\u0159\u00ed v hodin\u011b re\u00e1ln\u011b neu\u010dili, a sni\u017euje obavy vyu\u010duj\u00edc\u00edch student\u016f z kritick\u00e9 reflexe sv\u00fdch spolu\u017e\u00e1k\u016f.<\/p>\n<p>U obou typ\u016f videoklub\u016f studenti pln\u00ed \u00fakoly mezi jednotliv\u00fdmi setk\u00e1n\u00edmi v VLE Moodle, o nich\u017e pak p\u0159i setk\u00e1n\u00edch diskutuj\u00ed. Dost\u00e1vaj\u00ed p\u0159itom zp\u011btnou vazbu od oborov\u00e9ho didaktika i od zku\u0161en\u00e9ho u\u010ditele z praxe.<\/p>\n<p>Do aktivit je zapojeno p\u011bt pracovi\u0161\u0165 Pedagogick\u00e9 fakulty, a to Katedra preprim\u00e1rn\u00ed a prim\u00e1rn\u00ed pedagogiky, Katedra matematiky a didaktiky matematiky, Katedra v\u00fdtvarn\u00e9 v\u00fdchovy, Katedra anglick\u00e9ho jazyka a literatury, Katedra d\u011bjepisu a didaktiky d\u011bjepisu, a tak\u00e9 Katedra didaktiky matematiky Matematicko-fyzik\u00e1ln\u00ed fakulty. D\u00edky tomu maj\u00ed mo\u017enost se do videoklub\u016f zapojit studenti r\u016fzn\u00fdch program\u016f.<\/p>\n<p><strong>PODAKTIVITA: <\/strong><\/p>\n<p><strong>Zvy\u0161ov\u00e1n\u00ed pod\u00edlu fakultn\u00edch u\u010ditel\u016f v p\u0159\u00edprav\u011b budouc\u00edch u\u010ditel\u016f<\/strong><\/p>\n<p>Hlavn\u00edm z\u00e1m\u011brem t\u00e9to aktivity je prov\u00e1zat v\u00fduku teoreticky zam\u011b\u0159en\u00fdch p\u0159edm\u011bt\u016f v pregradu\u00e1ln\u00edm vzd\u011bl\u00e1v\u00e1n\u00ed s prax\u00ed. Studenti tak dostanou mo\u017enost se v polovin\u011b semin\u00e1\u0159\u016f setkat s u\u010diteli z fakultn\u00edch \u0161kol, kte\u0159\u00ed je vyu\u010duj\u00ed v t\u00fdmu s vysoko\u0161kolsk\u00fdm pedagogem. D\u00edky tomu si absolvent kurzu dopln\u00ed teoretick\u00e9 koncepty vyu\u010dovan\u00e9 v r\u00e1mci kurzu o konkr\u00e9tn\u00ed p\u0159\u00edklady z v\u00fduky, kter\u00e9 za\u017e\u00edvaj\u00ed a vyu\u017e\u00edvaj\u00ed zapojen\u00ed fakultn\u00ed u\u010ditel\u00e9. Sou\u010dasn\u011b si studenti mohou ov\u011b\u0159it, zdali je teorie reflektov\u00e1na v praxi, a z\u00edskat inspiraci, jak je mo\u017en\u00e9 d\u00edl\u010d\u00ed teoretick\u00e9 poznatky uplatnit v pr\u00e1ci s d\u011btmi ve \u0161kole, pop\u0159\u00edpad\u011b jak je lze prom\u011bnit v konkr\u00e9tn\u00ed aktivity, metody v\u00fduky \u010di strategie.<\/p>\n<p>Do aktivity je zapojeno p\u011bt pracovi\u0161\u0165 Pedagogick\u00e9 fakulty: Katedra preprim\u00e1rn\u00ed a prim\u00e1rn\u00ed pedagogiky, Katedra speci\u00e1ln\u00ed pedagogiky, Katedra pedagogiky, Katedra psychologie a \u00dastav pro v\u00fdzkum a rozvoj ve vzd\u011bl\u00e1v\u00e1n\u00ed. D\u00edky \u0161irok\u00e9 \u0161k\u00e1le kateder se tak fakultn\u00ed u\u010ditel\u00e9 a p\u0159\u00edpadn\u011b psychologov\u00e9 zapoj\u00ed do cel\u00e9 \u0159ady t\u00e9maticky r\u016fzn\u011b zam\u011b\u0159en\u00fdch kurz\u016f od obecn\u00fdch didaktik a\u017e po specifick\u00e1 t\u00e9mata jako je prevence n\u00e1sil\u00ed a \u0161ikany v d\u011btsk\u00fdch kolektivech nebo speci\u00e1ln\u00ed pedagogika d\u011bt\u00ed se sluchov\u00fdm \u010di \u0159e\u010dov\u00fdm posti\u017een\u00edm.<\/p>\n<hr \/>\n<h3>Akuality<\/h3>\n\n<!-- NOTE: If you need to make changes to this file, copy it to your current theme's main\n\tdirectory so your changes won't be overwritten when the plugin is upgraded. -->\n\n<!-- Post Wrap Start-->\n<div class=\"post hentry ivycat-post\">\n\n\t<!-- \tThis outputs the post TITLE -->\n\t<h2 class=\"entry-title\"><a href=\"https:\/\/pages.pedf.cuni.cz\/prevzd\/videokluby\/\">Videokluby<\/a><\/h2>\n\n\t<!-- \tThis outputs the post EXCERPT.  To display full content including images and html,\n\t\treplace the_excerpt(); with the_content();  below. -->\n\t<div class=\"entry-summary\">\n\t\t<p>V\u00a0zimn\u00edm semestru 2019\/2020 bude otev\u0159en dal\u0161\u00ed b\u011bh videoklub\u016f: Vlastiv\u011bdy Matematiky na 1. stupni Z\u0160 Matematiky na 2 a 3. stupni Z\u0160 Anglick\u00e9ho jazyka D\u011bjepisu V\u00fdtvarn\u00e9 v\u00fdchovy P\u0159ihl\u00e1\u0161en\u00ed studenti si vol\u00ed ze dvou alternativ videoklub\u016f: Varianta A: Studenti sleduj\u00ed po\u0159\u00edzen\u00e9 videonahr\u00e1vky <a class=\"read-more\" href=\"https:\/\/pages.pedf.cuni.cz\/prevzd\/videokluby\/\">P\u0159e\u010d\u00edst celou aktualitu&#8230;<\/a><\/p>\n\t<\/div>\n\n\t<!--\tThis outputs the post META information -->\n\t<div class=\"entry-utility\">\n\t\t\t\t\t<span class=\"cat-links\">\n\t\t\t\t<span class=\"entry-utility-prep entry-utility-prep-cat-links\">Posted in<\/span> <a href=\"https:\/\/pages.pedf.cuni.cz\/prevzd\/category\/aktuality-2\/\" rel=\"category tag\">Aktuality<\/a>, <a href=\"https:\/\/pages.pedf.cuni.cz\/prevzd\/category\/aktuality-2\/ka04\/\" rel=\"category tag\">KA04<\/a>\t\t\t<\/span>\n\t\t\t<span class=\"meta-sep\">|<\/span>\n\t\t\t\t\t\t<span class=\"comments-link\">\n\t\t\t<span>Koment\u00e1\u0159e nejsou povolen\u00e9<span class=\"screen-reader-text\"> u textu s n\u00e1zvem Videokluby<\/span><\/span>\t\t<\/span>\n\t\t\t<\/div>\n<\/div>\n<!-- \/\/ Post Wrap End -->\n\n<hr \/>\n<style id=\"bwg-style-0\">    #bwg_container1_0 #bwg_container2_0 .bwg-container-0.bwg-standard-thumbnails {      width: 1254px;              justify-content: center;        margin:0 auto !important;              background-color: rgba(255, 255, 255, 0.00);            padding-left: 4px;      padding-top: 4px;      max-width: 100%;            }        #bwg_container1_0 #bwg_container2_0 .bwg-container-0.bwg-standard-thumbnails .bwg-item {    justify-content: flex-start;      max-width: 250px;          }    #bwg_container1_0 #bwg_container2_0 .bwg-container-0.bwg-standard-thumbnails .bwg-item a {       margin-right: 4px;       margin-bottom: 4px;    }    #bwg_container1_0 #bwg_container2_0 .bwg-container-0.bwg-standard-thumbnails .bwg-item0 {      padding: 0px;            background-color:rgba(0,0,0, 0.30);      border: 0px none #CCCCCC;      opacity: 1.00;      border-radius: 0;      box-shadow: ;    }    #bwg_container1_0 #bwg_container2_0 .bwg-container-0.bwg-standard-thumbnails .bwg-item1 img {      max-height: none;      max-width: none;      padding: 0 !important;    }         @media only screen and (min-width: 480px) {\t\t#bwg_container1_0 #bwg_container2_0 .bwg-container-0.bwg-standard-thumbnails .bwg-item1 img {\t\t\t-webkit-transition: all .3s; transition: all .3s;\t\t}\t\t#bwg_container1_0 #bwg_container2_0 .bwg-container-0.bwg-standard-thumbnails .bwg-item1 img:hover {\t\t\t-ms-transform: scale(1.08);\t\t\t-webkit-transform: scale(1.08);\t\t\ttransform: scale(1.08);\t\t}\t\t\t\t.bwg-standard-thumbnails .bwg-zoom-effect .bwg-zoom-effect-overlay {\t\t\t\t\t\tbackground-color:rgba(0,0,0, 0.3);\t\t}\t\t.bwg-standard-thumbnails .bwg-zoom-effect:hover img {\t\t\t-ms-transform: scale(1.08);\t\t\t-webkit-transform: scale(1.08);\t\t\ttransform: scale(1.08);\t\t}\t\t      }\t    #bwg_container1_0 #bwg_container2_0 .bwg-container-0.bwg-standard-thumbnails .bwg-item1 {      padding-top: 56%;    }        #bwg_container1_0 #bwg_container2_0 .bwg-container-0.bwg-standard-thumbnails .bwg-title1 {      position: absolute;      top: 0;      z-index: 100;      width: 100%;      height: 100%;      display: flex;      justify-content: center;      align-content: center;      flex-direction: column;      opacity: 0;    }\t      #bwg_container1_0 #bwg_container2_0 .bwg-container-0.bwg-standard-thumbnails .bwg-title2,    #bwg_container1_0 #bwg_container2_0 .bwg-container-0.bwg-standard-thumbnails .bwg-ecommerce2 {      color: #FFFFFF;      font-family: Ubuntu;      font-size: 16px;      font-weight: bold;      padding: 2px;      text-shadow: ;      max-height: 100%;    }    #bwg_container1_0 #bwg_container2_0 .bwg-container-0.bwg-standard-thumbnails .bwg-thumb-description span {    color: #323A45;    font-family: Ubuntu;    font-size: 12px;    max-height: 100%;    word-wrap: break-word;    }    #bwg_container1_0 #bwg_container2_0 .bwg-container-0.bwg-standard-thumbnails .bwg-play-icon2 {      font-size: 32px;    }    #bwg_container1_0 #bwg_container2_0 .bwg-container-0.bwg-standard-thumbnails .bwg-ecommerce2 {      font-size: 19.2px;      color: #323A45;    }    <\/style>    <div id=\"bwg_container1_0\"         class=\"bwg_container bwg_thumbnail bwg_thumbnails \"         data-right-click-protection=\"0\"         data-bwg=\"0\"         data-scroll=\"0\"         data-gallery-type=\"thumbnails\"         data-gallery-view-type=\"thumbnails\"         data-current-url=\"\/prevzd\/wp-json\/wp\/v2\/pages\/60\"         data-lightbox-url=\"https:\/\/pages.pedf.cuni.cz\/prevzd\/wp-admin\/admin-ajax.php?action=GalleryBox&#038;current_view=0&#038;gallery_id=3&#038;tag=0&#038;theme_id=1&#038;shortcode_id=6&#038;sort_by=order&#038;order_by=asc&#038;current_url=%2Fprevzd%2Fwp-json%2Fwp%2Fv2%2Fpages%2F60\"         data-gallery-id=\"3\"         data-popup-width=\"800\"         data-popup-height=\"500\"         data-is-album=\"gallery\"         data-buttons-position=\"bottom\">      <div id=\"bwg_container2_0\">             <div id=\"ajax_loading_0\" class=\"bwg_loading_div_1\">      <div class=\"bwg_loading_div_2\">        <div class=\"bwg_loading_div_3\">          <div id=\"loading_div_0\" class=\"bwg_spider_ajax_loading\">          <\/div>        <\/div>      <\/div>    <\/div>            <form id=\"gal_front_form_0\"              class=\"bwg-hidden\"              method=\"post\"              action=\"#\"              data-current=\"0\"              data-shortcode-id=\"6\"              data-gallery-type=\"thumbnails\"              data-gallery-id=\"3\"              data-tag=\"0\"              data-album-id=\"0\"              data-theme-id=\"1\"              data-ajax-url=\"https:\/\/pages.pedf.cuni.cz\/prevzd\/wp-admin\/admin-ajax.php?action=bwg_frontend_data\">          <div id=\"bwg_container3_0\" class=\"bwg-background bwg-background-0\">                <div data-max-count=\"5\"         data-thumbnail-width=\"250\"         data-bwg=\"0\"         data-gallery-id=\"3\"         data-lightbox-url=\"https:\/\/pages.pedf.cuni.cz\/prevzd\/wp-admin\/admin-ajax.php?action=GalleryBox&amp;current_view=0&amp;gallery_id=3&amp;tag=0&amp;theme_id=1&amp;shortcode_id=6&amp;sort_by=order&amp;order_by=asc&amp;current_url=%2Fprevzd%2Fwp-json%2Fwp%2Fv2%2Fpages%2F60\"         id=\"bwg_thumbnails_0\"         class=\"bwg-container-0 bwg-thumbnails bwg-standard-thumbnails bwg-container bwg-border-box\">            <div class=\"bwg-item\">        <a class=\"bwg-a  bwg_lightbox\"  data-image-id=\"18\" href=\"https:\/\/pages.pedf.cuni.cz\/prevzd\/files\/photo-gallery\/ka04.jpg?bwg=1569491318\" data-elementor-open-lightbox=\"no\">                <div class=\"bwg-item0 \">          <div class=\"bwg-item1 bwg-zoom-effect\">            <div class=\"bwg-item2\">              <img decoding=\"async\" class=\"skip-lazy bwg_standart_thumb_img_0 \"                   data-id=\"18\"                   data-width=\"500\"                   data-height=\"404\"                   data-src=\"https:\/\/pages.pedf.cuni.cz\/prevzd\/files\/photo-gallery\/thumb\/ka04.jpg?bwg=1569491318\"                   src=\"https:\/\/pages.pedf.cuni.cz\/prevzd\/files\/photo-gallery\/thumb\/ka04.jpg?bwg=1569491318\"                   alt=\"KA04 \u2013 Rozvoj kompetenc\u00ed student\u016f-budouc\u00edch u\u010ditel\u016f propojov\u00e1n\u00edm teoretick\u00e9 a praktick\u00e9 v\u00fduky\"                   title=\"KA04 \u2013 Rozvoj kompetenc\u00ed student\u016f-budouc\u00edch u\u010ditel\u016f propojov\u00e1n\u00edm teoretick\u00e9 a praktick\u00e9 v\u00fduky\" \/>            <\/div>            <div class=\"bwg-zoom-effect-overlay\">              <div class=\"bwg-title1\"><div class=\"bwg-title2\">KA04 \u2013 Rozvoj kompetenc\u00ed student\u016f-budouc\u00edch u\u010ditel\u016f propojov\u00e1n\u00edm teoretick\u00e9 a praktick\u00e9 v\u00fduky<\/div><\/div>                                        <\/div>          <\/div>        <\/div>                        <\/a>              <\/div>            <div class=\"bwg-item\">        <a class=\"bwg-a  bwg_lightbox\"  data-image-id=\"17\" href=\"https:\/\/pages.pedf.cuni.cz\/prevzd\/files\/photo-gallery\/imported_from_media_libray\/Podaktivita-K04_III_2b_P\u0159i-spole\u010dn\u00e9-pr\u00e1ciIII.jpg?bwg=1564348764\" data-elementor-open-lightbox=\"no\">                <div class=\"bwg-item0 \">          <div class=\"bwg-item1 bwg-zoom-effect\">            <div class=\"bwg-item2\">              <img decoding=\"async\" class=\"skip-lazy bwg_standart_thumb_img_0 \"                   data-id=\"17\"                   data-width=\"500\"                   data-height=\"281\"                   data-src=\"https:\/\/pages.pedf.cuni.cz\/prevzd\/files\/photo-gallery\/imported_from_media_libray\/thumb\/Podaktivita-K04_III_2b_P\u0159i-spole\u010dn\u00e9-pr\u00e1ciIII.jpg?bwg=1564348764\"                   src=\"https:\/\/pages.pedf.cuni.cz\/prevzd\/files\/photo-gallery\/imported_from_media_libray\/thumb\/Podaktivita-K04_III_2b_P\u0159i-spole\u010dn\u00e9-pr\u00e1ciIII.jpg?bwg=1564348764\"                   alt=\"KA04 III\/2B \u2013 Rozvoj kompetenc\u00ed student\u016f-budouc\u00edch u\u010ditel\u016f propojov\u00e1n\u00edm teoretick\u00e9 a praktick\u00e9 v\u00fduky\"                   title=\"KA04 III\/2B \u2013 Rozvoj kompetenc\u00ed student\u016f-budouc\u00edch u\u010ditel\u016f propojov\u00e1n\u00edm teoretick\u00e9 a praktick\u00e9 v\u00fduky\" \/>            <\/div>            <div class=\"bwg-zoom-effect-overlay\">              <div class=\"bwg-title1\"><div class=\"bwg-title2\">KA04 III\/2B \u2013 Rozvoj kompetenc\u00ed student\u016f-budouc\u00edch u\u010ditel\u016f propojov\u00e1n\u00edm teoretick\u00e9 a praktick\u00e9 v\u00fduky<\/div><\/div>                                        <\/div>          <\/div>        <\/div>                        <\/a>              <\/div>            <div class=\"bwg-item\">        <a class=\"bwg-a  bwg_lightbox\"  data-image-id=\"16\" href=\"https:\/\/pages.pedf.cuni.cz\/prevzd\/files\/photo-gallery\/imported_from_media_libray\/Podaktivita-K04_III_2b_P\u0159i-spole\u010dn\u00e9-pr\u00e1ciII.jpg?bwg=1564348764\" data-elementor-open-lightbox=\"no\">                <div class=\"bwg-item0 \">          <div class=\"bwg-item1 bwg-zoom-effect\">            <div class=\"bwg-item2\">              <img decoding=\"async\" class=\"skip-lazy bwg_standart_thumb_img_0 \"                   data-id=\"16\"                   data-width=\"500\"                   data-height=\"281\"                   data-src=\"https:\/\/pages.pedf.cuni.cz\/prevzd\/files\/photo-gallery\/imported_from_media_libray\/thumb\/Podaktivita-K04_III_2b_P\u0159i-spole\u010dn\u00e9-pr\u00e1ciII.jpg?bwg=1564348764\"                   src=\"https:\/\/pages.pedf.cuni.cz\/prevzd\/files\/photo-gallery\/imported_from_media_libray\/thumb\/Podaktivita-K04_III_2b_P\u0159i-spole\u010dn\u00e9-pr\u00e1ciII.jpg?bwg=1564348764\"                   alt=\"KA04 III\/2B \u2013 Rozvoj kompetenc\u00ed student\u016f-budouc\u00edch u\u010ditel\u016f propojov\u00e1n\u00edm teoretick\u00e9 a praktick\u00e9 v\u00fduky\"                   title=\"KA04 III\/2B \u2013 Rozvoj kompetenc\u00ed student\u016f-budouc\u00edch u\u010ditel\u016f propojov\u00e1n\u00edm teoretick\u00e9 a praktick\u00e9 v\u00fduky\" \/>            <\/div>            <div class=\"bwg-zoom-effect-overlay\">              <div class=\"bwg-title1\"><div class=\"bwg-title2\">KA04 III\/2B \u2013 Rozvoj kompetenc\u00ed student\u016f-budouc\u00edch u\u010ditel\u016f propojov\u00e1n\u00edm teoretick\u00e9 a praktick\u00e9 v\u00fduky<\/div><\/div>                                        <\/div>          <\/div>        <\/div>                        <\/a>              <\/div>            <div class=\"bwg-item\">        <a class=\"bwg-a  bwg_lightbox\"  data-image-id=\"15\" href=\"https:\/\/pages.pedf.cuni.cz\/prevzd\/files\/photo-gallery\/imported_from_media_libray\/Podaktivita-K04_III_2b_P\u0159i-spole\u010dn\u00e9-pr\u00e1ci.jpg?bwg=1564348764\" data-elementor-open-lightbox=\"no\">                <div class=\"bwg-item0 \">          <div class=\"bwg-item1 bwg-zoom-effect\">            <div class=\"bwg-item2\">              <img decoding=\"async\" class=\"skip-lazy bwg_standart_thumb_img_0 \"                   data-id=\"15\"                   data-width=\"500\"                   data-height=\"281\"                   data-src=\"https:\/\/pages.pedf.cuni.cz\/prevzd\/files\/photo-gallery\/imported_from_media_libray\/thumb\/Podaktivita-K04_III_2b_P\u0159i-spole\u010dn\u00e9-pr\u00e1ci.jpg?bwg=1564348764\"                   src=\"https:\/\/pages.pedf.cuni.cz\/prevzd\/files\/photo-gallery\/imported_from_media_libray\/thumb\/Podaktivita-K04_III_2b_P\u0159i-spole\u010dn\u00e9-pr\u00e1ci.jpg?bwg=1564348764\"                   alt=\"KA04 III\/2B \u2013 Rozvoj kompetenc\u00ed student\u016f-budouc\u00edch u\u010ditel\u016f propojov\u00e1n\u00edm teoretick\u00e9 a praktick\u00e9 v\u00fduky\"                   title=\"KA04 III\/2B \u2013 Rozvoj kompetenc\u00ed student\u016f-budouc\u00edch u\u010ditel\u016f propojov\u00e1n\u00edm teoretick\u00e9 a praktick\u00e9 v\u00fduky\" \/>            <\/div>            <div class=\"bwg-zoom-effect-overlay\">              <div class=\"bwg-title1\"><div class=\"bwg-title2\">KA04 III\/2B \u2013 Rozvoj kompetenc\u00ed student\u016f-budouc\u00edch u\u010ditel\u016f propojov\u00e1n\u00edm teoretick\u00e9 a praktick\u00e9 v\u00fduky<\/div><\/div>                                        <\/div>          <\/div>        <\/div>                        <\/a>              <\/div>          <\/div>    <style>      \/*pagination styles*\/      #bwg_container1_0 #bwg_container2_0 .tablenav-pages_0 {\t\t\t\ttext-align: center;\t\t\t\tfont-size: 12px;\t\t\t\tfont-family: Ubuntu;\t\t\t\tfont-weight: bold;\t\t\t\tcolor: #666666;\t\t\t\tmargin: 6px 0 4px;\t\t\t\tdisplay: block;      }      @media only screen and (max-width : 320px) {      #bwg_container1_0 #bwg_container2_0 .displaying-num_0 {     \t display: none;      }      }      #bwg_container1_0 #bwg_container2_0 .displaying-num_0 {\t\t\t\tfont-size: 12px;\t\t\t\tfont-family: Ubuntu;\t\t\t\tfont-weight: bold;\t\t\t\tcolor: #666666;\t\t\t\tmargin-right: 10px;\t\t\t\tvertical-align: middle;      }      #bwg_container1_0 #bwg_container2_0 .paging-input_0 {\t\t\t\tfont-size: 12px;\t\t\t\tfont-family: Ubuntu;\t\t\t\tfont-weight: bold;\t\t\t\tcolor: #666666;\t\t\t\tvertical-align: middle;      }      #bwg_container1_0 #bwg_container2_0 .tablenav-pages_0 a.disabled,      #bwg_container1_0 #bwg_container2_0 .tablenav-pages_0 a.disabled:hover,      #bwg_container1_0 #bwg_container2_0 .tablenav-pages_0 a.disabled:focus,\t\t\t#bwg_container1_0 #bwg_container2_0 .tablenav-pages_0 input.bwg_current_page {\t\t\t\tcursor: default;\t\t\t\tcolor: rgba(102, 102, 102, 0.5);      }      #bwg_container1_0 #bwg_container2_0 .tablenav-pages_0 a,      #bwg_container1_0 #bwg_container2_0 .tablenav-pages_0 input.bwg_current_page {\t\t\t\tcursor: pointer;\t\t\t\ttext-align: center;\t\t\t\tfont-size: 12px;\t\t\t\tfont-family: Ubuntu;\t\t\t\tfont-weight: bold;\t\t\t\tcolor: #666666;\t\t\t\ttext-decoration: none;\t\t\t\tpadding: 3px 6px;\t\t\t\tmargin: 0;\t\t\t\tborder-radius: 0;\t\t\t\tborder-style: solid;\t\t\t\tborder-width: 1px;\t\t\t\tborder-color: #E3E3E3;\t\t\t\t\t\t\t\tbackground-color: rgba(255, 255, 255, 1.00);\t\t\t\tbox-shadow: 0;\t\t\t\ttransition: all 0.3s ease 0s;-webkit-transition: all 0.3s ease 0s;      }      <\/style>      <span class=\"bwg_nav_cont_0\">              <div class=\"tablenav-pages_0\">                  <\/div>                <input type=\"hidden\" id=\"page_number_0\" name=\"page_number_0\" value=\"1\" \/>      <script type=\"text\/javascript\">        if( jQuery('.bwg_nav_cont_0').length > 1 ) {          jQuery('.bwg_nav_cont_0').first().remove()        }        function spider_page_0(cur, x, y, load_more) {          if (typeof load_more == \"undefined\") {            var load_more = false;          }          if (jQuery(cur).hasClass('disabled')) {            return false;          }          var items_county_0 = 1;          switch (y) {            case 1:              if (x >= items_county_0) {                document.getElementById('page_number_0').value = items_county_0;              }              else {                document.getElementById('page_number_0').value = x + 1;              }              break;            case 2:              document.getElementById('page_number_0').value = items_county_0;              break;            case -1:              if (x == 1) {                document.getElementById('page_number_0').value = 1;              }              else {                document.getElementById('page_number_0').value = x - 1;              }              break;            case -2:              document.getElementById('page_number_0').value = 1;              break;\t\t\t\t\t\tcase 0:              document.getElementById('page_number_0').value = x;              break;            default:              document.getElementById('page_number_0').value = 1;          }          bwg_ajax('gal_front_form_0', '0', 'bwg_thumbnails_0', '0', '', 'gallery', 0, '', '', load_more, '', 1);        }                    jQuery('.first-page-0').on('click', function () {              spider_page_0(this, 1, -2, 'numeric');              return false;            });            jQuery('.prev-page-0').on('click', function () {              spider_page_0(this, 1, -1, 'numeric');              return false;            });            jQuery('.next-page-0').on('click', function () {              spider_page_0(this, 1, 1, 'numeric');              return false;            });            jQuery('.last-page-0').on('click', function () {              spider_page_0(this, 1, 2, 'numeric');              return false;            });        \t\t\t\t\/* Change page on input enter. *\/        function bwg_change_page_0( e, that ) {          if (  e.key == 'Enter' ) {            var to_page = parseInt(jQuery(that).val());            var pages_count = jQuery(that).parents(\".pagination-links\").data(\"pages-count\");            var current_url_param = jQuery(that).attr('data-url-info');            if (to_page > pages_count) {              to_page = 1;            }\t \t\t\t\t\t\t\t\t\t\t\t\tspider_page_0(this, to_page, 0, 'numeric');\t\t\t\t\t\t\treturn false;\t\t\t\t\t\t          }          return true;        }        jQuery('.bwg_load_btn_0').on('click', function () {            spider_page_0(this, 1, 1, true);            return false;        });      <\/script>      <\/span>                <\/div>        <\/form>        <style>          #bwg_container1_0 #bwg_container2_0 #spider_popup_overlay_0 {          background-color: #EEEEEE;          opacity: 0.60;          }          <\/style>        <div id=\"bwg_spider_popup_loading_0\" class=\"bwg_spider_popup_loading\"><\/div>        <div id=\"spider_popup_overlay_0\" class=\"spider_popup_overlay\" onclick=\"spider_destroypopup(1000)\"><\/div>        <input type=\"hidden\" id=\"bwg_random_seed_0\" value=\"1536312980\">                <\/div>    <\/div>    <script>      if (document.readyState === 'complete') {        if( typeof bwg_main_ready == 'function' ) {          if ( jQuery(\"#bwg_container1_0\").height() ) {            bwg_main_ready(jQuery(\"#bwg_container1_0\"));          }        }      } else {        document.addEventListener('DOMContentLoaded', function() {          if( typeof bwg_main_ready == 'function' ) {            if ( jQuery(\"#bwg_container1_0\").height() ) {             bwg_main_ready(jQuery(\"#bwg_container1_0\"));            }          }        });      }    <\/script>    \n","protected":false},"excerpt":{"rendered":"<p>PODAKTIVITA III\/ 1B Budov\u00e1n\u00ed dovednost\u00ed student\u016f zvl\u00e1dat management heterogenn\u00ed t\u0159\u00eddy a komunikovat a spolupracovat s rodi\u010di (z\u00e1konn\u00fdmi z\u00e1stupci) d\u00edt\u011bte\/\u017e\u00e1ka Hlavn\u00edm z\u00e1m\u011brem t\u00e9to \u010d\u00e1sti projektu je nab\u00eddnout student\u016fm u\u010ditelstv\u00ed celkem 8 voliteln\u00fdch kurz\u016f, kter\u00e9 pos\u00edl\u00ed jejich dovednosti v\u00a0oblastech, ve kter\u00fdch na <a class=\"read-more\" href=\"https:\/\/pages.pedf.cuni.cz\/prevzd\/videokluby\/\">P\u0159e\u010d\u00edst celou aktualitu&#8230;<\/a><\/p>\n","protected":false},"author":1,"featured_media":0,"parent":29,"menu_order":4,"comment_status":"closed","ping_status":"closed","template":"","meta":{"footnotes":""},"class_list":["post-60","page","type-page","status-publish","hentry"],"_links":{"self":[{"href":"https:\/\/pages.pedf.cuni.cz\/prevzd\/wp-json\/wp\/v2\/pages\/60","targetHints":{"allow":["GET"]}}],"collection":[{"href":"https:\/\/pages.pedf.cuni.cz\/prevzd\/wp-json\/wp\/v2\/pages"}],"about":[{"href":"https:\/\/pages.pedf.cuni.cz\/prevzd\/wp-json\/wp\/v2\/types\/page"}],"author":[{"embeddable":true,"href":"https:\/\/pages.pedf.cuni.cz\/prevzd\/wp-json\/wp\/v2\/users\/1"}],"replies":[{"embeddable":true,"href":"https:\/\/pages.pedf.cuni.cz\/prevzd\/wp-json\/wp\/v2\/comments?post=60"}],"version-history":[{"count":10,"href":"https:\/\/pages.pedf.cuni.cz\/prevzd\/wp-json\/wp\/v2\/pages\/60\/revisions"}],"predecessor-version":[{"id":230,"href":"https:\/\/pages.pedf.cuni.cz\/prevzd\/wp-json\/wp\/v2\/pages\/60\/revisions\/230"}],"up":[{"embeddable":true,"href":"https:\/\/pages.pedf.cuni.cz\/prevzd\/wp-json\/wp\/v2\/pages\/29"}],"wp:attachment":[{"href":"https:\/\/pages.pedf.cuni.cz\/prevzd\/wp-json\/wp\/v2\/media?parent=60"}],"curies":[{"name":"wp","href":"https:\/\/api.w.org\/{rel}","templated":true}]}}