{"id":913,"date":"2018-05-11T09:26:40","date_gmt":"2018-05-11T07:26:40","guid":{"rendered":"http:\/\/pages.pedf.cuni.cz\/sc25\/?page_id=913"},"modified":"2020-02-24T09:30:19","modified_gmt":"2020-02-24T08:30:19","slug":"informacni-gramotnost-2","status":"publish","type":"page","link":"https:\/\/pages.pedf.cuni.cz\/sc25\/informacni-gramotnost-2\/","title":{"rendered":"Informa\u010dn\u00ed gramotnost"},"content":{"rendered":"<p>Zde naleznete v\u00fdstupy vzd\u011bl\u00e1vac\u00edho modulu Informa\u010dn\u00ed gramotnost.<\/p>\n<p><strong>Vzd\u011bl\u00e1vac\u00ed modul s metodikou <\/strong>(Petra Va\u0148kov\u00e1, Jan Berki, Josef Lombart, Pavl\u00edna Maz\u00e1\u010dov\u00e1)<\/p>\n<p>ke sta\u017een\u00ed <a href=\"https:\/\/pages.pedf.cuni.cz\/sc25\/files\/2019\/10\/Informacni_gramotnost_metodika.pdf\"><strong>zde<\/strong><\/a><\/p>\n<p><strong>Databanka<\/strong><\/p>\n<p>ke sta\u017een\u00ed <strong><a href=\"https:\/\/pages.pedf.cuni.cz\/sc25\/files\/2020\/01\/IG_databanka.pdf\">zde<\/a><\/strong><\/p>\n<p>&nbsp;<\/p>\n<p><strong>V projektu realizovan\u00e1 a ov\u011b\u0159en\u00e1 t\u00e9mata dle nab\u00eddky vzd\u011bl\u00e1vac\u00edho modulu. <\/strong><\/p>\n<p>Nab\u00eddka ov\u011b\u0159ovan\u00fdch t\u00e9mat je k dispozici <strong><a href=\"https:\/\/pages.pedf.cuni.cz\/sc25\/informacni-gramotnost\/\">zde<\/a>. <\/strong>Ov\u011b\u0159ov\u00e1na byla t\u00e9mata 1-9.<\/p>\n<p><strong>Informa\u010dn\u00ed gramotnost Teorie a eduka\u010dn\u00ed praxe<\/strong> (Pavl\u00edna Maz\u00e1\u010dov\u00e1 a kol.)<\/p>\n<p>ke sta\u017een\u00ed <strong><a href=\"https:\/\/pages.pedf.cuni.cz\/sc25\/files\/2020\/02\/Teorie_a_vzdelavaci_praxe.pdf\">zde<\/a><\/strong><\/p>\n<p>&nbsp;<\/p>\n<p><strong>Dal\u0161\u00ed v\u00fdstupy\u00a0<\/strong><\/p>\n<p>1.\u00a0<strong>Jak uspo\u0159\u00e1d\u00e1vat informace: Pojmov\u00e9 a my\u0161lenkov\u00e9 mapy ve vybran\u00fdch p\u0159edm\u011btech na 2. stupni Z\u0160 <\/strong>(Petra Va\u0148kov\u00e1, Lenka P\u00edtrov\u00e1, Radka Skoupilov\u00e1)<\/p>\n<p>ke sta\u017een\u00ed <a href=\"https:\/\/pages.pedf.cuni.cz\/sc25\/files\/2020\/02\/Jak_usporadavat_informace.pdf\"><strong>zde<\/strong><\/a><\/p>\n<p>2. <strong>Rozv\u00edjen\u00ed informa\u010dn\u00ed gramotnosti v eduka\u010dn\u00ed praxi v laboratorn\u00ed z\u00e1kladn\u00ed \u0161kole: p\u0159\u00edpadov\u00e1 studie<\/strong> (Pavl\u00edna Maz\u00e1\u010dov\u00e1, Marta Zonkov\u00e1)<\/p>\n<p>ke sta\u017een\u00ed <strong><a href=\"https:\/\/pages.pedf.cuni.cz\/sc25\/files\/2020\/02\/Rozvijeni-informacni-gramotnosti-v-edukacni-praxi.pdf\">zde<\/a><\/strong><\/p>\n<p>3. <strong>Robotick\u00e9 programovateln\u00e9 hra\u010dky ve v\u00fduce <\/strong>(Petra Va\u0148kov\u00e1)<\/p>\n<p>ke sta\u017een\u00ed<strong> <a href=\"https:\/\/pages.pedf.cuni.cz\/sc25\/files\/2020\/02\/Robotick\u00e9-programovateln\u00e9-hra\u010dky-ve-v\u00fduce-1.pdf\">zde<\/a><br \/>\n<\/strong><\/p>\n<p>&nbsp;<\/p>\n<p><strong>Publicita<\/strong> (konference bez p\u0159\u00edsp\u011bvk\u016f ve sborn\u00edc\u00edch, panely aj.)<\/p>\n<p>Pavl\u00edna Maz\u00e1\u010dov\u00e1: Spole\u010denstv\u00ed praxe jako p\u0159\u00edle\u017eitost rozv\u00edjen\u00ed informa\u010dn\u00ed gramotnosti. 11.-13. z\u00e1\u0159\u00ed 2018, 26. ro\u010dn\u00edk konference Knihovny sou\u010dasnosti, Univerzita Palack\u00e9ho v Olomouci. Dostupn\u00e9 z: <a href=\"http:\/\/sdruk.mlp.cz\/sdruk\/konference-knihovny-soucasnosti\/2018\/clanek\/program-2018\/\">http:\/\/sdruk.mlp.cz\/sdruk\/konference-knihovny-soucasnosti\/2018\/clanek\/program-2018\/<\/a><\/p>\n<p>Pavl\u00edna Maz\u00e1\u010dov\u00e1: Rozv\u00edjen\u00ed informa\u010dn\u00ed gramotnosti ve spole\u010denstv\u00ed praxe s principy mezigenera\u010dn\u00edho u\u010den\u00ed, Spole\u010denstv\u00ed praxe jako princip (spolu)pr\u00e1ce v oborov\u00fdch didaktik\u00e1ch. 14. 6. 2018, Pedagogick\u00e1 fakulta Masarykovy univerzity. Dostupn\u00e9 z: <a href=\"http:\/\/didacticaviva.ped.muni.cz\/konference\/jaro-2018\">http:\/\/didacticaviva.ped.muni.cz\/konference\/jaro-2018<\/a><\/p>\n<p>Pavl\u00edna Maz\u00e1\u010dov\u00e1: Edukace informa\u010dn\u00ed gramotnosti ve strategii \u010dinnosti knihovny. Konference N\u00e1rodn\u00ed semin\u00e1\u0159 informa\u010dn\u00edho vzd\u011bl\u00e1v\u00e1n\u00ed \u2013 Nasiv 2018. 12. \u2013 13. 6. 2018, Filozofick\u00e1 fakulta, Masarykova Univerzita. Dostupn\u00e9 na: http:\/\/nasiv.knihovna.cz\/sessions\/.<\/p>\n<p>Pavl\u00edna Maz\u00e1\u010dov\u00e1: Pojet\u00ed\u00a0rozvoje\u00a0informa\u010dn\u00ed\u00a0gramotnosti\u00a0\u017e\u00e1k\u016f\u00a0z\u00a0perspektivy\u00a0u\u010d\u00edc\u00edho knihovn\u00edka:\u00a0v\u00fdzkumn\u00e9\u00a0horizonty. Konference \u010cPdS Profesn\u00ed rozvoj pedagogick\u00fdch pracovn\u00edk\u016f a pracovn\u00edk\u016f ve \u0161kolstv\u00ed. 15. \u2013 16. 3. 2018, Fakulta ve\u0159ejn\u00fdch politik Slezsk\u00e1 univerzita v\u00a0Opav\u011b. Dostupn\u00e9 na: h<a href=\"https:\/\/www.cpds.cz\/konference_2018_program.php\">ttp:\/\/www.cpds.cz\/konference_2018_program.php<\/a><\/p>\n<p>Pavl\u00edna Maz\u00e1\u010dov\u00e1: Anal\u00fdza kurikul\u00e1rn\u00edch dokument\u016f z perspektivy kompeten\u010dn\u00edho p\u0159\u00edstupu ke vzd\u011bl\u00e1v\u00e1n\u00ed: p\u0159\u00edsp\u011bvek ze spole\u010denstv\u00ed praxe, (K) \u010demu u\u010dit ve \u0161kole: vybran\u00e9 probl\u00e9my kurikula v oborov\u011bdidaktick\u00fdch souvislostech. 14. 12. 2017, Pedagogick\u00e1 fakulta Masarykovy univerzity. Dostupn\u00e9 z: <a href=\"http:\/\/didacticaviva.ped.muni.cz\/konference\/podzim-2017\">http:\/\/didacticaviva.ped.muni.cz\/konference\/podzim-2017<\/a><\/p>\n","protected":false},"excerpt":{"rendered":"<p>Zde naleznete v\u00fdstupy vzd\u011bl\u00e1vac\u00edho modulu Informa\u010dn\u00ed gramotnost. Vzd\u011bl\u00e1vac\u00ed modul s metodikou (Petra Va\u0148kov\u00e1, Jan Berki, Josef Lombart, Pavl\u00edna Maz\u00e1\u010dov\u00e1) ke sta\u017een\u00ed zde Databanka ke sta\u017een\u00ed zde &nbsp; V projektu realizovan\u00e1 a ov\u011b\u0159en\u00e1 t\u00e9mata dle nab\u00eddky vzd\u011bl\u00e1vac\u00edho modulu. Nab\u00eddka ov\u011b\u0159ovan\u00fdch t\u00e9mat je k dispozici zde. Ov\u011b\u0159ov\u00e1na byla t\u00e9mata 1-9. Informa\u010dn\u00ed gramotnost Teorie a eduka\u010dn\u00ed praxe (Pavl\u00edna &hellip; <a href=\"https:\/\/pages.pedf.cuni.cz\/sc25\/informacni-gramotnost-2\/\">Continue reading <span class=\"meta-nav\">&rarr;<\/span><\/a><\/p>\n","protected":false},"author":465,"featured_media":0,"parent":0,"menu_order":0,"comment_status":"closed","ping_status":"closed","template":"","meta":{"footnotes":""},"class_list":["post-913","page","type-page","status-publish","hentry"],"_links":{"self":[{"href":"https:\/\/pages.pedf.cuni.cz\/sc25\/wp-json\/wp\/v2\/pages\/913","targetHints":{"allow":["GET"]}}],"collection":[{"href":"https:\/\/pages.pedf.cuni.cz\/sc25\/wp-json\/wp\/v2\/pages"}],"about":[{"href":"https:\/\/pages.pedf.cuni.cz\/sc25\/wp-json\/wp\/v2\/types\/page"}],"author":[{"embeddable":true,"href":"https:\/\/pages.pedf.cuni.cz\/sc25\/wp-json\/wp\/v2\/users\/465"}],"replies":[{"embeddable":true,"href":"https:\/\/pages.pedf.cuni.cz\/sc25\/wp-json\/wp\/v2\/comments?post=913"}],"version-history":[{"count":23,"href":"https:\/\/pages.pedf.cuni.cz\/sc25\/wp-json\/wp\/v2\/pages\/913\/revisions"}],"predecessor-version":[{"id":1641,"href":"https:\/\/pages.pedf.cuni.cz\/sc25\/wp-json\/wp\/v2\/pages\/913\/revisions\/1641"}],"wp:attachment":[{"href":"https:\/\/pages.pedf.cuni.cz\/sc25\/wp-json\/wp\/v2\/media?parent=913"}],"curies":[{"name":"wp","href":"https:\/\/api.w.org\/{rel}","templated":true}]}}