{"id":11,"date":"2013-06-19T10:12:10","date_gmt":"2013-06-19T10:12:10","guid":{"rendered":"http:\/\/userweb.pedf.cuni.cz\/wp\/specpeda\/?page_id=11"},"modified":"2025-10-13T16:25:24","modified_gmt":"2025-10-13T14:25:24","slug":"vydavatel-a-redakcni-rada","status":"publish","type":"page","link":"https:\/\/pages.pedf.cuni.cz\/specpeda\/vydavatel-a-redakcni-rada\/","title":{"rendered":"Vydavatel a redak\u010dn\u00ed rada"},"content":{"rendered":"<h3>\u010casopis Speci\u00e1ln\u00ed pedagogika vyd\u00e1v\u00e1<\/h3>\n<ul>\n<li><a href=\"http:\/\/www.pedf.cuni.cz\"> Univerzita Karlova v\u00a0Praze \u2013 Pedagogick\u00e1 fakulta<\/a> <span style=\"font-size: small\">[Odkaz se otev\u0159e v nov\u00e9m okn\u011b]<\/span><\/li>\n<\/ul>\n<h3>\u0158\u00edd\u00ed redak\u010dn\u00ed rada<\/h3>\n<ul>\n<li>doc. PhDr. Monika Mu\u017e\u00e1kov\u00e1, Ph.D., p\u0159edsedkyn\u011b<\/li>\n<li>doc. PhDr. Jaroslav Balv\u00edn, CSc.<\/li>\n<li>doc. PaedDr. Stanislav Bendl, Ph.D.<\/li>\n<li>PhDr. Petra Bendov\u00e1, Ph.D.<\/li>\n<li>PhDr. Ilona Byte\u0161n\u00edkov\u00e1, Ph.D.<\/li>\n<li>doc. PhDr. Marie \u010cern\u00e1, CSc.<\/li>\n<li>doc. PaedDr. Ter\u00e9zia Har\u010dar\u00edkov\u00e1, Ph.D.<\/li>\n<li>doc. PaedDr. Ladislav Hor\u0148\u00e1k, Ph.D.<\/li>\n<li>doc. PhDr. Jaroslav Kysu\u010dan, CSc.<\/li>\n<li>doc. PhDr. Lea Kv\u011bto\u0148ov\u00e1, Ph.D.<\/li>\n<li>PhDr. Martina Malotov\u00e1<\/li>\n<li>PhDr. Jana Pe\u0161kov\u00e1, Ph.D.<\/li>\n<li>prof. PhDr. RNDr. Marie V\u00e1gnerov\u00e1, CSc.<\/li>\n<li>Mgr. Barbara Vale\u0161ov\u00e1 Malcov\u00e1, Ph.D.<\/li>\n<li>prof. PhDr. Marie V\u00edtkov\u00e1, CSc.<\/li>\n<li>doc. PhDr. Tibor Vojtko, Ph.D.<\/li>\n<\/ul>\n<h3>Redakce<\/h3>\n<ul>\n<li>Mgr. Marie Komorn\u00e1, vedouc\u00ed redaktorka<\/li>\n<li>Mgr. Magdalena Blahutov\u00e1, v\u00fdkonn\u00e1 redaktorka<\/li>\n<li>Mgr. Ivana \u010cechov\u00e1<\/li>\n<li>doc. PhDr. Kate\u0159ina H\u00e1dkov\u00e1, Ph.D.<\/li>\n<li>PhDr. Barbora Chleboradov\u00e1, Ph.D.<\/li>\n<li>PhDr. Kate\u0159ina Kroupov\u00e1, Ph.D.<\/li>\n<li>PhDr. Monika Mu\u017e\u00e1kov\u00e1, Ph.D.<\/li>\n<li>RNDr. Mgr. Pavel Pe\u0161at, Ph.D.<\/li>\n<\/ul>\n","protected":false},"excerpt":{"rendered":"<p>\u010casopis Speci\u00e1ln\u00ed pedagogika vyd\u00e1v\u00e1 Univerzita Karlova v\u00a0Praze \u2013 Pedagogick\u00e1 fakulta [Odkaz se otev\u0159e v nov\u00e9m okn\u011b] \u0158\u00edd\u00ed redak\u010dn\u00ed rada doc. PhDr. Monika Mu\u017e\u00e1kov\u00e1, Ph.D., p\u0159edsedkyn\u011b doc. PhDr. Jaroslav Balv\u00edn, CSc. doc. PaedDr. Stanislav Bendl, Ph.D. PhDr. Petra Bendov\u00e1, Ph.D. PhDr. <a class=\"more-link\" href=\"https:\/\/pages.pedf.cuni.cz\/specpeda\/vydavatel-a-redakcni-rada\/\">Cel\u00fd \u010dl\u00e1nek  <span class=\"screen-reader-text\">  Vydavatel a redak\u010dn\u00ed rada<\/span><span class=\"meta-nav\">&rarr;<\/span><\/a><\/p>\n","protected":false},"author":1,"featured_media":0,"parent":0,"menu_order":0,"comment_status":"closed","ping_status":"closed","template":"","meta":{"footnotes":""},"class_list":["post-11","page","type-page","status-publish","hentry"],"_links":{"self":[{"href":"https:\/\/pages.pedf.cuni.cz\/specpeda\/wp-json\/wp\/v2\/pages\/11","targetHints":{"allow":["GET"]}}],"collection":[{"href":"https:\/\/pages.pedf.cuni.cz\/specpeda\/wp-json\/wp\/v2\/pages"}],"about":[{"href":"https:\/\/pages.pedf.cuni.cz\/specpeda\/wp-json\/wp\/v2\/types\/page"}],"author":[{"embeddable":true,"href":"https:\/\/pages.pedf.cuni.cz\/specpeda\/wp-json\/wp\/v2\/users\/1"}],"replies":[{"embeddable":true,"href":"https:\/\/pages.pedf.cuni.cz\/specpeda\/wp-json\/wp\/v2\/comments?post=11"}],"version-history":[{"count":8,"href":"https:\/\/pages.pedf.cuni.cz\/specpeda\/wp-json\/wp\/v2\/pages\/11\/revisions"}],"predecessor-version":[{"id":300,"href":"https:\/\/pages.pedf.cuni.cz\/specpeda\/wp-json\/wp\/v2\/pages\/11\/revisions\/300"}],"wp:attachment":[{"href":"https:\/\/pages.pedf.cuni.cz\/specpeda\/wp-json\/wp\/v2\/media?parent=11"}],"curies":[{"name":"wp","href":"https:\/\/api.w.org\/{rel}","templated":true}]}}