{"id":6352,"date":"2022-12-10T13:27:48","date_gmt":"2022-12-10T12:27:48","guid":{"rendered":"https:\/\/pages.pedf.cuni.cz\/uvrv\/?page_id=6352"},"modified":"2022-12-21T22:32:25","modified_gmt":"2022-12-21T21:32:25","slug":"pozvani","status":"publish","type":"page","link":"https:\/\/pages.pedf.cuni.cz\/uvrv\/pozvani\/","title":{"rendered":"Pod\u011blte se s n\u00e1mi o sv\u00e9 zku\u0161enosti a n\u00e1zory na soukrom\u00e9 hodiny nebo kurzy"},"content":{"rendered":"\n<p><strong><a href=\"https:\/\/pages.pedf.cuni.cz\/uvrv\/files\/2022\/04\/Pozvani-rodice.pdf\">Informa\u010dn\u00ed let\u00e1k pro rodi\u010de ke sta\u017een\u00ed naleznete zde<\/a><a href=\"https:\/\/pages.pedf.cuni.cz\/uvrv\/files\/2022\/12\/Snimek-obrazovky-2022-12-10-v-12.55.29.png\"><\/a><\/strong><\/p>\n\n\n<p>V\u00e1\u017een\u00ed rodi\u010de,<img loading=\"lazy\" decoding=\"async\" class=\"alignright\" src=\"https:\/\/pages.pedf.cuni.cz\/uvrv\/files\/2022\/12\/Snimek-obrazovky-2022-12-10-v-13.10.02.png\" alt=\"\" width=\"338\" height=\"558\" \/><\/p>\n<p><strong>uva\u017eujete<\/strong> o tom, \u017ee<strong> sv\u00e9mu d\u00edt\u011bti zajist\u00edte soukrom\u00e9 hodiny nebo kurzy? Nebo jste to v\u00a0ned\u00e1vn\u00e9 dob\u011b u\u017e ud\u011blali?<\/strong> Pros\u00edm, <strong>pod\u011blte se s\u00a0n\u00e1mi o sv\u00e1 o\u010dek\u00e1v\u00e1n\u00ed, zku\u0161enosti a n\u00e1zory na tuto formu vzd\u011bl\u00e1v\u00e1n\u00ed.<\/strong><\/p>\n<p><img loading=\"lazy\" decoding=\"async\" class=\"alignleft\" src=\"https:\/\/pages.pedf.cuni.cz\/uvrv\/files\/2022\/12\/Snimek-obrazovky-2022-12-10-v-12.55.29.png\" alt=\"\" width=\"215\" height=\"141\" \/>Cht\u011bli bychom V\u00e1s t\u00edmto pozvat do v\u00fdzkumu, kter\u00fd prov\u00e1d\u00edme pod z\u00e1\u0161titou <em>Pedagogick\u00e9 fakulty Univerzity Karlovy<\/em> ve spolupr\u00e1ci s\u00a0<em>Univerzitou v Hongkongu<\/em>. Hlavn\u00edm c\u00edlem v\u00fdzkumu je zjistit, z jak\u00fdch d\u016fvod\u016f a za jak\u00fdch okolnost\u00ed rodi\u010de pro sv\u00e9 d\u011bti zaji\u0161\u0165uj\u00ed soukrom\u00e9 dou\u010dov\u00e1n\u00ed a co si od toho slibuj\u00ed. V\u00fdzkum n\u00e1m mimo jin\u00e9 pom\u016f\u017ee zjistit, jak\u00e1 jsou slab\u00e1 m\u00edsta vzd\u011bl\u00e1v\u00e1n\u00ed ve \u0161kol\u00e1ch, a navrhnout r\u016fzn\u00e1 opat\u0159en\u00ed sm\u011b\u0159uj\u00edc\u00ed k jeho zlep\u0161en\u00ed.<\/p>\n<p style=\"text-align: left\"><strong>Rozhovor (v d\u00e9lce p\u0159ibli\u017en\u011b jedn\u00e9 hodiny)<\/strong> lze realizovat jak osobn\u011b, tak i online (nap\u0159. p\u0159es platformy Zoom, Skype \u010di jin\u00e9 dle Va\u0161eho v\u00fdb\u011bru) a term\u00edn p\u0159izp\u016fsob\u00edme Va\u0161\u00edm \u010dasov\u00fdm mo\u017enostem. Zaru\u010dujeme V\u00e1m plnou anonymitu, to znamen\u00e1, \u017ee v\u0161echna jm\u00e9na, data, m\u00edsta a jak\u00e9koli jin\u00e9 konkretizuj\u00edc\u00ed informace o V\u00e1s \u010di \u0161kole Va\u0161eho d\u00edt\u011bte nebudou ve v\u00fdstupech projektu v\u016fbec zm\u00edn\u011bny. Za V\u00e1\u0161 \u010das str\u00e1ven\u00fd rozhovorem m\u016f\u017eeme nab\u00eddnout 500 K\u010d.<\/p>\n<p>Pokud m\u00e1te z\u00e1jem o\u00a0v\u00edce informac\u00ed nebo o \u00fa\u010dast ve v\u00fdzkumu, m\u016f\u017eete mne kontaktovat e-mailem \u010di telefonicky, p\u0159\u00edpadn\u011b zadat sv\u00e9 kontaktn\u00ed informace do formul\u00e1\u0159e:<\/p>\n<p><strong>Pokud m\u00e1te z\u00e1jem o v\u00edce informac\u00ed nebo o \u00fa\u010dast ve v\u00fdzkumu, m\u016f\u017eete mne kontaktovat e-mailem \u010di telefonicky, p\u0159\u00edpadn\u011b zadat sv\u00e9 kontaktn\u00ed informace do formul\u00e1\u0159e: <\/strong><span style=\"font-size: 14pt\"><strong><a href=\"https:\/\/forms.gle\/PN2poMguc9ge2UwS9\">https:\/\/forms.gle\/PN2poMguc9ge2UwS9\u00a0<\/a><\/strong><\/span><\/p>\n\n<p><span style=\"font-size: 12pt\"><strong>T\u011b\u0161\u00edme se na rozhovor s V\u00e1mi!<\/strong><\/span><\/p>\n<p><span style=\"font-size: 12pt\">Za \u0159e\u0161itelsk\u00fd t\u00fdm:<\/span><\/p>\n<p><a href=\"https:\/\/pages.pedf.cuni.cz\/uvrv\/vitstastny\/\"><span style=\"font-size: 12pt\">PhDr. V\u00edt \u0160\u0165astn\u00fd, Ph.D.<\/span><\/a><\/p>\n<p>\u00a0<\/p>\n<p><span style=\"font-size: 12pt\"><strong>Kontaktn\u00ed \u00fadaje:<br \/><\/strong><\/span><span style=\"font-size: 12pt\">vit.stastny@pedf.cuni.cz<br \/><\/span><span style=\"font-size: 12pt\">+420 603 842 505<br \/><em data-rich-text-format-boundary=\"true\">Pedagogick\u00e1 fakulta Univerzity Karlovy, \u00dastav v\u00fdzkumu a rozvoje vzd\u011bl\u00e1v\u00e1n\u00ed, Mysl\u00edkova 7, Praha 1, 110 00<\/em><br \/><\/span><\/p>\n\n\n<figure class=\"wp-block-image size-large\"><a href=\"https:\/\/pages.pedf.cuni.cz\/uvrv\/files\/2022\/12\/Snimek-obrazovky-2022-12-10-v-13.12.22.png\"><img loading=\"lazy\" decoding=\"async\" width=\"1024\" height=\"148\" src=\"https:\/\/pages.pedf.cuni.cz\/uvrv\/files\/2022\/12\/Snimek-obrazovky-2022-12-10-v-13.12.22-1024x148.png\" alt=\"\" class=\"wp-image-6361\" srcset=\"https:\/\/pages.pedf.cuni.cz\/uvrv\/files\/2022\/12\/Snimek-obrazovky-2022-12-10-v-13.12.22-1024x148.png 1024w, https:\/\/pages.pedf.cuni.cz\/uvrv\/files\/2022\/12\/Snimek-obrazovky-2022-12-10-v-13.12.22-300x43.png 300w, https:\/\/pages.pedf.cuni.cz\/uvrv\/files\/2022\/12\/Snimek-obrazovky-2022-12-10-v-13.12.22-768x111.png 768w, https:\/\/pages.pedf.cuni.cz\/uvrv\/files\/2022\/12\/Snimek-obrazovky-2022-12-10-v-13.12.22-1536x223.png 1536w, https:\/\/pages.pedf.cuni.cz\/uvrv\/files\/2022\/12\/Snimek-obrazovky-2022-12-10-v-13.12.22-2048x297.png 2048w\" sizes=\"auto, (max-width: 1024px) 100vw, 1024px\" \/><\/a><\/figure>\n","protected":false},"excerpt":{"rendered":"<p>Informa\u010dn\u00ed let\u00e1k pro rodi\u010de ke sta\u017een\u00ed naleznete zde V\u00e1\u017een\u00ed rodi\u010de, uva\u017eujete o tom, \u017ee sv\u00e9mu d\u00edt\u011bti zajist\u00edte soukrom\u00e9 hodiny nebo kurzy? Nebo jste to v\u00a0ned\u00e1vn\u00e9 dob\u011b u\u017e ud\u011blali? Pros\u00edm, pod\u011blte se s\u00a0n\u00e1mi o sv\u00e1 o\u010dek\u00e1v\u00e1n\u00ed, zku\u0161enosti a n\u00e1zory na tuto formu vzd\u011bl\u00e1v\u00e1n\u00ed. Cht\u011bli bychom V\u00e1s t\u00edmto pozvat do v\u00fdzkumu, kter\u00fd prov\u00e1d\u00edme pod z\u00e1\u0161titou Pedagogick\u00e9 fakulty <a href='https:\/\/pages.pedf.cuni.cz\/uvrv\/pozvani\/' class='excerpt-more'>[&#8230;]<\/a><\/p>\n","protected":false},"author":387,"featured_media":0,"parent":0,"menu_order":0,"comment_status":"closed","ping_status":"closed","template":"no-sidebars.php","meta":{"_monsterinsights_skip_tracking":false,"_monsterinsights_sitenote_active":false,"_monsterinsights_sitenote_note":"","_monsterinsights_sitenote_category":0,"footnotes":""},"class_list":["post-6352","page","type-page","status-publish","hentry","post-seq-1","post-parity-odd","meta-position-corners","fix"],"_links":{"self":[{"href":"https:\/\/pages.pedf.cuni.cz\/uvrv\/wp-json\/wp\/v2\/pages\/6352","targetHints":{"allow":["GET"]}}],"collection":[{"href":"https:\/\/pages.pedf.cuni.cz\/uvrv\/wp-json\/wp\/v2\/pages"}],"about":[{"href":"https:\/\/pages.pedf.cuni.cz\/uvrv\/wp-json\/wp\/v2\/types\/page"}],"author":[{"embeddable":true,"href":"https:\/\/pages.pedf.cuni.cz\/uvrv\/wp-json\/wp\/v2\/users\/387"}],"replies":[{"embeddable":true,"href":"https:\/\/pages.pedf.cuni.cz\/uvrv\/wp-json\/wp\/v2\/comments?post=6352"}],"version-history":[{"count":14,"href":"https:\/\/pages.pedf.cuni.cz\/uvrv\/wp-json\/wp\/v2\/pages\/6352\/revisions"}],"predecessor-version":[{"id":6422,"href":"https:\/\/pages.pedf.cuni.cz\/uvrv\/wp-json\/wp\/v2\/pages\/6352\/revisions\/6422"}],"wp:attachment":[{"href":"https:\/\/pages.pedf.cuni.cz\/uvrv\/wp-json\/wp\/v2\/media?parent=6352"}],"curies":[{"name":"wp","href":"https:\/\/api.w.org\/{rel}","templated":true}]}}